{"id":8809,"date":"2022-06-30T08:33:49","date_gmt":"2022-06-30T08:33:49","guid":{"rendered":"http:\/\/protopro.se\/?page_id=2546"},"modified":"2025-03-13T15:34:28","modified_gmt":"2025-03-13T15:34:28","slug":"var-story","status":"publish","type":"page","link":"https:\/\/proandpro.se\/en\/om-oss\/var-story\/","title":{"rendered":"Our story"},"content":{"rendered":"<p>[et_pb_section fb_built=&#8221;1&#8243; _builder_version=&#8221;4.17.6&#8243; _module_preset=&#8221;default&#8221; background_color=&#8221;rgba(0,0,0,0.55)&#8221; background_image=&#8221;https:\/\/media.proandpro.se\/2022\/06\/DSC_3620EDITED-scaled.jpg&#8221; background_blend=&#8221;overlay&#8221; custom_css_main_element=&#8221;min-height: calc(60vh);||display: flex;||flex-direction: column;||&#8221; locked=&#8221;off&#8221; global_colors_info=&#8221;{}&#8221;][et_pb_row _builder_version=&#8221;4.17.4&#8243; _module_preset=&#8221;default&#8221; background_enable_image=&#8221;off&#8221; width_tablet=&#8221;&#8221; width_phone=&#8221;100%&#8221; width_last_edited=&#8221;on|phone&#8221; custom_margin=&#8221;||0px||false|false&#8221; custom_padding=&#8221;||||false|false&#8221; global_colors_info=&#8221;{}&#8221;][et_pb_column type=&#8221;4_4&#8243; _builder_version=&#8221;4.17.4&#8243; _module_preset=&#8221;default&#8221; global_colors_info=&#8221;{}&#8221;][et_pb_text _builder_version=&#8221;4.17.6&#8243; _module_preset=&#8221;default&#8221; text_font=&#8221;Poppins|600|||||||&#8221; text_text_color=&#8221;#FFFFFF&#8221; text_font_size=&#8221;64px&#8221; text_line_height=&#8221;1em&#8221; text_font_size_tablet=&#8221;64px&#8221; text_font_size_phone=&#8221;52px&#8221; text_font_size_last_edited=&#8221;on|phone&#8221; text_orientation_tablet=&#8221;&#8221; text_orientation_phone=&#8221;center&#8221; text_orientation_last_edited=&#8221;on|phone&#8221; global_colors_info=&#8221;{}&#8221;]<\/p>\n<p>V\u00e5r story<\/p>\n<p>[\/et_pb_text][et_pb_text disabled_on=&#8221;off|off|off&#8221; _builder_version=&#8221;4.17.6&#8243; _module_preset=&#8221;default&#8221; text_font=&#8221;Poppins|300|||||||&#8221; text_text_color=&#8221;#FFFFFF&#8221; text_font_size=&#8221;26px&#8221; text_font_size_tablet=&#8221;23px&#8221; text_font_size_phone=&#8221;20px&#8221; text_font_size_last_edited=&#8221;on|phone&#8221; text_orientation_tablet=&#8221;&#8221; text_orientation_phone=&#8221;center&#8221; text_orientation_last_edited=&#8221;on|phone&#8221; global_colors_info=&#8221;{}&#8221;]<\/p>\n<p><span>En id\u00e9 till ett f\u00f6retag.<\/span><\/p>\n<p>[\/et_pb_text][\/et_pb_column][\/et_pb_row][\/et_pb_section][et_pb_section fb_built=&#8221;1&#8243; module_id=&#8221;sida&#8221; _builder_version=&#8221;4.17.4&#8243; _module_preset=&#8221;default&#8221; custom_padding=&#8221;10px||||false|false&#8221; global_colors_info=&#8221;{}&#8221;][et_pb_row column_structure=&#8221;3_4,1_4&#8243; _builder_version=&#8221;4.17.4&#8243; _module_preset=&#8221;default&#8221; global_colors_info=&#8221;{}&#8221;][et_pb_column type=&#8221;3_4&#8243; _builder_version=&#8221;4.17.4&#8243; _module_preset=&#8221;default&#8221; global_colors_info=&#8221;{}&#8221;][et_pb_text _builder_version=&#8221;4.17.4&#8243; _module_preset=&#8221;default&#8221; text_font=&#8221;Poppins|300|||||||&#8221; text_font_size=&#8221;16px&#8221; header_font=&#8221;Poppins|300|||||||&#8221; header_font_size=&#8221;34px&#8221; header_2_font=&#8221;Poppins|300|||||||&#8221; header_2_font_size=&#8221;34px&#8221; header_3_font=&#8221;Poppins|300|||||||&#8221; header_3_font_size=&#8221;34px&#8221; header_4_font=&#8221;Poppins|300|||||||&#8221; header_4_font_size=&#8221;34px&#8221; header_5_font=&#8221;Poppins|300|||||||&#8221; header_5_font_size=&#8221;34px&#8221; header_6_font=&#8221;Poppins|300|||||||&#8221; header_6_font_size=&#8221;34px&#8221; header_2_font_size_tablet=&#8221;48px&#8221; header_2_font_size_phone=&#8221;32px&#8221; header_2_font_size_last_edited=&#8221;on|phone&#8221; header_3_font_size_tablet=&#8221;48px&#8221; header_3_font_size_phone=&#8221;32px&#8221; header_3_font_size_last_edited=&#8221;on|phone&#8221; header_4_font_size_tablet=&#8221;48px&#8221; header_4_font_size_phone=&#8221;32px&#8221; header_4_font_size_last_edited=&#8221;on|phone&#8221; header_5_font_size_tablet=&#8221;48px&#8221; header_5_font_size_phone=&#8221;32px&#8221; header_5_font_size_last_edited=&#8221;on|phone&#8221; header_6_font_size_tablet=&#8221;48px&#8221; header_6_font_size_phone=&#8221;32px&#8221; header_6_font_size_last_edited=&#8221;on|phone&#8221; locked=&#8221;off&#8221; global_colors_info=&#8221;{}&#8221; text_link_text_color__hover=&#8221;#32c5f4&#8243; text_link_text_color__hover_enabled=&#8221;on|hover&#8221;]<\/p>\n<h1>En id\u00e9<\/h1>\n<p><span>2007 l\u00e4ggs grunderna f\u00f6r Pro&amp;Pro genom att Tommy Ytterstr\u00f6m och Markus Marklund b\u00f6rjar fundera och skissa p\u00e5 vision, aff\u00e4rsid\u00e9 och erbjudanden f\u00f6r ett f\u00f6retag med inriktning mot de\u00a0omr\u00e5den som vi brinner f\u00f6r. Redan fr\u00e5n b\u00f6rjan hade vi klart f\u00f6r oss att vi skulle kombinera aff\u00e4rs-, organisations- och individperspektiven. Ibland uttrycker man det ocks\u00e5 som \u201ddet h\u00e5rda\u201d och \u201ddet mjuka\u201d.\u00a0Under de f\u00f6ljande \u00e5ren\u00a0funderar och diskuterar vi med goda v\u00e4nner och r\u00e5dgivare samt tr\u00e4ffar potentiella kunder och partners.<\/span><\/p>\n<p>[\/et_pb_text][et_pb_text _builder_version=&#8221;4.17.4&#8243; _module_preset=&#8221;default&#8221; text_font=&#8221;Poppins|300|||||||&#8221; text_font_size=&#8221;16px&#8221; header_font=&#8221;Poppins|300|||||||&#8221; header_font_size=&#8221;34px&#8221; header_2_font=&#8221;Poppins|300|||||||&#8221; header_2_font_size=&#8221;34px&#8221; header_3_font=&#8221;Poppins|300|||||||&#8221; header_3_font_size=&#8221;34px&#8221; header_4_font=&#8221;Poppins|300|||||||&#8221; header_4_font_size=&#8221;34px&#8221; header_5_font=&#8221;Poppins|300|||||||&#8221; header_5_font_size=&#8221;34px&#8221; header_6_font=&#8221;Poppins|300|||||||&#8221; header_6_font_size=&#8221;34px&#8221; header_2_font_size_tablet=&#8221;48px&#8221; header_2_font_size_phone=&#8221;32px&#8221; header_2_font_size_last_edited=&#8221;on|phone&#8221; header_3_font_size_tablet=&#8221;48px&#8221; header_3_font_size_phone=&#8221;32px&#8221; header_3_font_size_last_edited=&#8221;on|phone&#8221; header_4_font_size_tablet=&#8221;48px&#8221; header_4_font_size_phone=&#8221;32px&#8221; header_4_font_size_last_edited=&#8221;on|phone&#8221; header_5_font_size_tablet=&#8221;48px&#8221; header_5_font_size_phone=&#8221;32px&#8221; header_5_font_size_last_edited=&#8221;on|phone&#8221; header_6_font_size_tablet=&#8221;48px&#8221; header_6_font_size_phone=&#8221;32px&#8221; header_6_font_size_last_edited=&#8221;on|phone&#8221; locked=&#8221;off&#8221; global_colors_info=&#8221;{}&#8221; text_link_text_color__hover=&#8221;#32c5f4&#8243; text_link_text_color__hover_enabled=&#8221;on|hover&#8221;]<\/p>\n<h1>Ett f\u00f6retag<\/h1>\n<p><span>2012 beslutar vi oss f\u00f6r att satsa fullt ut och\u00a0vi\u00a0startar f\u00f6retaget\u00a0Pro&amp;Pro AB. Ambitionen \u00e4r att skapa ett utmanaralternativ till \u201dde stora\u201d konsultf\u00f6retagen fr\u00e5n storst\u00e4derna\u00a0men ocks\u00e5 ett intressant managementkonsultf\u00f6retag f\u00f6r m\u00e4nniskor med stor potential och ambition. Detta i kombination med v\u00e4rderingar som st\u00f6djer en bra balans mellan arbete, fritid och familj.<\/span><\/p>\n<p>[\/et_pb_text][et_pb_text _builder_version=&#8221;4.17.4&#8243; _module_preset=&#8221;default&#8221; text_font=&#8221;Poppins|300|||||||&#8221; text_font_size=&#8221;16px&#8221; header_font=&#8221;Poppins|300|||||||&#8221; header_font_size=&#8221;34px&#8221; header_2_font=&#8221;Poppins|300|||||||&#8221; header_2_font_size=&#8221;34px&#8221; header_3_font=&#8221;Poppins|300|||||||&#8221; header_3_font_size=&#8221;34px&#8221; header_4_font=&#8221;Poppins|300|||||||&#8221; header_4_font_size=&#8221;34px&#8221; header_5_font=&#8221;Poppins|300|||||||&#8221; header_5_font_size=&#8221;34px&#8221; header_6_font=&#8221;Poppins|300|||||||&#8221; header_6_font_size=&#8221;34px&#8221; header_2_font_size_tablet=&#8221;48px&#8221; header_2_font_size_phone=&#8221;32px&#8221; header_2_font_size_last_edited=&#8221;on|phone&#8221; header_3_font_size_tablet=&#8221;48px&#8221; header_3_font_size_phone=&#8221;32px&#8221; header_3_font_size_last_edited=&#8221;on|phone&#8221; header_4_font_size_tablet=&#8221;48px&#8221; header_4_font_size_phone=&#8221;32px&#8221; header_4_font_size_last_edited=&#8221;on|phone&#8221; header_5_font_size_tablet=&#8221;48px&#8221; header_5_font_size_phone=&#8221;32px&#8221; header_5_font_size_last_edited=&#8221;on|phone&#8221; header_6_font_size_tablet=&#8221;48px&#8221; header_6_font_size_phone=&#8221;32px&#8221; header_6_font_size_last_edited=&#8221;on|phone&#8221; locked=&#8221;off&#8221; global_colors_info=&#8221;{}&#8221; text_link_text_color__hover=&#8221;#32c5f4&#8243; text_link_text_color__hover_enabled=&#8221;on|hover&#8221;]<\/p>\n<h1>En vision &amp; aff\u00e4rsid\u00e9<\/h1>\n<p>Det h\u00e4r vill vi\u00a0uppn\u00e5 genom plattformen vision\u00e4rt ledarskap f\u00f6r framtida framg\u00e5ng d\u00e4r strategi-, aff\u00e4rs-, verksamhets-, ledarskaps- och individutveckling samverkar.<\/p>\n<p>Det \u00e4r mycket viktigt att v\u00e5ra kunder\u00a0inte bara har tillg\u00e5ng till de konsulter som genomf\u00f6r uppdraget utan att hela den samlade\u00a0kompetensen inom f\u00f6retaget st\u00e5r till f\u00f6rfogande, f\u00f6r att leverera\u00a0ett utm\u00e4rkt resultat i det aktuella uppdraget.<\/p>\n<p>Ut\u00f6ver en solid teoretisk grund, kan Pro&amp;Pro ocks\u00e5 referera till egna upplevelser och erfarenheter i arbetslivet. Erfarenheter fr\u00e5n ledande befattningar, eget chefskap, organisationsutvecklingar, f\u00f6r\u00e4ndringsledning i kombination med att vi k\u00e4nner oss sj\u00e4lva \u201dutan och innan\u201d, ger f\u00f6ruts\u00e4ttningar f\u00f6r att leverera utifr\u00e5n era behov och \u00f6nskem\u00e5l.<\/p>\n<p>[\/et_pb_text][et_pb_text _builder_version=&#8221;4.17.4&#8243; _module_preset=&#8221;default&#8221; text_font=&#8221;Poppins|300|||||||&#8221; text_font_size=&#8221;16px&#8221; header_font=&#8221;Poppins|300|||||||&#8221; header_font_size=&#8221;34px&#8221; header_2_font=&#8221;Poppins|300|||||||&#8221; header_2_font_size=&#8221;34px&#8221; header_3_font=&#8221;Poppins|300|||||||&#8221; header_3_font_size=&#8221;34px&#8221; header_4_font=&#8221;Poppins|300|||||||&#8221; header_4_font_size=&#8221;34px&#8221; header_5_font=&#8221;Poppins|300|||||||&#8221; header_5_font_size=&#8221;34px&#8221; header_6_font=&#8221;Poppins|300|||||||&#8221; header_6_font_size=&#8221;34px&#8221; header_2_font_size_tablet=&#8221;48px&#8221; header_2_font_size_phone=&#8221;32px&#8221; header_2_font_size_last_edited=&#8221;on|phone&#8221; header_3_font_size_tablet=&#8221;48px&#8221; header_3_font_size_phone=&#8221;32px&#8221; header_3_font_size_last_edited=&#8221;on|phone&#8221; header_4_font_size_tablet=&#8221;48px&#8221; header_4_font_size_phone=&#8221;32px&#8221; header_4_font_size_last_edited=&#8221;on|phone&#8221; header_5_font_size_tablet=&#8221;48px&#8221; header_5_font_size_phone=&#8221;32px&#8221; header_5_font_size_last_edited=&#8221;on|phone&#8221; header_6_font_size_tablet=&#8221;48px&#8221; header_6_font_size_phone=&#8221;32px&#8221; header_6_font_size_last_edited=&#8221;on|phone&#8221; locked=&#8221;off&#8221; global_colors_info=&#8221;{}&#8221; text_link_text_color__hover=&#8221;#32c5f4&#8243; text_link_text_color__hover_enabled=&#8221;on|hover&#8221;]<\/p>\n<h1>Idag och framtiden<\/h1>\n<p><span>Pro&amp;Pro satsar nu vidare,\u00a0bland annat genom ett n\u00e4tverk av kvalificerade f\u00f6retag inom olika fokusomr\u00e5den. Resan har precis b\u00f6rjat och framtiden kommer visa var den slutar<\/span><\/p>\n<p>[\/et_pb_text][\/et_pb_column][et_pb_column type=&#8221;1_4&#8243; _builder_version=&#8221;4.17.4&#8243; _module_preset=&#8221;default&#8221; global_colors_info=&#8221;{}&#8221;][et_pb_blurb title=&#8221;En id\u00e9&#8221; use_icon=&#8221;on&#8221; font_icon=&#8221;&#xf0eb;||fa||900&#8243; icon_color=&#8221;#ffd166&#8243; _builder_version=&#8221;4.17.4&#8243; _module_preset=&#8221;default&#8221; header_font=&#8221;Poppins||||||||&#8221; header_text_align=&#8221;center&#8221; header_font_size=&#8221;20px&#8221; custom_margin=&#8221;||||false|false&#8221; global_colors_info=&#8221;{}&#8221;][\/et_pb_blurb][et_pb_icon font_icon=&#8221;&#x22;||divi||400&#8243; icon_color=&#8221;#000000&#8243; _builder_version=&#8221;4.17.4&#8243; _module_preset=&#8221;default&#8221; custom_margin=&#8221;||||false|false&#8221; custom_padding=&#8221;||||false|false&#8221; global_colors_info=&#8221;{}&#8221;][\/et_pb_icon][et_pb_blurb title=&#8221;En vision &#038; aff\u00e4rsid\u00e9&#8221; use_icon=&#8221;on&#8221; font_icon=&#8221;&#xf004;||fa||900&#8243; icon_color=&#8221;#ef476f&#8221; _builder_version=&#8221;4.17.4&#8243; _module_preset=&#8221;default&#8221; header_font=&#8221;Poppins||||||||&#8221; header_text_align=&#8221;center&#8221; header_font_size=&#8221;20px&#8221; global_colors_info=&#8221;{}&#8221;][\/et_pb_blurb][et_pb_icon font_icon=&#8221;&#x22;||divi||400&#8243; icon_color=&#8221;#000000&#8243; _builder_version=&#8221;4.17.4&#8243; _module_preset=&#8221;default&#8221; global_colors_info=&#8221;{}&#8221;][\/et_pb_icon][et_pb_blurb image=&#8221;http:\/\/media.protopro.se\/2015\/08\/Loggo-orginal_300_business-2-e1438411658372.jpg&#8221; _builder_version=&#8221;4.17.4&#8243; _module_preset=&#8221;default&#8221; header_font=&#8221;Poppins||||||||&#8221; header_text_align=&#8221;center&#8221; header_font_size=&#8221;20px&#8221; global_colors_info=&#8221;{}&#8221;][\/et_pb_blurb][\/et_pb_column][\/et_pb_row][\/et_pb_section][et_pb_section fb_built=&#8221;1&#8243; _builder_version=&#8221;4.17.4&#8243; _module_preset=&#8221;default&#8221; background_color=&#8221;rgba(50,197,244,0.15)&#8221; custom_margin=&#8221;-50px||||false|false&#8221; custom_padding=&#8221;0px||||false|false&#8221; locked=&#8221;off&#8221; global_colors_info=&#8221;{}&#8221;][et_pb_row column_structure=&#8221;2_5,3_5&#8243; _builder_version=&#8221;4.17.4&#8243; _module_preset=&#8221;default&#8221; custom_padding=&#8221;0px||||false|false&#8221; global_colors_info=&#8221;{}&#8221;][et_pb_column type=&#8221;2_5&#8243; _builder_version=&#8221;4.17.4&#8243; _module_preset=&#8221;default&#8221; custom_padding=&#8221;50px||||false|false&#8221; global_colors_info=&#8221;{}&#8221;][et_pb_blurb title=&#8221;Nya utmaningar&#8221; use_icon=&#8221;on&#8221; font_icon=&#8221;&#xf06a;||fa||900&#8243; icon_color=&#8221;#32c5f4&#8243; icon_placement=&#8221;left&#8221; _builder_version=&#8221;4.17.4&#8243; _module_preset=&#8221;default&#8221; header_level=&#8221;h3&#8243; header_font=&#8221;Poppins|300|||||||&#8221; header_font_size=&#8221;34px&#8221; animation=&#8221;off&#8221; hover_enabled=&#8221;0&#8243; locked=&#8221;off&#8221; global_colors_info=&#8221;{}&#8221; sticky_enabled=&#8221;0&#8243;][\/et_pb_blurb][et_pb_blurb _builder_version=&#8221;4.24.3&#8243; _module_preset=&#8221;default&#8221; body_font=&#8221;Poppins|300|||||||&#8221; body_font_size=&#8221;16px&#8221; body_link_font=&#8221;Poppins||||on|||#000000|&#8221; body_link_text_color=&#8221;#000000&#8243; custom_margin=&#8221;-4%||||false|false&#8221; custom_padding=&#8221;||0px|||&#8221; hover_enabled=&#8221;0&#8243; locked=&#8221;off&#8221; global_colors_info=&#8221;{}&#8221; body_link_text_color__hover_enabled=&#8221;on|hover&#8221; body_link_text_color__hover=&#8221;#32c5f4&#8243; sticky_enabled=&#8221;0&#8243;]<\/p>\n<p><span>Om du delar v\u00e5r ambition och v\u00e5ra v\u00e4rderingar\u00a0 och \u00e4r intresserad av att ta dig an nya utmaningar s\u00e5 kontakta oss g\u00e4rna f\u00f6r att f\u00f6ruts\u00e4ttningsl\u00f6st samtal.<\/span><\/p>\n<p><a href=\"https:\/\/proandpro.se\/karriar\/\">L\u00e4s mer om aktuella tj\u00e4nster och karri\u00e4rserbjudanden<\/a><\/p>\n<p><span><a href=\"https:\/\/proandpro.se\/karriar\/vem-vi-soker\/\">L\u00e4s mer om vem vi s\u00f6ker<\/a><\/span><\/p>\n<p>[\/et_pb_blurb][\/et_pb_column][et_pb_column type=&#8221;3_5&#8243; _builder_version=&#8221;4.17.4&#8243; _module_preset=&#8221;default&#8221; global_colors_info=&#8221;{}&#8221;][et_pb_contact_form captcha=&#8221;off&#8221; email=&#8221;Tommy.Ytterstrom@proandpro.se, Markus.Marklund@proandpro.se&#8221; title=&#8221;Kontakta oss&#8221; custom_message=&#8221;Meddelande via om oss-sidan (nya utmaningar) p\u00e5 hemsidan:||et_pb_line_break_holder||||et_pb_line_break_holder||Namn: %%Namn%%||et_pb_line_break_holder||E-post: %%E-post%%||et_pb_line_break_holder||Meddelande: %%Meddelande%%&#8221; success_message=&#8221;Tack f\u00f6r ditt meddelande. Vi f\u00f6rs\u00f6ker \u00e5terkomma s\u00e5 snabbt som m\u00f6jligt.&#8221; submit_button_text=&#8221;Skicka&#8221; _builder_version=&#8221;4.17.1&#8243; _module_preset=&#8221;default&#8221; _unique_id=&#8221;2eaac099-1661-43c1-88bd-56479cb8f583&#8243; form_field_background_color=&#8221;#FFFFFF&#8221; form_field_custom_margin=&#8221;-2.6%||||false|false&#8221; form_field_custom_padding=&#8221;||||false|false&#8221; title_level=&#8221;h3&#8243; title_font=&#8221;Poppins||||||||&#8221; title_text_color=&#8221;#545454&#8243; title_font_size=&#8221;20px&#8221; captcha_font=&#8221;Poppins|300|||||||&#8221; captcha_text_color=&#8221;#FFFFFF&#8221; captcha_font_size=&#8221;18px&#8221; form_field_font=&#8221;Poppins||||||||&#8221; form_field_font_size=&#8221;18px&#8221; background_color=&#8221;RGBA(255,255,255,0)&#8221; custom_button=&#8221;on&#8221; button_text_size=&#8221;20px&#8221; button_text_color=&#8221;#636363&#8243; button_bg_color=&#8221;#FFFFFF&#8221; button_border_width=&#8221;0px&#8221; button_font=&#8221;Poppins|300|||||||&#8221; button_use_icon=&#8221;off&#8221; button_custom_margin=&#8221;5%||||false|false&#8221; button_custom_padding=&#8221;||||false|false&#8221; custom_margin=&#8221;0px||0px||true|false&#8221; custom_padding=&#8221;7.5%|5%|7.5%|5%|false|false&#8221; custom_css_contact_button=&#8221;text-align: center;&#8221; border_width_bottom=&#8221;1px&#8221; border_color_bottom=&#8221;rgba(12,113,195,0.4)&#8221; locked=&#8221;off&#8221; global_colors_info=&#8221;{}&#8221;][et_pb_contact_field field_id=&#8221;Namn&#8221; field_title=&#8221;Namn&#8221; fullwidth_field=&#8221;on&#8221; _builder_version=&#8221;4.17.1&#8243; _module_preset=&#8221;default&#8221; global_colors_info=&#8221;{}&#8221;][\/et_pb_contact_field][et_pb_contact_field field_id=&#8221;E-post&#8221; field_title=&#8221;E-post&#8221; field_type=&#8221;email&#8221; fullwidth_field=&#8221;on&#8221; _builder_version=&#8221;4.17.1&#8243; _module_preset=&#8221;default&#8221; global_colors_info=&#8221;{}&#8221;][\/et_pb_contact_field][et_pb_contact_field field_id=&#8221;Meddelande&#8221; field_title=&#8221;Meddelande&#8221; field_type=&#8221;text&#8221; fullwidth_field=&#8221;on&#8221; _builder_version=&#8221;4.17.4&#8243; _module_preset=&#8221;default&#8221; global_colors_info=&#8221;{}&#8221;][\/et_pb_contact_field][\/et_pb_contact_form][\/et_pb_column][\/et_pb_row][\/et_pb_section]<\/p>\n","protected":false},"excerpt":{"rendered":"<p>V\u00e5r storyEn id\u00e9 till ett f\u00f6retag.En id\u00e9 2007 l\u00e4ggs grunderna f\u00f6r Pro&amp;Pro genom att Tommy Ytterstr\u00f6m och Markus Marklund b\u00f6rjar fundera och skissa p\u00e5 vision, aff\u00e4rsid\u00e9 och erbjudanden f\u00f6r ett f\u00f6retag med inriktning mot de\u00a0omr\u00e5den som vi brinner f\u00f6r. Redan fr\u00e5n b\u00f6rjan hade vi klart f\u00f6r oss att vi skulle kombinera aff\u00e4rs-, organisations- och individperspektiven. [&hellip;]<\/p>\n","protected":false},"author":13,"featured_media":0,"parent":8807,"menu_order":0,"comment_status":"closed","ping_status":"closed","template":"","meta":{"_et_pb_use_builder":"on","_et_pb_old_content":"","_et_gb_content_width":"","footnotes":""},"folder":[81],"class_list":["post-8809","page","type-page","status-publish","hentry"],"_links":{"self":[{"href":"https:\/\/proandpro.se\/en\/wp-json\/wp\/v2\/pages\/8809","targetHints":{"allow":["GET"]}}],"collection":[{"href":"https:\/\/proandpro.se\/en\/wp-json\/wp\/v2\/pages"}],"about":[{"href":"https:\/\/proandpro.se\/en\/wp-json\/wp\/v2\/types\/page"}],"author":[{"embeddable":true,"href":"https:\/\/proandpro.se\/en\/wp-json\/wp\/v2\/users\/13"}],"replies":[{"embeddable":true,"href":"https:\/\/proandpro.se\/en\/wp-json\/wp\/v2\/comments?post=8809"}],"version-history":[{"count":5,"href":"https:\/\/proandpro.se\/en\/wp-json\/wp\/v2\/pages\/8809\/revisions"}],"predecessor-version":[{"id":13574,"href":"https:\/\/proandpro.se\/en\/wp-json\/wp\/v2\/pages\/8809\/revisions\/13574"}],"up":[{"embeddable":true,"href":"https:\/\/proandpro.se\/en\/wp-json\/wp\/v2\/pages\/8807"}],"wp:attachment":[{"href":"https:\/\/proandpro.se\/en\/wp-json\/wp\/v2\/media?parent=8809"}],"wp:term":[{"taxonomy":"folder","embeddable":true,"href":"https:\/\/proandpro.se\/en\/wp-json\/wp\/v2\/folder?post=8809"}],"curies":[{"name":"wp","href":"https:\/\/api.w.org\/{rel}","templated":true}]}}