{"id":8241,"date":"2022-03-07T23:05:10","date_gmt":"2022-03-07T23:05:10","guid":{"rendered":"http:\/\/proandpro.se\/?page_id=8241"},"modified":"2022-05-18T13:04:12","modified_gmt":"2022-05-18T13:04:12","slug":"insight-supply-chain","status":"publish","type":"page","link":"https:\/\/proandpro.se\/en\/insight-supply-chain\/","title":{"rendered":"Insight &#8211; Supply chain"},"content":{"rendered":"<p>[et_pb_section fb_built=&#8221;1&#8243; _builder_version=&#8221;4.16&#8243; max_width=&#8221;99%&#8221; module_alignment=&#8221;center&#8221; custom_padding=&#8221;18px|0px|54px|0px|false|false&#8221; global_colors_info=&#8221;{}&#8221;][et_pb_row disabled_on=&#8221;off|off|off&#8221; _builder_version=&#8221;4.16&#8243; background_size=&#8221;initial&#8221; background_position=&#8221;top_left&#8221; background_repeat=&#8221;repeat&#8221; custom_padding=&#8221;0|0px|27px|0px|false|false&#8221; global_colors_info=&#8221;{}&#8221;][et_pb_column type=&#8221;4_4&#8243; _builder_version=&#8221;4.16&#8243; custom_padding=&#8221;|||&#8221; global_colors_info=&#8221;{}&#8221; custom_padding__hover=&#8221;|||&#8221;][et_pb_image src=&#8221;https:\/\/media.proandpro.se\/2022\/03\/Supply_chain_webb.jpg&#8221; title_text=&#8221;Supply chain&#8221; align_tablet=&#8221;center&#8221; align_phone=&#8221;&#8221; align_last_edited=&#8221;on|tablet&#8221; disabled_on=&#8221;on|on|&#8221; _builder_version=&#8221;4.16&#8243; global_colors_info=&#8221;{}&#8221;][\/et_pb_image][et_pb_image src=&#8221;https:\/\/media.proandpro.se\/2022\/03\/Supply_chain_mobil.jpg&#8221; title_text=&#8221;Happiness of engineering groups and workers. Teamwork and determ&#8221; align_tablet=&#8221;center&#8221; align_phone=&#8221;&#8221; align_last_edited=&#8221;on|desktop&#8221; disabled_on=&#8221;||on&#8221; _builder_version=&#8221;4.16&#8243; global_colors_info=&#8221;{}&#8221;][\/et_pb_image][et_pb_text _builder_version=&#8221;4.16&#8243; global_colors_info=&#8221;{}&#8221;]<\/p>\n<h3>\u200b<strong>V\u00e4lkommen till onlineseminariet Pro&amp;Pro Insight<\/strong><\/h3>\n<p>[\/et_pb_text][\/et_pb_column][\/et_pb_row][et_pb_row column_structure=&#8221;2_3,1_3&#8243; _builder_version=&#8221;4.16&#8243; background_size=&#8221;initial&#8221; background_position=&#8221;top_left&#8221; background_repeat=&#8221;repeat&#8221; custom_padding=&#8221;0|0px|27px|0px|false|false&#8221; global_colors_info=&#8221;{}&#8221;][et_pb_column type=&#8221;2_3&#8243; _builder_version=&#8221;4.16&#8243; custom_padding=&#8221;|||&#8221; global_colors_info=&#8221;{}&#8221; custom_padding__hover=&#8221;|||&#8221;][et_pb_text _builder_version=&#8221;4.16&#8243; header_font=&#8221;||||||||&#8221; header_3_font=&#8221;||||||||&#8221; header_3_font_size=&#8221;20px&#8221; header_3_line_height=&#8221;1.3em&#8221; header_4_font=&#8221;||||||||&#8221; header_4_font_size=&#8221;16px&#8221; header_4_line_height=&#8221;1.2em&#8221; max_width=&#8221;99%&#8221; module_alignment=&#8221;center&#8221; custom_margin_tablet=&#8221;&#8221; custom_margin_phone=&#8221;&#8221; custom_margin_last_edited=&#8221;on|&#8221; header_4_line_height_last_edited=&#8221;off|desktop&#8221; global_colors_info=&#8221;{}&#8221;]<\/p>\n<h3>Tema: Tre s\u00e4tt att st\u00e4rka din supply chain<\/h3>\n<p>Pro&amp;Pro Insight \u00e4r en seminarieserie som ger dig inspiration och insikt i utmaningar och framtidsscenarion inom omr\u00e5den i f\u00f6r\u00e4ndring. H\u00e4r presenterar Pro&amp;Pro sina analyser, insikter och framtidsanalyser med fokus p\u00e5 trender och scenarion.<\/p>\n<p>Vi h\u00e4lsar dig varmt v\u00e4lkommen till detta Pro&amp;Pro Insight som \u00e4gnas \u00e5t hur du kan st\u00e4rka din supply chain f\u00f6r att minska s\u00e5rbarheten och \u00f6ka l\u00f6nsamheten.<\/p>\n<p>Syftet med seminariet \u00e4r att ge dig kunskap, inspiration och reflektioner f\u00f6r hur systematiskt och strategiskt arbete med din supply chain kan s\u00e4kerst\u00e4lla att du \u00e4r redo inf\u00f6r de utmaningar som vi nu st\u00e5r inf\u00f6r med de anstr\u00e4ngda globala leveranskedjorna.<\/p>\n<p>Under de senaste \u00e5ren har vi f\u00e5tt erfara hur s\u00e5rbara vi \u00e4r i en globaliserad supply chain, f\u00f6rst med COVID-19 och nu Rysslands invasion av Ukraina som ger effekter \u00f6ver hela v\u00e4rlden. F\u00f6retag med en global supply chain har drabbats av konsekvenser av pandemin och nu finns nya fr\u00e5getecken med det os\u00e4krare geopolitiska l\u00e4get. S\u00e5rbarheten hos f\u00f6retag exponeras med anledning av den stress som ans\u00e4tter bland annat logistik och produktion.\u00a0<\/p>\n<p>P\u00e5 seminariet kommer vi att belysa hur ett f\u00f6retag som \u00e4r en del av en global supply chain kan minska sin s\u00e5rbarhet genom att fokusera p\u00e5 tre omr\u00e5den:<\/p>\n<ul>\n<li>Riskhantering<\/li>\n<li>Digitalisering<\/li>\n<li>Transparens och samarbete<\/li>\n<\/ul>\n<p>F\u00f6rel\u00e4ser g\u00f6r Adam Klingspor managementkonsult Pro&amp;Pro med fokus p\u00e5 supply chain management och Markus Marklund managementkonsult inom strategi och digitalisering.<\/p>\n<p>Bjud g\u00e4rna in n\u00e5gra kollegor!<br \/>Varmt v\u00e4lkomna \u00f6nskar Pro&amp;Pro<\/p>\n<p>Om du har fr\u00e5gor kontakta<\/p>\n<p>Tommy Ytterstr\u00f6m, VD Pro&amp;Pro<br \/>070 \u2013 67 37 200<br \/>tommy.ytterstrom@proandpro.se<\/p>\n<p>[\/et_pb_text][\/et_pb_column][et_pb_column type=&#8221;1_3&#8243; _builder_version=&#8221;4.16&#8243; custom_padding=&#8221;|||&#8221; global_colors_info=&#8221;{}&#8221; custom_padding__hover=&#8221;|||&#8221;][et_pb_text _builder_version=&#8221;4.16&#8243; global_colors_info=&#8221;{}&#8221;]<\/p>\n<h2>Program<\/h2>\n<p>08.00 Introduktion<br \/>08.10 F\u00f6rel\u00e4sning<br \/>08.45 Diskussion<br \/>08.55 Avslutning<\/p>\n<p>[\/et_pb_text][et_pb_text _builder_version=&#8221;4.16&#8243; global_colors_info=&#8221;{}&#8221;]<\/p>\n<h3>Tid och plats<\/h3>\n<p>Fredag 3:e juni<br \/>08.00 &#8211; 09.00<br \/>Digitalt &#8211; Microsoft Teams<br \/>Anm\u00e4lan senast 1:a juni<\/p>\n<p>[\/et_pb_text][et_pb_contact_form use_spam_service=&#8221;on&#8221; recaptcha_list=&#8221;Google reCAPTCHA|Google reCAPTCHA-0&#8243; email=&#8221;markus.marklund@proandpro.se, tommy.ytterstrom@proandpro.se, adam.klingspor@proandpro.se&#8221; title=&#8221;Anm\u00e4lan &#8221; custom_message=&#8221;Anm\u00e4lan||et_pb_line_break_holder||ProAndPro Insight &#8211; Supply chain||et_pb_line_break_holder||Namn: %%Name%%||et_pb_line_break_holder||E-post: %%Email%%||et_pb_line_break_holder||Telefon: %%Telefon%%||et_pb_line_break_holder||Personuppgifter: %%GDPR%%||et_pb_line_break_holder||Meddelande: %%Message%%&#8221; success_message=&#8221;Tack f\u00f6r din anm\u00e4lan till Pro&#038;Pro Insight. Du kommer att f\u00e5 en personlig bekr\u00e4ftelse via e-post. &#8221; disabled_on=&#8221;off|off|off&#8221; module_id=&#8221;et_pb_contact_form_0&#8243; _builder_version=&#8221;4.17.1&#8243; _unique_id=&#8221;042363fd-8cdd-4452-bc5f-0b737f7ad659&#8243; global_colors_info=&#8221;{}&#8221;][et_pb_contact_field field_id=&#8221;Name&#8221; field_title=&#8221;Namn&#8221; fullwidth_field=&#8221;on&#8221; _builder_version=&#8221;4.16&#8243; global_colors_info=&#8221;{}&#8221; button_text_size__hover_enabled=&#8221;off&#8221; button_one_text_size__hover_enabled=&#8221;off&#8221; button_two_text_size__hover_enabled=&#8221;off&#8221; button_text_color__hover_enabled=&#8221;off&#8221; button_one_text_color__hover_enabled=&#8221;off&#8221; button_two_text_color__hover_enabled=&#8221;off&#8221; button_border_width__hover_enabled=&#8221;off&#8221; button_one_border_width__hover_enabled=&#8221;off&#8221; button_two_border_width__hover_enabled=&#8221;off&#8221; button_border_color__hover_enabled=&#8221;off&#8221; button_one_border_color__hover_enabled=&#8221;off&#8221; button_two_border_color__hover_enabled=&#8221;off&#8221; button_border_radius__hover_enabled=&#8221;off&#8221; button_one_border_radius__hover_enabled=&#8221;off&#8221; button_two_border_radius__hover_enabled=&#8221;off&#8221; button_letter_spacing__hover_enabled=&#8221;off&#8221; button_one_letter_spacing__hover_enabled=&#8221;off&#8221; button_two_letter_spacing__hover_enabled=&#8221;off&#8221; button_bg_color__hover_enabled=&#8221;off&#8221; button_one_bg_color__hover_enabled=&#8221;off&#8221; button_two_bg_color__hover_enabled=&#8221;off&#8221;][\/et_pb_contact_field][et_pb_contact_field field_id=&#8221;Email&#8221; field_title=&#8221;E-postadress&#8221; field_type=&#8221;email&#8221; fullwidth_field=&#8221;on&#8221; _builder_version=&#8221;4.16&#8243; global_colors_info=&#8221;{}&#8221; button_text_size__hover_enabled=&#8221;off&#8221; button_one_text_size__hover_enabled=&#8221;off&#8221; button_two_text_size__hover_enabled=&#8221;off&#8221; button_text_color__hover_enabled=&#8221;off&#8221; button_one_text_color__hover_enabled=&#8221;off&#8221; button_two_text_color__hover_enabled=&#8221;off&#8221; button_border_width__hover_enabled=&#8221;off&#8221; button_one_border_width__hover_enabled=&#8221;off&#8221; button_two_border_width__hover_enabled=&#8221;off&#8221; button_border_color__hover_enabled=&#8221;off&#8221; button_one_border_color__hover_enabled=&#8221;off&#8221; button_two_border_color__hover_enabled=&#8221;off&#8221; button_border_radius__hover_enabled=&#8221;off&#8221; button_one_border_radius__hover_enabled=&#8221;off&#8221; button_two_border_radius__hover_enabled=&#8221;off&#8221; button_letter_spacing__hover_enabled=&#8221;off&#8221; button_one_letter_spacing__hover_enabled=&#8221;off&#8221; button_two_letter_spacing__hover_enabled=&#8221;off&#8221; button_bg_color__hover_enabled=&#8221;off&#8221; button_one_bg_color__hover_enabled=&#8221;off&#8221; button_two_bg_color__hover_enabled=&#8221;off&#8221;][\/et_pb_contact_field][et_pb_contact_field field_id=&#8221;Telefon&#8221; field_title=&#8221;Mobilnummer&#8221; fullwidth_field=&#8221;on&#8221; _builder_version=&#8221;4.16&#8243; global_colors_info=&#8221;{}&#8221; button_text_size__hover_enabled=&#8221;off&#8221; button_one_text_size__hover_enabled=&#8221;off&#8221; button_two_text_size__hover_enabled=&#8221;off&#8221; button_text_color__hover_enabled=&#8221;off&#8221; button_one_text_color__hover_enabled=&#8221;off&#8221; button_two_text_color__hover_enabled=&#8221;off&#8221; button_border_width__hover_enabled=&#8221;off&#8221; button_one_border_width__hover_enabled=&#8221;off&#8221; button_two_border_width__hover_enabled=&#8221;off&#8221; button_border_color__hover_enabled=&#8221;off&#8221; button_one_border_color__hover_enabled=&#8221;off&#8221; button_two_border_color__hover_enabled=&#8221;off&#8221; button_border_radius__hover_enabled=&#8221;off&#8221; button_one_border_radius__hover_enabled=&#8221;off&#8221; button_two_border_radius__hover_enabled=&#8221;off&#8221; button_letter_spacing__hover_enabled=&#8221;off&#8221; button_one_letter_spacing__hover_enabled=&#8221;off&#8221; button_two_letter_spacing__hover_enabled=&#8221;off&#8221; button_bg_color__hover_enabled=&#8221;off&#8221; button_one_bg_color__hover_enabled=&#8221;off&#8221; button_two_bg_color__hover_enabled=&#8221;off&#8221;][\/et_pb_contact_field][et_pb_contact_field field_id=&#8221;Message&#8221; field_title=&#8221;Meddelande&#8221; field_type=&#8221;text&#8221; required_mark=&#8221;off&#8221; fullwidth_field=&#8221;on&#8221; _builder_version=&#8221;4.16&#8243; global_colors_info=&#8221;{}&#8221; button_text_size__hover_enabled=&#8221;off&#8221; button_one_text_size__hover_enabled=&#8221;off&#8221; button_two_text_size__hover_enabled=&#8221;off&#8221; button_text_color__hover_enabled=&#8221;off&#8221; button_one_text_color__hover_enabled=&#8221;off&#8221; button_two_text_color__hover_enabled=&#8221;off&#8221; button_border_width__hover_enabled=&#8221;off&#8221; button_one_border_width__hover_enabled=&#8221;off&#8221; button_two_border_width__hover_enabled=&#8221;off&#8221; button_border_color__hover_enabled=&#8221;off&#8221; button_one_border_color__hover_enabled=&#8221;off&#8221; button_two_border_color__hover_enabled=&#8221;off&#8221; button_border_radius__hover_enabled=&#8221;off&#8221; button_one_border_radius__hover_enabled=&#8221;off&#8221; button_two_border_radius__hover_enabled=&#8221;off&#8221; button_letter_spacing__hover_enabled=&#8221;off&#8221; button_one_letter_spacing__hover_enabled=&#8221;off&#8221; button_two_letter_spacing__hover_enabled=&#8221;off&#8221; button_bg_color__hover_enabled=&#8221;off&#8221; button_one_bg_color__hover_enabled=&#8221;off&#8221; button_two_bg_color__hover_enabled=&#8221;off&#8221;][\/et_pb_contact_field][et_pb_contact_field field_id=&#8221;GDPR&#8221; field_title=&#8221;Personuppgifter&#8221; field_type=&#8221;checkbox&#8221; checkbox_options=&#8221;%91{%22value%22:%22Jag samtycker till behandling av mina personuppgifter%22,%22checked%22:0}%93&#8243; fullwidth_field=&#8221;on&#8221; _builder_version=&#8221;4.16&#8243; global_colors_info=&#8221;{}&#8221; button_text_size__hover_enabled=&#8221;off&#8221; button_one_text_size__hover_enabled=&#8221;off&#8221; button_two_text_size__hover_enabled=&#8221;off&#8221; button_text_color__hover_enabled=&#8221;off&#8221; button_one_text_color__hover_enabled=&#8221;off&#8221; button_two_text_color__hover_enabled=&#8221;off&#8221; button_border_width__hover_enabled=&#8221;off&#8221; button_one_border_width__hover_enabled=&#8221;off&#8221; button_two_border_width__hover_enabled=&#8221;off&#8221; button_border_color__hover_enabled=&#8221;off&#8221; button_one_border_color__hover_enabled=&#8221;off&#8221; button_two_border_color__hover_enabled=&#8221;off&#8221; button_border_radius__hover_enabled=&#8221;off&#8221; button_one_border_radius__hover_enabled=&#8221;off&#8221; button_two_border_radius__hover_enabled=&#8221;off&#8221; button_letter_spacing__hover_enabled=&#8221;off&#8221; button_one_letter_spacing__hover_enabled=&#8221;off&#8221; button_two_letter_spacing__hover_enabled=&#8221;off&#8221; button_bg_color__hover_enabled=&#8221;off&#8221; button_one_bg_color__hover_enabled=&#8221;off&#8221; button_two_bg_color__hover_enabled=&#8221;off&#8221;][\/et_pb_contact_field][\/et_pb_contact_form][et_pb_text disabled_on=&#8221;off|off|off&#8221; _builder_version=&#8221;4.16&#8243; global_colors_info=&#8221;{}&#8221;]<\/p>\n<p>L\u00e4s mer om v\u00e5r hantering av dina <a href=\"http:\/\/proandpro.se\/personuppgifter\/\" target=\"_blank\" rel=\"noopener noreferrer\">personuppgifter<\/a><\/p>\n<p>[\/et_pb_text][et_pb_text disabled_on=&#8221;on|on|on&#8221; _builder_version=&#8221;4.16&#8243; custom_margin=&#8221;||-23px|||&#8221; disabled=&#8221;on&#8221; global_colors_info=&#8221;{}&#8221;]<\/p>\n<h4>Eventet \u00e4r nu fullt!<\/h4>\n<p>Tack f\u00f6r visat intresse och delta g\u00e4rna p\u00e5 n\u00e5got av v\u00e5ra kommande event.<\/p>\n<p>Om du har fr\u00e5gor kontakta Tommy Ytterstr\u00f6m<\/p>\n<p>[\/et_pb_text][\/et_pb_column][\/et_pb_row][et_pb_row _builder_version=&#8221;4.16&#8243; _module_preset=&#8221;default&#8221; global_colors_info=&#8221;{}&#8221;][et_pb_column type=&#8221;4_4&#8243; _builder_version=&#8221;4.16&#8243; _module_preset=&#8221;default&#8221; global_colors_info=&#8221;{}&#8221;][et_pb_image src=&#8221;https:\/\/media.proandpro.se\/2020\/11\/ProPro-Loggo_-Orginal2_jpg.jpg&#8221; title_text=&#8221;Loggo orginal_300&#8243; align=&#8221;center&#8221; _builder_version=&#8221;4.16&#8243; _module_preset=&#8221;default&#8221; width=&#8221;50%&#8221; global_colors_info=&#8221;{}&#8221;][\/et_pb_image][\/et_pb_column][\/et_pb_row][\/et_pb_section]<\/p>\n","protected":false},"excerpt":{"rendered":"<p>\u200bV\u00e4lkommen till onlineseminariet Pro&amp;Pro InsightTema: Tre s\u00e4tt att st\u00e4rka din supply chain Pro&amp;Pro Insight \u00e4r en seminarieserie som ger dig inspiration och insikt i utmaningar och framtidsscenarion inom omr\u00e5den i f\u00f6r\u00e4ndring. H\u00e4r presenterar Pro&amp;Pro sina analyser, insikter och framtidsanalyser med fokus p\u00e5 trender och scenarion. Vi h\u00e4lsar dig varmt v\u00e4lkommen till detta Pro&amp;Pro Insight som [&hellip;]<\/p>\n","protected":false},"author":1,"featured_media":0,"parent":0,"menu_order":0,"comment_status":"closed","ping_status":"closed","template":"","meta":{"_et_pb_use_builder":"on","_et_pb_old_content":"","_et_gb_content_width":"","footnotes":""},"folder":[95],"class_list":["post-8241","page","type-page","status-publish","hentry"],"_links":{"self":[{"href":"https:\/\/proandpro.se\/en\/wp-json\/wp\/v2\/pages\/8241","targetHints":{"allow":["GET"]}}],"collection":[{"href":"https:\/\/proandpro.se\/en\/wp-json\/wp\/v2\/pages"}],"about":[{"href":"https:\/\/proandpro.se\/en\/wp-json\/wp\/v2\/types\/page"}],"author":[{"embeddable":true,"href":"https:\/\/proandpro.se\/en\/wp-json\/wp\/v2\/users\/1"}],"replies":[{"embeddable":true,"href":"https:\/\/proandpro.se\/en\/wp-json\/wp\/v2\/comments?post=8241"}],"version-history":[{"count":10,"href":"https:\/\/proandpro.se\/en\/wp-json\/wp\/v2\/pages\/8241\/revisions"}],"predecessor-version":[{"id":8526,"href":"https:\/\/proandpro.se\/en\/wp-json\/wp\/v2\/pages\/8241\/revisions\/8526"}],"wp:attachment":[{"href":"https:\/\/proandpro.se\/en\/wp-json\/wp\/v2\/media?parent=8241"}],"wp:term":[{"taxonomy":"folder","embeddable":true,"href":"https:\/\/proandpro.se\/en\/wp-json\/wp\/v2\/folder?post=8241"}],"curies":[{"name":"wp","href":"https:\/\/api.w.org\/{rel}","templated":true}]}}