{"id":7479,"date":"2021-03-07T22:06:40","date_gmt":"2021-03-07T22:06:40","guid":{"rendered":"http:\/\/proandpro.se\/?page_id=7479"},"modified":"2021-03-07T22:27:34","modified_gmt":"2021-03-07T22:27:34","slug":"insight-employer-branding","status":"publish","type":"page","link":"https:\/\/proandpro.se\/en\/insight-employer-branding\/","title":{"rendered":"Insight Employer branding"},"content":{"rendered":"<p>[et_pb_section fb_built=&#8221;1&#8243; _builder_version=&#8221;3.22.3&#8243; max_width=&#8221;99%&#8221; module_alignment=&#8221;center&#8221; custom_padding=&#8221;18px|0px|54px|0px|false|false&#8221;][et_pb_row _builder_version=&#8221;3.25&#8243; background_size=&#8221;initial&#8221; background_position=&#8221;top_left&#8221; background_repeat=&#8221;repeat&#8221; custom_padding=&#8221;0|0px|27px|0px|false|false&#8221;][et_pb_column type=&#8221;4_4&#8243; _builder_version=&#8221;3.25&#8243; custom_padding=&#8221;|||&#8221; custom_padding__hover=&#8221;|||&#8221;][et_pb_image src=&#8221;https:\/\/media.proandpro.se\/2021\/03\/Employer_branding.jpg&#8221; title_text=&#8221;Employer Branding with cup of coffee and green leaf&#8221; align_tablet=&#8221;center&#8221; align_phone=&#8221;&#8221; align_last_edited=&#8221;on|desktop&#8221; disabled_on=&#8221;on|on|&#8221; _builder_version=&#8221;4.7.7&#8243;][\/et_pb_image][et_pb_image src=&#8221;https:\/\/media.proandpro.se\/2021\/03\/Employer_branding_mobil.jpg&#8221; title_text=&#8221;Employer Branding with cup of coffee and green leaf&#8221; align_tablet=&#8221;center&#8221; align_phone=&#8221;&#8221; align_last_edited=&#8221;on|desktop&#8221; disabled_on=&#8221;||on&#8221; _builder_version=&#8221;4.7.7&#8243;][\/et_pb_image][et_pb_text _builder_version=&#8221;4.7.7&#8243;]<\/p>\n<h3>V\u00e4lkommen till onlineseminariet Pro&amp;Pro Insight<\/h3>\n<p>[\/et_pb_text][\/et_pb_column][\/et_pb_row][et_pb_row column_structure=&#8221;2_3,1_3&#8243; _builder_version=&#8221;3.25&#8243; background_size=&#8221;initial&#8221; background_position=&#8221;top_left&#8221; background_repeat=&#8221;repeat&#8221; custom_padding=&#8221;0|0px|27px|0px|false|false&#8221;][et_pb_column type=&#8221;2_3&#8243; _builder_version=&#8221;3.25&#8243; custom_padding=&#8221;|||&#8221; custom_padding__hover=&#8221;|||&#8221;][et_pb_text _builder_version=&#8221;4.7.7&#8243; header_font=&#8221;||||||||&#8221; header_3_font=&#8221;||||||||&#8221; header_3_font_size=&#8221;20px&#8221; header_3_line_height=&#8221;1.3em&#8221; header_4_font=&#8221;||||||||&#8221; header_4_font_size=&#8221;16px&#8221; header_4_line_height=&#8221;1.2em&#8221; max_width=&#8221;99%&#8221; module_alignment=&#8221;center&#8221; custom_margin_tablet=&#8221;&#8221; custom_margin_phone=&#8221;&#8221; custom_margin_last_edited=&#8221;on|&#8221; header_4_line_height_last_edited=&#8221;off|desktop&#8221;]<\/p>\n<h3>Tema: S\u00e5 p\u00e5verkar pandemin din employer branding-strategi<\/h3>\n<p><strong>En organisations allra viktigast tillg\u00e5ng \u00e4r medarbetarna. Har du koll p\u00e5 hur pandemin och ovissheten om framtiden p\u00e5verkar dina medarbetares f\u00f6rv\u00e4ntningar och v\u00e4rderingar? \u00a0Genom att analysera detta och g\u00f6ra <\/strong><strong>dina nya strategiska <\/strong><strong>v\u00e4gval i viktiga omr\u00e5den som &#8211; ledarskap, f\u00f6retagskultur, talangattraktion, kompetensutveckling och HR &#8211; kan din organisation komma ut p\u00e5 andra sidan starkare, mer attraktiv, mer agil, mer innovativ och b\u00e4ttre rustad f\u00f6r framtidens utmaningar<\/strong><strong> och med fortsatt framg\u00e5ng. <\/strong><\/p>\n<p>Under 2021 \u00e5rs f\u00f6rsta Pro&amp;Pro Insight presenterar vi v\u00e5r analys av hur pandemin p\u00e5verkar organisationers employer branding-strategi och implementeringen av den. M\u00e5let \u00e4r du ska l\u00e4mna seminariet med en roadmap f\u00f6r hur din organisation kan koppla nya behovsm\u00f6nster till aff\u00e4rsutmaningar f\u00f6r att g\u00f6ra de strategiska val som \u00e4r r\u00e4tt f\u00f6r just ditt f\u00f6retag eller organisation. Analysen har genomf\u00f6rts genom omv\u00e4rldsanalys och intervjuer med personer i ledande befattningar fr\u00e5n f\u00f6retag och organisationer, b\u00e5de nationellt och regionalt.<\/p>\n<p><strong>Du f\u00e5r<\/strong><br \/>Kunskap, inspiration och reflektioner f\u00f6r genomf\u00f6rande av ditt employer branding-arbete f\u00f6r att vara b\u00e4ttre rustad n\u00e4r pandemin \u00e4r \u00f6ver och vi \u00f6verg\u00e5r till \u201ddet nya normala\u201d. Vi belyser fr\u00e5gest\u00e4llningar som och viktiga strategiska val som till exempel:<\/p>\n<ul>\n<li>Vilket f\u00f6retag eller vilken organisation ska vi vara?<\/li>\n<li>Vilka medarbetarerbjudanden och arbetss\u00e4tt \u00e4r de r\u00e4tta f\u00f6r mitt f\u00f6retag eller min organisation?<\/li>\n<li>Vilka omr\u00e5den b\u00f6r jag fokusera p\u00e5 i mitt employer branding-arbete?<\/li>\n<li>Hur kopplar jag ihop det med organisationens aff\u00e4rstutmaningar och f\u00f6ruts\u00e4ttningar?<\/li>\n<li>Hur kan jag effektivt implementera min employer branding-strategi?\n<\/li>\n<\/ul>\n<p><strong>Om Pro&amp;Pro Insight<\/strong><br \/>Pro&amp;Pro Insight \u00e4r ett \u00e5terkommande koncept som ger dig inspiration och insikt i utmaningar och framtidsscenarion f\u00f6r omr\u00e5den i f\u00f6r\u00e4ndring. P\u00e5 seminariet presenterar vi p\u00e5 Pro&amp;Pro v\u00e5ra framtidanalyser med fokus p\u00e5 trender, insikter och v\u00e4gledning. Seminariet genomf\u00f6rs i normala fall som ett\u00a0frukostseminarium men p\u00e5 grund av pandemin genomf\u00f6r vi detta som ett digitalt seminarium via Microsoft Teams.<\/p>\n<p>F\u00f6rel\u00e4ser och faciliterar g\u00f6r Helena Axelsson, Linn Madsen och Annika Follin, managementkonsulter p\u00e5 Pro&amp;Pro med fokus p\u00e5 Innovation och People Management.<\/p>\n<p>Varmt v\u00e4lkommen h\u00e4lsar,<\/p>\n<ul>\n<li>Linn Madsen, Managementkonsult Pro&amp;Pro<\/li>\n<li>Helena Axelsson, Managementkonsult Pro&amp;Pro<\/li>\n<li>Annika Follin, Managementkonsult Pro&amp;Pro<\/li>\n<\/ul>\n<p>Om du har fr\u00e5gor kontakta<\/p>\n<p>Tommy Ytterstr\u00f6m, VD Pro&amp;Pro<br \/>070 \u2013 67 37 200<br \/>tommy.ytterstrom@proandpro.se<\/p>\n<p>&nbsp;<\/p>\n<p>[\/et_pb_text][\/et_pb_column][et_pb_column type=&#8221;1_3&#8243; _builder_version=&#8221;3.25&#8243; custom_padding=&#8221;|||&#8221; custom_padding__hover=&#8221;|||&#8221;][et_pb_text _builder_version=&#8221;4.7.7&#8243;]<\/p>\n<h2>Program<\/h2>\n<p>08.00 Introduktion<br \/>08.10 F\u00f6rel\u00e4sning<br \/>08.45 Diskussion<br \/>08.55 Avslutning<\/p>\n<p>[\/et_pb_text][et_pb_text _builder_version=&#8221;4.7.7&#8243;]<\/p>\n<h3>Tid och plats<\/h3>\n<p>16:e april<br \/>08.00 &#8211; 09.00<br \/>Digitalt &#8211; Microsoft Teams<br \/>Anm\u00e4lan senast 9:e april<\/p>\n<p>[\/et_pb_text][et_pb_contact_form use_spam_service=&#8221;on&#8221; recaptcha_list=&#8221;Google reCAPTCHA|Google reCAPTCHA-0&#8243; email=&#8221;markus.marklund@proandpro.se, tommy.ytterstrom@proandpro.se&#8221; title=&#8221;Anm\u00e4lan &#8221; custom_message=&#8221;Anm\u00e4lan||et_pb_line_break_holder||ProAndPro Insight &#8211; Employer Branding||et_pb_line_break_holder||Namn: %%Name%%||et_pb_line_break_holder||E-post: %%Email%%||et_pb_line_break_holder||Telefon: %%Telefon%%||et_pb_line_break_holder||Personuppgifter: %%GDPR%%||et_pb_line_break_holder||Meddelande: %%Message%%&#8221; success_message=&#8221;Tack f\u00f6r din anm\u00e4lan till Pro&#038;Pro Insight. Du kommer att f\u00e5 en personlig bekr\u00e4ftelse via e-post. &#8221; disabled_on=&#8221;off|off|off&#8221; module_id=&#8221;et_pb_contact_form_0&#8243; _builder_version=&#8221;4.7.7&#8243; hover_enabled=&#8221;0&#8243; sticky_enabled=&#8221;0&#8243;][et_pb_contact_field field_id=&#8221;Name&#8221; field_title=&#8221;Namn&#8221; fullwidth_field=&#8221;on&#8221; _builder_version=&#8221;3.16&#8243; button_text_size__hover_enabled=&#8221;off&#8221; button_one_text_size__hover_enabled=&#8221;off&#8221; button_two_text_size__hover_enabled=&#8221;off&#8221; button_text_color__hover_enabled=&#8221;off&#8221; button_one_text_color__hover_enabled=&#8221;off&#8221; button_two_text_color__hover_enabled=&#8221;off&#8221; button_border_width__hover_enabled=&#8221;off&#8221; button_one_border_width__hover_enabled=&#8221;off&#8221; button_two_border_width__hover_enabled=&#8221;off&#8221; button_border_color__hover_enabled=&#8221;off&#8221; button_one_border_color__hover_enabled=&#8221;off&#8221; button_two_border_color__hover_enabled=&#8221;off&#8221; button_border_radius__hover_enabled=&#8221;off&#8221; button_one_border_radius__hover_enabled=&#8221;off&#8221; button_two_border_radius__hover_enabled=&#8221;off&#8221; button_letter_spacing__hover_enabled=&#8221;off&#8221; button_one_letter_spacing__hover_enabled=&#8221;off&#8221; button_two_letter_spacing__hover_enabled=&#8221;off&#8221; button_bg_color__hover_enabled=&#8221;off&#8221; button_one_bg_color__hover_enabled=&#8221;off&#8221; button_two_bg_color__hover_enabled=&#8221;off&#8221;][\/et_pb_contact_field][et_pb_contact_field field_id=&#8221;Email&#8221; field_title=&#8221;E-postadress&#8221; field_type=&#8221;email&#8221; fullwidth_field=&#8221;on&#8221; _builder_version=&#8221;3.16&#8243; button_text_size__hover_enabled=&#8221;off&#8221; button_one_text_size__hover_enabled=&#8221;off&#8221; button_two_text_size__hover_enabled=&#8221;off&#8221; button_text_color__hover_enabled=&#8221;off&#8221; button_one_text_color__hover_enabled=&#8221;off&#8221; button_two_text_color__hover_enabled=&#8221;off&#8221; button_border_width__hover_enabled=&#8221;off&#8221; button_one_border_width__hover_enabled=&#8221;off&#8221; button_two_border_width__hover_enabled=&#8221;off&#8221; button_border_color__hover_enabled=&#8221;off&#8221; button_one_border_color__hover_enabled=&#8221;off&#8221; button_two_border_color__hover_enabled=&#8221;off&#8221; button_border_radius__hover_enabled=&#8221;off&#8221; button_one_border_radius__hover_enabled=&#8221;off&#8221; button_two_border_radius__hover_enabled=&#8221;off&#8221; button_letter_spacing__hover_enabled=&#8221;off&#8221; button_one_letter_spacing__hover_enabled=&#8221;off&#8221; button_two_letter_spacing__hover_enabled=&#8221;off&#8221; button_bg_color__hover_enabled=&#8221;off&#8221; button_one_bg_color__hover_enabled=&#8221;off&#8221; button_two_bg_color__hover_enabled=&#8221;off&#8221;][\/et_pb_contact_field][et_pb_contact_field field_id=&#8221;Telefon&#8221; field_title=&#8221;Mobilnummer&#8221; fullwidth_field=&#8221;on&#8221; _builder_version=&#8221;3.16&#8243; button_text_size__hover_enabled=&#8221;off&#8221; button_one_text_size__hover_enabled=&#8221;off&#8221; button_two_text_size__hover_enabled=&#8221;off&#8221; button_text_color__hover_enabled=&#8221;off&#8221; button_one_text_color__hover_enabled=&#8221;off&#8221; button_two_text_color__hover_enabled=&#8221;off&#8221; button_border_width__hover_enabled=&#8221;off&#8221; button_one_border_width__hover_enabled=&#8221;off&#8221; button_two_border_width__hover_enabled=&#8221;off&#8221; button_border_color__hover_enabled=&#8221;off&#8221; button_one_border_color__hover_enabled=&#8221;off&#8221; button_two_border_color__hover_enabled=&#8221;off&#8221; button_border_radius__hover_enabled=&#8221;off&#8221; button_one_border_radius__hover_enabled=&#8221;off&#8221; button_two_border_radius__hover_enabled=&#8221;off&#8221; button_letter_spacing__hover_enabled=&#8221;off&#8221; button_one_letter_spacing__hover_enabled=&#8221;off&#8221; button_two_letter_spacing__hover_enabled=&#8221;off&#8221; button_bg_color__hover_enabled=&#8221;off&#8221; button_one_bg_color__hover_enabled=&#8221;off&#8221; button_two_bg_color__hover_enabled=&#8221;off&#8221;][\/et_pb_contact_field][et_pb_contact_field field_id=&#8221;Message&#8221; field_title=&#8221;Meddelande&#8221; field_type=&#8221;text&#8221; required_mark=&#8221;off&#8221; fullwidth_field=&#8221;on&#8221; _builder_version=&#8221;3.19.1&#8243; button_text_size__hover_enabled=&#8221;off&#8221; button_one_text_size__hover_enabled=&#8221;off&#8221; button_two_text_size__hover_enabled=&#8221;off&#8221; button_text_color__hover_enabled=&#8221;off&#8221; button_one_text_color__hover_enabled=&#8221;off&#8221; button_two_text_color__hover_enabled=&#8221;off&#8221; button_border_width__hover_enabled=&#8221;off&#8221; button_one_border_width__hover_enabled=&#8221;off&#8221; button_two_border_width__hover_enabled=&#8221;off&#8221; button_border_color__hover_enabled=&#8221;off&#8221; button_one_border_color__hover_enabled=&#8221;off&#8221; button_two_border_color__hover_enabled=&#8221;off&#8221; button_border_radius__hover_enabled=&#8221;off&#8221; button_one_border_radius__hover_enabled=&#8221;off&#8221; button_two_border_radius__hover_enabled=&#8221;off&#8221; button_letter_spacing__hover_enabled=&#8221;off&#8221; button_one_letter_spacing__hover_enabled=&#8221;off&#8221; button_two_letter_spacing__hover_enabled=&#8221;off&#8221; button_bg_color__hover_enabled=&#8221;off&#8221; button_one_bg_color__hover_enabled=&#8221;off&#8221; button_two_bg_color__hover_enabled=&#8221;off&#8221;][\/et_pb_contact_field][et_pb_contact_field field_id=&#8221;GDPR&#8221; field_title=&#8221;Personuppgifter&#8221; field_type=&#8221;checkbox&#8221; checkbox_options=&#8221;%91{%22value%22:%22Jag samtycker till behandling av mina personuppgifter%22,%22checked%22:0}%93&#8243; fullwidth_field=&#8221;on&#8221; _builder_version=&#8221;3.16&#8243; button_text_size__hover_enabled=&#8221;off&#8221; button_one_text_size__hover_enabled=&#8221;off&#8221; button_two_text_size__hover_enabled=&#8221;off&#8221; button_text_color__hover_enabled=&#8221;off&#8221; button_one_text_color__hover_enabled=&#8221;off&#8221; button_two_text_color__hover_enabled=&#8221;off&#8221; button_border_width__hover_enabled=&#8221;off&#8221; button_one_border_width__hover_enabled=&#8221;off&#8221; button_two_border_width__hover_enabled=&#8221;off&#8221; button_border_color__hover_enabled=&#8221;off&#8221; button_one_border_color__hover_enabled=&#8221;off&#8221; button_two_border_color__hover_enabled=&#8221;off&#8221; button_border_radius__hover_enabled=&#8221;off&#8221; button_one_border_radius__hover_enabled=&#8221;off&#8221; button_two_border_radius__hover_enabled=&#8221;off&#8221; button_letter_spacing__hover_enabled=&#8221;off&#8221; button_one_letter_spacing__hover_enabled=&#8221;off&#8221; button_two_letter_spacing__hover_enabled=&#8221;off&#8221; button_bg_color__hover_enabled=&#8221;off&#8221; button_one_bg_color__hover_enabled=&#8221;off&#8221; button_two_bg_color__hover_enabled=&#8221;off&#8221;][\/et_pb_contact_field][\/et_pb_contact_form][et_pb_text disabled_on=&#8221;off|off|off&#8221; _builder_version=&#8221;4.7.7&#8243;]<\/p>\n<p>L\u00e4s mer om v\u00e5r hantering av dina <a href=\"http:\/\/proandpro.se\/personuppgifter\/\" target=\"_blank\" rel=\"noopener noreferrer\">personuppgifter<\/a><\/p>\n<p>[\/et_pb_text][et_pb_text disabled_on=&#8221;on|on|on&#8221; _builder_version=&#8221;4.1&#8243; disabled=&#8221;on&#8221;]<\/p>\n<h4>Eventet \u00e4r nu fullt!<\/h4>\n<p>Tack f\u00f6r visat intresse och delta g\u00e4rna p\u00e5 n\u00e5got av v\u00e5ra kommande event.<\/p>\n<p>Om du har fr\u00e5gor kontakta Tommy Ytterstr\u00f6m<\/p>\n<p>[\/et_pb_text][\/et_pb_column][\/et_pb_row][\/et_pb_section]<\/p>\n","protected":false},"excerpt":{"rendered":"<p>V\u00e4lkommen till onlineseminariet Pro&amp;Pro InsightTema: S\u00e5 p\u00e5verkar pandemin din employer branding-strategi En organisations allra viktigast tillg\u00e5ng \u00e4r medarbetarna. Har du koll p\u00e5 hur pandemin och ovissheten om framtiden p\u00e5verkar dina medarbetares f\u00f6rv\u00e4ntningar och v\u00e4rderingar? \u00a0Genom att analysera detta och g\u00f6ra dina nya strategiska v\u00e4gval i viktiga omr\u00e5den som &#8211; ledarskap, f\u00f6retagskultur, talangattraktion, kompetensutveckling och HR [&hellip;]<\/p>\n","protected":false},"author":1,"featured_media":7487,"parent":0,"menu_order":0,"comment_status":"closed","ping_status":"closed","template":"","meta":{"_et_pb_use_builder":"on","_et_pb_old_content":"","_et_gb_content_width":"","footnotes":""},"folder":[95],"class_list":["post-7479","page","type-page","status-publish","has-post-thumbnail","hentry"],"_links":{"self":[{"href":"https:\/\/proandpro.se\/en\/wp-json\/wp\/v2\/pages\/7479","targetHints":{"allow":["GET"]}}],"collection":[{"href":"https:\/\/proandpro.se\/en\/wp-json\/wp\/v2\/pages"}],"about":[{"href":"https:\/\/proandpro.se\/en\/wp-json\/wp\/v2\/types\/page"}],"author":[{"embeddable":true,"href":"https:\/\/proandpro.se\/en\/wp-json\/wp\/v2\/users\/1"}],"replies":[{"embeddable":true,"href":"https:\/\/proandpro.se\/en\/wp-json\/wp\/v2\/comments?post=7479"}],"version-history":[{"count":9,"href":"https:\/\/proandpro.se\/en\/wp-json\/wp\/v2\/pages\/7479\/revisions"}],"predecessor-version":[{"id":7493,"href":"https:\/\/proandpro.se\/en\/wp-json\/wp\/v2\/pages\/7479\/revisions\/7493"}],"wp:featuredmedia":[{"embeddable":true,"href":"https:\/\/proandpro.se\/en\/wp-json\/wp\/v2\/media\/7487"}],"wp:attachment":[{"href":"https:\/\/proandpro.se\/en\/wp-json\/wp\/v2\/media?parent=7479"}],"wp:term":[{"taxonomy":"folder","embeddable":true,"href":"https:\/\/proandpro.se\/en\/wp-json\/wp\/v2\/folder?post=7479"}],"curies":[{"name":"wp","href":"https:\/\/api.w.org\/{rel}","templated":true}]}}