{"id":622,"date":"2013-02-08T13:03:09","date_gmt":"2013-02-08T13:03:09","guid":{"rendered":"http:\/\/proandpro.se\/?page_id=622"},"modified":"2019-11-30T23:22:18","modified_gmt":"2019-11-30T23:22:18","slug":"tommy","status":"publish","type":"page","link":"https:\/\/proandpro.se\/en\/vart-team\/tommy\/","title":{"rendered":"Tommy Ytterstr\u00f6m"},"content":{"rendered":"<p>[et_pb_section fb_built=&#8221;1&#8243; custom_padding_last_edited=&#8221;on|desktop&#8221; admin_label=&#8221;section&#8221; _builder_version=&#8221;3.22&#8243; custom_padding=&#8221;0||0|&#8221; custom_padding_tablet=&#8221;50px|0|50px|0&#8243; custom_padding_phone=&#8221;&#8221; transparent_background=&#8221;off&#8221; padding_mobile=&#8221;off&#8221;][et_pb_row padding_mobile=&#8221;off&#8221; admin_label=&#8221;row&#8221; _builder_version=&#8221;3.25&#8243; background_size=&#8221;initial&#8221; background_position=&#8221;top_left&#8221; background_repeat=&#8221;repeat&#8221; custom_padding=&#8221;2|0&#8243;][et_pb_column type=&#8221;4_4&#8243; _builder_version=&#8221;3.25&#8243; custom_padding=&#8221;|||&#8221; custom_padding__hover=&#8221;|||&#8221;][et_pb_image src=&#8221;https:\/\/media.proandpro.se\/2018\/04\/Varum\u00e4rke-header-1.jpg&#8221; align=&#8221;center&#8221; force_fullwidth=&#8221;on&#8221; align_tablet=&#8221;center&#8221; align_last_edited=&#8221;on|desktop&#8221; _builder_version=&#8221;3.23&#8243;][\/et_pb_image][\/et_pb_column][\/et_pb_row][et_pb_row padding_mobile=&#8221;off&#8221; admin_label=&#8221;row&#8221; _builder_version=&#8221;3.25&#8243; background_size=&#8221;initial&#8221; background_position=&#8221;top_left&#8221; background_repeat=&#8221;repeat&#8221; custom_padding=&#8221;|&#8221; column_structure=&#8221;3_4,1_4&#8243;][et_pb_column type=&#8221;3_4&#8243; _builder_version=&#8221;3.25&#8243; custom_padding=&#8221;|||&#8221; custom_padding__hover=&#8221;|||&#8221;][et_pb_text _builder_version=&#8221;4.0.6&#8243; background_size=&#8221;initial&#8221; background_position=&#8221;top_left&#8221; background_repeat=&#8221;repeat&#8221; module_alignment=&#8221;left&#8221; hover_enabled=&#8221;0&#8243; use_border_color=&#8221;off&#8221; border_color=&#8221;#ffffff&#8221; border_style=&#8221;solid&#8221;]<\/p>\n<h3>Tommy Ytterstr\u00f6m, VD och Managementkonsult<\/h3>\n<p><strong>Karakt\u00e4rsdrag <img loading=\"lazy\" decoding=\"async\" class=\"alignright wp-image-5504 size-medium\" src=\"https:\/\/media.proandpro.se\/2019\/02\/Tommy_profil-300x199.jpg\" alt=\"\" width=\"300\" height=\"199\" srcset=\"https:\/\/media.proandpro.se\/2019\/02\/Tommy_profil-300x199.jpg 300w, https:\/\/media.proandpro.se\/2019\/02\/Tommy_profil-768x509.jpg 768w, https:\/\/media.proandpro.se\/2019\/02\/Tommy_profil.jpg 800w\" sizes=\"(max-width: 300px) 100vw, 300px\" \/><\/strong><br \/>\nTommy \u00e4r den engagerade, kreative och nyt\u00e4nkande personen som ser m\u00f6jligheter i alla situationer. Han har en f\u00f6rm\u00e5ga att entusiasmera och engagera m\u00e4nniskor i innovationsprocesser samt med struktur, ambition och uth\u00e5llighet n\u00e5 uppsatta m\u00e5l.<\/p>\n<p><strong>Bakgrund<\/strong><\/p>\n<p>Tommy \u00e4r civilingenj\u00f6r inom Teknisk fysik och elektroteknik fr\u00e5n Link\u00f6pings Tekniska h\u00f6gskola samt har studerat vid civilingenj\u00f6rsprogrammet med fokus p\u00e5 aff\u00e4rsutveckling vid Handelsh\u00f6gskolan i Stockholm. Tommy har 15 \u00e5rs erfarenhet som ledare f\u00f6r aff\u00e4rsledning och utvecklingsverksamhet med fokus p\u00e5 nya aff\u00e4rer och produkter.  Sedan 2013 arbetar Tommy som VD f\u00f6r Pro&#038;Pro samt managementkonsult med inriktning p\u00e5 strategi och aff\u00e4rsutveckling \u00e5t s\u00e5v\u00e4l privata som offentliga kunder. Den goda f\u00f6rm\u00e5gan att skapa engagemang och nyfikenhet i kombination med intresset att dela med sig av tankar och erfarenheter har medf\u00f6rt att Tommy genomf\u00f6rt ett flertal utbildningar och f\u00f6rel\u00e4st p\u00e5 konferenser inom strategi, aff\u00e4rsutveckling och ledarskap. <\/p>\n<p><strong>K\u00e4nnetecken<\/strong><br \/>\nTommy utm\u00e4rker sig som en passionerad ledare med vision\u00e4r och motiverande ledarstil f\u00f6r att f\u00f6rnya och utveckla framg\u00e5ngsrika aff\u00e4rsverksamheter i kombination med individens utveckling och trivsel. Han ser till helheten, kopplar ihop kundnytta och tekniska m\u00f6jligheter samt str\u00e4var att bygga meningsfulla sammanhang med en tydlig bild f\u00f6r framtiden. <\/p>\n<p><strong>Kontaktuppgifter<\/strong><br \/>\nTommy Ytterstr\u00f6m<br \/>\n070-67 37 200<br \/>\nTommy.Ytterstrom@proandpro.se[\/et_pb_text][\/et_pb_column][et_pb_column type=&#8221;1_4&#8243; _builder_version=&#8221;3.25&#8243; custom_padding=&#8221;|||&#8221; custom_padding__hover=&#8221;|||&#8221;][et_pb_text _builder_version=&#8221;3.27.4&#8243; background_size=&#8221;initial&#8221; background_position=&#8221;top_left&#8221; background_repeat=&#8221;repeat&#8221; module_alignment=&#8221;left&#8221; use_border_color=&#8221;off&#8221; border_color=&#8221;#ffffff&#8221; border_style=&#8221;solid&#8221;]<\/p>\n<h3>Nya utmaningar?<\/h3>\n<p>Om du delar v\u00e5r ambition och v\u00e5ra v\u00e4rderingar\u00a0 och \u00e4r intresserad av att ta dig an nya utmaningar s\u00e5 kontakta oss g\u00e4rna f\u00f6r att f\u00f6ruts\u00e4ttningsl\u00f6st samtal.<br \/>\n[\/et_pb_text][et_pb_contact_form captcha=&#8221;off&#8221; email=&#8221;markus.marklund@proandpro.se&#8221; title=&#8221;Kontakta oss&#8221; _builder_version=&#8221;3.0.87&#8243; custom_button=&#8221;on&#8221; button_text_size=&#8221;16&#8243; button_text_color=&#8221;#2b2b2b&#8221; button_border_color=&#8221;rgba(99,104,103,0.14)&#8221; use_border_color=&#8221;off&#8221; border_color=&#8221;#ffffff&#8221; border_style=&#8221;solid&#8221; button_letter_spacing_hover=&#8221;0&#8243;][et_pb_contact_field field_id=&#8221;Name&#8221; field_title=&#8221;Namn&#8221; _builder_version=&#8221;3.16&#8243; button_text_size__hover_enabled=&#8221;off&#8221; button_one_text_size__hover_enabled=&#8221;off&#8221; button_two_text_size__hover_enabled=&#8221;off&#8221; button_text_color__hover_enabled=&#8221;off&#8221; button_one_text_color__hover_enabled=&#8221;off&#8221; button_two_text_color__hover_enabled=&#8221;off&#8221; button_border_width__hover_enabled=&#8221;off&#8221; button_one_border_width__hover_enabled=&#8221;off&#8221; button_two_border_width__hover_enabled=&#8221;off&#8221; button_border_color__hover_enabled=&#8221;off&#8221; button_one_border_color__hover_enabled=&#8221;off&#8221; button_two_border_color__hover_enabled=&#8221;off&#8221; button_border_radius__hover_enabled=&#8221;off&#8221; button_one_border_radius__hover_enabled=&#8221;off&#8221; button_two_border_radius__hover_enabled=&#8221;off&#8221; button_letter_spacing__hover_enabled=&#8221;off&#8221; button_one_letter_spacing__hover_enabled=&#8221;off&#8221; button_two_letter_spacing__hover_enabled=&#8221;off&#8221; button_bg_color__hover_enabled=&#8221;off&#8221; button_one_bg_color__hover_enabled=&#8221;off&#8221; button_two_bg_color__hover_enabled=&#8221;off&#8221;][\/et_pb_contact_field][et_pb_contact_field field_id=&#8221;Email&#8221; field_title=&#8221;E-postadress&#8221; field_type=&#8221;email&#8221; _builder_version=&#8221;3.16&#8243; button_text_size__hover_enabled=&#8221;off&#8221; button_one_text_size__hover_enabled=&#8221;off&#8221; button_two_text_size__hover_enabled=&#8221;off&#8221; button_text_color__hover_enabled=&#8221;off&#8221; button_one_text_color__hover_enabled=&#8221;off&#8221; button_two_text_color__hover_enabled=&#8221;off&#8221; button_border_width__hover_enabled=&#8221;off&#8221; button_one_border_width__hover_enabled=&#8221;off&#8221; button_two_border_width__hover_enabled=&#8221;off&#8221; button_border_color__hover_enabled=&#8221;off&#8221; button_one_border_color__hover_enabled=&#8221;off&#8221; button_two_border_color__hover_enabled=&#8221;off&#8221; button_border_radius__hover_enabled=&#8221;off&#8221; button_one_border_radius__hover_enabled=&#8221;off&#8221; button_two_border_radius__hover_enabled=&#8221;off&#8221; button_letter_spacing__hover_enabled=&#8221;off&#8221; button_one_letter_spacing__hover_enabled=&#8221;off&#8221; button_two_letter_spacing__hover_enabled=&#8221;off&#8221; button_bg_color__hover_enabled=&#8221;off&#8221; button_one_bg_color__hover_enabled=&#8221;off&#8221; button_two_bg_color__hover_enabled=&#8221;off&#8221;][\/et_pb_contact_field][et_pb_contact_field field_id=&#8221;Message&#8221; field_title=&#8221;Meddelande&#8221; field_type=&#8221;text&#8221; fullwidth_field=&#8221;on&#8221; _builder_version=&#8221;3.16&#8243; button_text_size__hover_enabled=&#8221;off&#8221; button_one_text_size__hover_enabled=&#8221;off&#8221; button_two_text_size__hover_enabled=&#8221;off&#8221; button_text_color__hover_enabled=&#8221;off&#8221; button_one_text_color__hover_enabled=&#8221;off&#8221; button_two_text_color__hover_enabled=&#8221;off&#8221; button_border_width__hover_enabled=&#8221;off&#8221; button_one_border_width__hover_enabled=&#8221;off&#8221; button_two_border_width__hover_enabled=&#8221;off&#8221; button_border_color__hover_enabled=&#8221;off&#8221; button_one_border_color__hover_enabled=&#8221;off&#8221; button_two_border_color__hover_enabled=&#8221;off&#8221; button_border_radius__hover_enabled=&#8221;off&#8221; button_one_border_radius__hover_enabled=&#8221;off&#8221; button_two_border_radius__hover_enabled=&#8221;off&#8221; button_letter_spacing__hover_enabled=&#8221;off&#8221; button_one_letter_spacing__hover_enabled=&#8221;off&#8221; button_two_letter_spacing__hover_enabled=&#8221;off&#8221; button_bg_color__hover_enabled=&#8221;off&#8221; button_one_bg_color__hover_enabled=&#8221;off&#8221; button_two_bg_color__hover_enabled=&#8221;off&#8221;][\/et_pb_contact_field][\/et_pb_contact_form][\/et_pb_column][\/et_pb_row][\/et_pb_section]<\/p>\n","protected":false},"excerpt":{"rendered":"<p>Tommy Ytterstr\u00f6m, VD och Managementkonsult Karakt\u00e4rsdrag Tommy \u00e4r den engagerade, kreative och nyt\u00e4nkande personen som ser m\u00f6jligheter i alla situationer. Han har en f\u00f6rm\u00e5ga att entusiasmera och engagera m\u00e4nniskor i innovationsprocesser samt med struktur, ambition och uth\u00e5llighet n\u00e5 uppsatta m\u00e5l. Bakgrund Tommy \u00e4r civilingenj\u00f6r inom Teknisk fysik och elektroteknik fr\u00e5n Link\u00f6pings Tekniska h\u00f6gskola samt har [&hellip;]<\/p>\n","protected":false},"author":1,"featured_media":0,"parent":2112,"menu_order":1,"comment_status":"closed","ping_status":"closed","template":"","meta":{"_et_pb_use_builder":"on","_et_pb_old_content":"<p>VD och Partner<img class=\"alignright wp-image-1462\" src=\"https:\/\/media.proandpro.se\/2013\/02\/Tommy-4-3-787x1024-230x300.jpg\" alt=\"Tommy 4-3 (787x1024)\" width=\"154\" height=\"200\" \/><\/p><p><strong>Karakt\u00e4rsdrag<\/strong><br \/> Tommy \u00e4r en engagerad, kreativ och nyt\u00e4nkande person som ser m\u00f6jligheter i alla situationer. Han har en f\u00f6rm\u00e5ga att entusiasmera och engagera m\u00e4nniskor i f\u00f6r\u00e4ndringsprocesser och har ett genuint intresse f\u00f6r medarbetarnas utveckling. Han har l\u00e4tt f\u00f6r att skapa en helhet, bygga meningsfulla sammanhang och har en tydlig vision f\u00f6r framtiden.<\/p><p><strong>Bakgrund<\/strong><br \/> Efter sina studier till Civilingenj\u00f6r inom Teknisk fysik och elektroteknik i Link\u00f6ping inledde Tommy sin professionella bana med att utveckla industrisystem inom skogsindustrin f\u00f6r kvalitet och styrning. D\u00e4refter gick han \u00f6ver till telekom branschen och d\u00e4r var en av f\u00f6rsta uppgifterna att verka som teknisk projektledare och designansvarig f\u00f6r utveckling av mobila f\u00f6retagsl\u00f6sningar. Sedan har Tommy under 8 \u00e5rs tid jobbat som chef f\u00f6r grupper och avdelningar inom produktutveckling av mobila tj\u00e4nster. De senaste 10 \u00e5ren har han jobbat som aff\u00e4rschef f\u00f6r mobil produktledning och aff\u00e4rsledning d\u00e4r fokus har varit att utveckla nya aff\u00e4rer f\u00f6r l\u00e5ngsiktig l\u00f6nsamhet samt effektivisera i produktportf\u00f6ljen. I samband med steget till aff\u00e4rsledning genomgick Tommy Civilingenj\u00f6rsprogrammet med fokus p\u00e5 aff\u00e4rsutveckling vid Handelsh\u00f6gskolan. Tommy har ocks\u00e5 arbetat med att utveckla projektmodeller, leda styrgrupper, utveckla strategiskt ink\u00f6p samt verka som certifierad utbildare p\u00e5 ledarprogram. En stor del av arbetet har ocks\u00e5 \u00e4gnats till f\u00f6r\u00e4ndringsarbete och ledningsutveckling.<\/p><p><strong>K\u00e4nnetecken<\/strong><br \/> Tommy har utm\u00e4rkt sig som en ledare med vision\u00e4r och motiverande ledarstil. Han har rykte om sig att bygga och beh\u00e5lla framg\u00e5ngsrika team och skapa framg\u00e5ngsrika verksamhetsomr\u00e5den.<\/p><p><strong>Kontaktuppgifter<\/strong><br \/> Tommy Ytterstr\u00f6m<br \/> 070-67 37 200<br \/> Tommy.Ytterstrom@proandpro.se<\/p>","_et_gb_content_width":"","footnotes":""},"folder":[89],"class_list":["post-622","page","type-page","status-publish","hentry"],"_links":{"self":[{"href":"https:\/\/proandpro.se\/en\/wp-json\/wp\/v2\/pages\/622","targetHints":{"allow":["GET"]}}],"collection":[{"href":"https:\/\/proandpro.se\/en\/wp-json\/wp\/v2\/pages"}],"about":[{"href":"https:\/\/proandpro.se\/en\/wp-json\/wp\/v2\/types\/page"}],"author":[{"embeddable":true,"href":"https:\/\/proandpro.se\/en\/wp-json\/wp\/v2\/users\/1"}],"replies":[{"embeddable":true,"href":"https:\/\/proandpro.se\/en\/wp-json\/wp\/v2\/comments?post=622"}],"version-history":[{"count":35,"href":"https:\/\/proandpro.se\/en\/wp-json\/wp\/v2\/pages\/622\/revisions"}],"predecessor-version":[{"id":6499,"href":"https:\/\/proandpro.se\/en\/wp-json\/wp\/v2\/pages\/622\/revisions\/6499"}],"up":[{"embeddable":true,"href":"https:\/\/proandpro.se\/en\/wp-json\/wp\/v2\/pages\/2112"}],"wp:attachment":[{"href":"https:\/\/proandpro.se\/en\/wp-json\/wp\/v2\/media?parent=622"}],"wp:term":[{"taxonomy":"folder","embeddable":true,"href":"https:\/\/proandpro.se\/en\/wp-json\/wp\/v2\/folder?post=622"}],"curies":[{"name":"wp","href":"https:\/\/api.w.org\/{rel}","templated":true}]}}