{"id":6120,"date":"2019-06-24T21:41:03","date_gmt":"2019-06-24T21:41:03","guid":{"rendered":"http:\/\/proandpro.se\/?page_id=6120"},"modified":"2019-08-31T21:13:46","modified_gmt":"2019-08-31T21:13:46","slug":"propro-insight-affarsutveckling-med-information","status":"publish","type":"page","link":"https:\/\/proandpro.se\/en\/propro-insight-affarsutveckling-med-information\/","title":{"rendered":"Pro&#038;Pro Insight &#8211; Aff\u00e4rsutveckling med information"},"content":{"rendered":"<p>[et_pb_section fb_built=&#8221;1&#8243; _builder_version=&#8221;3.22.3&#8243; max_width=&#8221;99%&#8221; module_alignment=&#8221;center&#8221; custom_padding=&#8221;18px|0px|54px|0px|false|false&#8221; fb_built=&#8221;1&#8243; _i=&#8221;0&#8243; _address=&#8221;0&#8243;][et_pb_row _builder_version=&#8221;3.25&#8243; background_size=&#8221;initial&#8221; background_position=&#8221;top_left&#8221; background_repeat=&#8221;repeat&#8221; custom_padding=&#8221;0|0px|27px|0px|false|false&#8221; _i=&#8221;0&#8243; _address=&#8221;0.0&#8243;][et_pb_column type=&#8221;4_4&#8243; _builder_version=&#8221;3.25&#8243; custom_padding=&#8221;|||&#8221; custom_padding__hover=&#8221;|||&#8221; _i=&#8221;0&#8243; _address=&#8221;0.0.0&#8243;][et_pb_image src=&#8221;https:\/\/media.proandpro.se\/2019\/06\/Information_data_webb.jpg&#8221; align_tablet=&#8221;center&#8221; align_last_edited=&#8221;on|desktop&#8221; _builder_version=&#8221;3.23.3&#8243; disabled_on=&#8221;on|on|&#8221; _i=&#8221;0&#8243; _address=&#8221;0.0.0.0&#8243;][\/et_pb_image][et_pb_image src=&#8221;https:\/\/media.proandpro.se\/2019\/06\/Information_data_mob.jpg&#8221; align_tablet=&#8221;center&#8221; align_last_edited=&#8221;on|desktop&#8221; _builder_version=&#8221;3.23.3&#8243; disabled_on=&#8221;||on&#8221; _i=&#8221;1&#8243; _address=&#8221;0.0.0.1&#8243;][\/et_pb_image][et_pb_text _builder_version=&#8221;3.19.1&#8243; _i=&#8221;2&#8243; _address=&#8221;0.0.0.2&#8243;]<\/p>\n<h3>V\u00e4lkommen till frukostseminariet Pro&amp;Pro Insight<\/h3>\n<p>[\/et_pb_text][\/et_pb_column][\/et_pb_row][et_pb_row column_structure=&#8221;2_3,1_3&#8243; _builder_version=&#8221;3.25&#8243; background_size=&#8221;initial&#8221; background_position=&#8221;top_left&#8221; background_repeat=&#8221;repeat&#8221; custom_padding=&#8221;0|0px|27px|0px|false|false&#8221; _i=&#8221;1&#8243; _address=&#8221;0.1&#8243;][et_pb_column type=&#8221;2_3&#8243; _builder_version=&#8221;3.25&#8243; custom_padding=&#8221;|||&#8221; custom_padding__hover=&#8221;|||&#8221; _i=&#8221;0&#8243; _address=&#8221;0.1.0&#8243;][et_pb_text _builder_version=&#8221;3.23.3&#8243; header_font=&#8221;||||||||&#8221; header_3_font=&#8221;||||||||&#8221; header_3_font_size=&#8221;20px&#8221; header_3_line_height=&#8221;1.3em&#8221; header_4_font=&#8221;||||||||&#8221; header_4_font_size=&#8221;16px&#8221; header_4_line_height=&#8221;1.2em&#8221; max_width=&#8221;99%&#8221; module_alignment=&#8221;center&#8221; custom_margin_last_edited=&#8221;on|&#8221; header_4_line_height_last_edited=&#8221;off|desktop&#8221; _i=&#8221;0&#8243; _address=&#8221;0.1.0.0&#8243;]<\/p>\n<h3>Tema: Framg\u00e5ngsrik aff\u00e4rsutveckling baserat p\u00e5 information som r\u00e5vara<\/h3>\n<p>Pro&amp;Pro Insight \u00e4r seminarium som ger dig inspiration och insikt i utmaningar och framtidsscenarion f\u00f6r omr\u00e5den i f\u00f6r\u00e4ndring. P\u00e5 Insight seminarium presenterar Pro&amp;Pro sina framtidanalyser med fokus p\u00e5 trender, insikter och v\u00e4gledning.<\/p>\n<p>Vi h\u00e4lsar dig varmt v\u00e4lkommen till \u00e5rets andra Pro&amp;Pro Insight som \u00e4gnas \u00e5t aff\u00e4rsutveckling baserat p\u00e5 information som r\u00e5vara. Dagens snabba teknologiutveckling m\u00f6jligg\u00f6r m\u00e5nga nya m\u00f6jligheter inom digitalisering. Utvecklingstakten \u00e4r mycket h\u00f6g inom Artificiell Intelligens, Big Data, 5G, och Internet of Things, samtidigt som m\u00e5nga f\u00f6retag och organisationer har stor tillg\u00e5ng p\u00e5 information. Tillg\u00e5ng till information kombinerat med nya teknologier g\u00f6r det intressant att utveckla nya tj\u00e4nster och produkter f\u00f6r aff\u00e4rer baserat p\u00e5 information som r\u00e5vara och motor, d\u00e4r s\u00e5v\u00e4l n\u00e4ringsliv som det offentliga inkluderas.<\/p>\n<p>Utifr\u00e5n v\u00e5r omv\u00e4rldsanalys och erfarenheter av praktiska case fr\u00e5n olika branscher och till\u00e4mpningar presenterar vi i denna f\u00f6rel\u00e4sning modeller och principer f\u00f6r att lyckas med informationsdriven aff\u00e4rsutveckling. Vi kommer att inkludera s\u00e5v\u00e4l aff\u00e4rsmodellutveckling som GoTo market. Syftet med seminariet \u00e4r att ge dig som ledare, strateg eller aff\u00e4rsutvecklare strategier f\u00f6r att bli mer framg\u00e5ngsrik inom omr\u00e5det informationsdriven aff\u00e4rsutveckling<\/p>\n<p>Genom deltagande p\u00e5 seminariet f\u00e5r du<u>:<\/u><\/p>\n<ul>\n<li>Omv\u00e4rldsanalys f\u00f6r omr\u00e5det informationsdriven aff\u00e4rsutveckling<\/li>\n<li>Erfarenheter och praktiska case fr\u00e5n olika branscher och till\u00e4mpningar<\/li>\n<li>Ta del av modeller och principer f\u00f6r informationsdriven aff\u00e4rsutveckling som leder till framg\u00e5ngsrik marknadsintroduktion och l\u00e5ngsiktigt aff\u00e4rsv\u00e4rde<\/li>\n<li>Utv\u00e4rdera er mognad inom informationsdriven aff\u00e4rsutveckling<\/li>\n<\/ul>\n<p>F\u00f6rel\u00e4ser g\u00f6r Joacim Marklund och Robert Tjernstr\u00f6m, managementkonsulter inom strategi och aff\u00e4rsutveckling vid Pro&amp;Pro.<\/p>\n<p><img loading=\"lazy\" decoding=\"async\" class=\"wp-image-6127\" src=\"https:\/\/media.proandpro.se\/2019\/06\/Insight-Aff\u00e4rsutvecklingjpg.jpg\" alt=\"\" width=\"800\" height=\"265\" srcset=\"https:\/\/media.proandpro.se\/2019\/06\/Insight-Aff\u00e4rsutvecklingjpg.jpg 1600w, https:\/\/media.proandpro.se\/2019\/06\/Insight-Aff\u00e4rsutvecklingjpg-300x99.jpg 300w, https:\/\/media.proandpro.se\/2019\/06\/Insight-Aff\u00e4rsutvecklingjpg-768x254.jpg 768w, https:\/\/media.proandpro.se\/2019\/06\/Insight-Aff\u00e4rsutvecklingjpg-1024x339.jpg 1024w, https:\/\/media.proandpro.se\/2019\/06\/Insight-Aff\u00e4rsutvecklingjpg-1080x358.jpg 1080w\" sizes=\"(max-width: 800px) 100vw, 800px\" \/><\/p>\n<p><strong>Om du har fr\u00e5gor kontakta<\/strong><br \/>Tommy Ytterstr\u00f6m, VD Pro&amp;Pro<br \/>070 \u2013 67 37 200<br \/>tommy.ytterstrom@proandpro.se<\/p>\n<p>Robert Tjernstr\u00f6m, ansvarig f\u00f6r kompetensomr\u00e5de aff\u00e4rsutveckling inom Pro&amp;Pro<br \/>070 \u2013 59 43 888<br \/>robert.tjernstrom@proandpro.se<\/p>\n<p>[\/et_pb_text][\/et_pb_column][et_pb_column type=&#8221;1_3&#8243; _builder_version=&#8221;3.25&#8243; custom_padding=&#8221;|||&#8221; custom_padding__hover=&#8221;|||&#8221; _i=&#8221;1&#8243; _address=&#8221;0.1.1&#8243;][et_pb_text _builder_version=&#8221;3.23.3&#8243; _i=&#8221;0&#8243; _address=&#8221;0.1.1.0&#8243;]<\/p>\n<h2>Program<\/h2>\n<p>08.00 Frukost<br \/>08.15 F\u00f6rel\u00e4sning<br \/>09.15 Avslutning<\/p>\n<p>[\/et_pb_text][et_pb_text _builder_version=&#8221;3.23.3&#8243; _i=&#8221;1&#8243; _address=&#8221;0.1.1.1&#8243;]<\/p>\n<h3>Tid och plats<\/h3>\n<p>Fredag den 6e september<br \/>Frukost fr\u00e5n 08.00<br \/>Pro&amp;Pro<br \/>Storgatan 29, Sundsvall<\/p>\n<p>Anm\u00e4lan senast 1 september<\/p>\n<p>[\/et_pb_text][et_pb_contact_form captcha=&#8221;off&#8221; email=&#8221;markus.marklund@proandpro.se, tommy.ytterstrom@proandpro.se&#8221; title=&#8221;Anm\u00e4lan &#8221; custom_message=&#8221;Anm\u00e4lan||et_pb_line_break_holder||ProAndPro Insight &#8211; Aff\u00e4rsutveckling||et_pb_line_break_holder||||et_pb_line_break_holder||Namn: %%Name%%||et_pb_line_break_holder||E-post: %%Email%%||et_pb_line_break_holder||Telefon: %%Telefon%%||et_pb_line_break_holder||Personuppgifter: %%GDPR%%||et_pb_line_break_holder||Meddelande: %%Message%%&#8221; success_message=&#8221;Tack f\u00f6r din anm\u00e4lan till Pro&#038;Pro Insight. Du kommer att f\u00e5 en personlig bekr\u00e4ftelse via e-post. &#8221; module_id=&#8221;et_pb_contact_form_0&#8243; _builder_version=&#8221;3.27.1&#8243; hover_enabled=&#8221;0&#8243; disabled_on=&#8221;on|on|on&#8221; _i=&#8221;2&#8243; _address=&#8221;0.1.1.2&#8243; disabled=&#8221;on&#8221;][et_pb_contact_field field_id=&#8221;Name&#8221; field_title=&#8221;Namn&#8221; fullwidth_field=&#8221;on&#8221; _builder_version=&#8221;3.16&#8243; button_text_size__hover_enabled=&#8221;off&#8221; button_one_text_size__hover_enabled=&#8221;off&#8221; button_two_text_size__hover_enabled=&#8221;off&#8221; button_text_color__hover_enabled=&#8221;off&#8221; button_one_text_color__hover_enabled=&#8221;off&#8221; button_two_text_color__hover_enabled=&#8221;off&#8221; button_border_width__hover_enabled=&#8221;off&#8221; button_one_border_width__hover_enabled=&#8221;off&#8221; button_two_border_width__hover_enabled=&#8221;off&#8221; button_border_color__hover_enabled=&#8221;off&#8221; button_one_border_color__hover_enabled=&#8221;off&#8221; button_two_border_color__hover_enabled=&#8221;off&#8221; button_border_radius__hover_enabled=&#8221;off&#8221; button_one_border_radius__hover_enabled=&#8221;off&#8221; button_two_border_radius__hover_enabled=&#8221;off&#8221; button_letter_spacing__hover_enabled=&#8221;off&#8221; button_one_letter_spacing__hover_enabled=&#8221;off&#8221; button_two_letter_spacing__hover_enabled=&#8221;off&#8221; button_bg_color__hover_enabled=&#8221;off&#8221; button_one_bg_color__hover_enabled=&#8221;off&#8221; button_two_bg_color__hover_enabled=&#8221;off&#8221; _i=&#8221;0&#8243; _address=&#8221;0.1.1.2.0&#8243;][\/et_pb_contact_field][et_pb_contact_field field_id=&#8221;Email&#8221; field_title=&#8221;E-postadress&#8221; field_type=&#8221;email&#8221; fullwidth_field=&#8221;on&#8221; _builder_version=&#8221;3.16&#8243; button_text_size__hover_enabled=&#8221;off&#8221; button_one_text_size__hover_enabled=&#8221;off&#8221; button_two_text_size__hover_enabled=&#8221;off&#8221; button_text_color__hover_enabled=&#8221;off&#8221; button_one_text_color__hover_enabled=&#8221;off&#8221; button_two_text_color__hover_enabled=&#8221;off&#8221; button_border_width__hover_enabled=&#8221;off&#8221; button_one_border_width__hover_enabled=&#8221;off&#8221; button_two_border_width__hover_enabled=&#8221;off&#8221; button_border_color__hover_enabled=&#8221;off&#8221; button_one_border_color__hover_enabled=&#8221;off&#8221; button_two_border_color__hover_enabled=&#8221;off&#8221; button_border_radius__hover_enabled=&#8221;off&#8221; button_one_border_radius__hover_enabled=&#8221;off&#8221; button_two_border_radius__hover_enabled=&#8221;off&#8221; button_letter_spacing__hover_enabled=&#8221;off&#8221; button_one_letter_spacing__hover_enabled=&#8221;off&#8221; button_two_letter_spacing__hover_enabled=&#8221;off&#8221; button_bg_color__hover_enabled=&#8221;off&#8221; button_one_bg_color__hover_enabled=&#8221;off&#8221; button_two_bg_color__hover_enabled=&#8221;off&#8221; _i=&#8221;1&#8243; _address=&#8221;0.1.1.2.1&#8243;][\/et_pb_contact_field][et_pb_contact_field field_id=&#8221;Telefon&#8221; field_title=&#8221;Mobilnummer&#8221; fullwidth_field=&#8221;on&#8221; _builder_version=&#8221;3.16&#8243; button_text_size__hover_enabled=&#8221;off&#8221; button_one_text_size__hover_enabled=&#8221;off&#8221; button_two_text_size__hover_enabled=&#8221;off&#8221; button_text_color__hover_enabled=&#8221;off&#8221; button_one_text_color__hover_enabled=&#8221;off&#8221; button_two_text_color__hover_enabled=&#8221;off&#8221; button_border_width__hover_enabled=&#8221;off&#8221; button_one_border_width__hover_enabled=&#8221;off&#8221; button_two_border_width__hover_enabled=&#8221;off&#8221; button_border_color__hover_enabled=&#8221;off&#8221; button_one_border_color__hover_enabled=&#8221;off&#8221; button_two_border_color__hover_enabled=&#8221;off&#8221; button_border_radius__hover_enabled=&#8221;off&#8221; button_one_border_radius__hover_enabled=&#8221;off&#8221; button_two_border_radius__hover_enabled=&#8221;off&#8221; button_letter_spacing__hover_enabled=&#8221;off&#8221; button_one_letter_spacing__hover_enabled=&#8221;off&#8221; button_two_letter_spacing__hover_enabled=&#8221;off&#8221; button_bg_color__hover_enabled=&#8221;off&#8221; button_one_bg_color__hover_enabled=&#8221;off&#8221; button_two_bg_color__hover_enabled=&#8221;off&#8221; _i=&#8221;2&#8243; _address=&#8221;0.1.1.2.2&#8243;][\/et_pb_contact_field][et_pb_contact_field field_id=&#8221;Message&#8221; field_title=&#8221;Meddelande&#8221; field_type=&#8221;text&#8221; required_mark=&#8221;off&#8221; fullwidth_field=&#8221;on&#8221; _builder_version=&#8221;3.19.1&#8243; button_text_size__hover_enabled=&#8221;off&#8221; button_one_text_size__hover_enabled=&#8221;off&#8221; button_two_text_size__hover_enabled=&#8221;off&#8221; button_text_color__hover_enabled=&#8221;off&#8221; button_one_text_color__hover_enabled=&#8221;off&#8221; button_two_text_color__hover_enabled=&#8221;off&#8221; button_border_width__hover_enabled=&#8221;off&#8221; button_one_border_width__hover_enabled=&#8221;off&#8221; button_two_border_width__hover_enabled=&#8221;off&#8221; button_border_color__hover_enabled=&#8221;off&#8221; button_one_border_color__hover_enabled=&#8221;off&#8221; button_two_border_color__hover_enabled=&#8221;off&#8221; button_border_radius__hover_enabled=&#8221;off&#8221; button_one_border_radius__hover_enabled=&#8221;off&#8221; button_two_border_radius__hover_enabled=&#8221;off&#8221; button_letter_spacing__hover_enabled=&#8221;off&#8221; button_one_letter_spacing__hover_enabled=&#8221;off&#8221; button_two_letter_spacing__hover_enabled=&#8221;off&#8221; button_bg_color__hover_enabled=&#8221;off&#8221; button_one_bg_color__hover_enabled=&#8221;off&#8221; button_two_bg_color__hover_enabled=&#8221;off&#8221; _i=&#8221;3&#8243; _address=&#8221;0.1.1.2.3&#8243;][\/et_pb_contact_field][et_pb_contact_field field_id=&#8221;GDPR&#8221; field_title=&#8221;Personuppgifter&#8221; field_type=&#8221;checkbox&#8221; checkbox_options=&#8221;%91{%22value%22:%22Jag samtycker till behandling av mina personuppgifter%22,%22checked%22:0}%93&#8243; fullwidth_field=&#8221;on&#8221; _builder_version=&#8221;3.16&#8243; button_text_size__hover_enabled=&#8221;off&#8221; button_one_text_size__hover_enabled=&#8221;off&#8221; button_two_text_size__hover_enabled=&#8221;off&#8221; button_text_color__hover_enabled=&#8221;off&#8221; button_one_text_color__hover_enabled=&#8221;off&#8221; button_two_text_color__hover_enabled=&#8221;off&#8221; button_border_width__hover_enabled=&#8221;off&#8221; button_one_border_width__hover_enabled=&#8221;off&#8221; button_two_border_width__hover_enabled=&#8221;off&#8221; button_border_color__hover_enabled=&#8221;off&#8221; button_one_border_color__hover_enabled=&#8221;off&#8221; button_two_border_color__hover_enabled=&#8221;off&#8221; button_border_radius__hover_enabled=&#8221;off&#8221; button_one_border_radius__hover_enabled=&#8221;off&#8221; button_two_border_radius__hover_enabled=&#8221;off&#8221; button_letter_spacing__hover_enabled=&#8221;off&#8221; button_one_letter_spacing__hover_enabled=&#8221;off&#8221; button_two_letter_spacing__hover_enabled=&#8221;off&#8221; button_bg_color__hover_enabled=&#8221;off&#8221; button_one_bg_color__hover_enabled=&#8221;off&#8221; button_two_bg_color__hover_enabled=&#8221;off&#8221; _i=&#8221;4&#8243; _address=&#8221;0.1.1.2.4&#8243;][\/et_pb_contact_field][\/et_pb_contact_form][et_pb_text _builder_version=&#8221;3.23.3&#8243; disabled_on=&#8221;off|off|off&#8221; _i=&#8221;3&#8243; _address=&#8221;0.1.1.3&#8243;]<\/p>\n<p>L\u00e4s mer om v\u00e5r hantering av dina <a href=\"http:\/\/proandpro.se\/personuppgifter\/\" target=\"_blank\" rel=\"noopener noreferrer\">personuppgifter<\/a><\/p>\n<p>[\/et_pb_text][et_pb_text _builder_version=&#8221;3.27.1&#8243; hover_enabled=&#8221;0&#8243; disabled_on=&#8221;off|off|off&#8221; _i=&#8221;4&#8243; _address=&#8221;0.1.1.4&#8243;]<\/p>\n<h4>Eventet \u00e4r nu fullt!<\/h4>\n<p>Tack f\u00f6r visat intresse och delta g\u00e4rna p\u00e5 n\u00e5got av v\u00e5ra kommande event.<\/p>\n<p>Om du har fr\u00e5gor kontakta Tommy Ytterstr\u00f6m<\/p>\n<p>[\/et_pb_text][\/et_pb_column][\/et_pb_row][\/et_pb_section]<\/p>\n","protected":false},"excerpt":{"rendered":"<p>V\u00e4lkommen till frukostseminariet Pro&amp;Pro InsightTema: Framg\u00e5ngsrik aff\u00e4rsutveckling baserat p\u00e5 information som r\u00e5vara Pro&amp;Pro Insight \u00e4r seminarium som ger dig inspiration och insikt i utmaningar och framtidsscenarion f\u00f6r omr\u00e5den i f\u00f6r\u00e4ndring. P\u00e5 Insight seminarium presenterar Pro&amp;Pro sina framtidanalyser med fokus p\u00e5 trender, insikter och v\u00e4gledning. Vi h\u00e4lsar dig varmt v\u00e4lkommen till \u00e5rets andra Pro&amp;Pro Insight som [&hellip;]<\/p>\n","protected":false},"author":1,"featured_media":0,"parent":0,"menu_order":0,"comment_status":"closed","ping_status":"closed","template":"","meta":{"_et_pb_use_builder":"on","_et_pb_old_content":"","_et_gb_content_width":"","footnotes":""},"folder":[95],"class_list":["post-6120","page","type-page","status-publish","hentry"],"_links":{"self":[{"href":"https:\/\/proandpro.se\/en\/wp-json\/wp\/v2\/pages\/6120","targetHints":{"allow":["GET"]}}],"collection":[{"href":"https:\/\/proandpro.se\/en\/wp-json\/wp\/v2\/pages"}],"about":[{"href":"https:\/\/proandpro.se\/en\/wp-json\/wp\/v2\/types\/page"}],"author":[{"embeddable":true,"href":"https:\/\/proandpro.se\/en\/wp-json\/wp\/v2\/users\/1"}],"replies":[{"embeddable":true,"href":"https:\/\/proandpro.se\/en\/wp-json\/wp\/v2\/comments?post=6120"}],"version-history":[{"count":14,"href":"https:\/\/proandpro.se\/en\/wp-json\/wp\/v2\/pages\/6120\/revisions"}],"predecessor-version":[{"id":6199,"href":"https:\/\/proandpro.se\/en\/wp-json\/wp\/v2\/pages\/6120\/revisions\/6199"}],"wp:attachment":[{"href":"https:\/\/proandpro.se\/en\/wp-json\/wp\/v2\/media?parent=6120"}],"wp:term":[{"taxonomy":"folder","embeddable":true,"href":"https:\/\/proandpro.se\/en\/wp-json\/wp\/v2\/folder?post=6120"}],"curies":[{"name":"wp","href":"https:\/\/api.w.org\/{rel}","templated":true}]}}