{"id":4618,"date":"2018-06-25T19:12:36","date_gmt":"2018-06-25T19:12:36","guid":{"rendered":"http:\/\/proandpro.se\/?page_id=4618"},"modified":"2019-01-24T13:20:19","modified_gmt":"2019-01-24T13:20:19","slug":"employer-branding","status":"publish","type":"page","link":"https:\/\/proandpro.se\/en\/employer-branding\/","title":{"rendered":"Pro&#038;Pro Insight &#8211; Employer Branding"},"content":{"rendered":"<p>[et_pb_section fb_built=&#8221;1&#8243; _builder_version=&#8221;3.12.2&#8243; max_width=&#8221;99%&#8221; module_alignment=&#8221;center&#8221; custom_padding=&#8221;18px|0px|54px|0px|false|false&#8221;][et_pb_row custom_padding=&#8221;0|0px|27px|0px|false|false&#8221; _builder_version=&#8221;3.0.48&#8243; background_size=&#8221;initial&#8221; background_position=&#8221;top_left&#8221; background_repeat=&#8221;repeat&#8221;][et_pb_column type=&#8221;4_4&#8243; _builder_version=&#8221;3.0.47&#8243; parallax=&#8221;off&#8221; parallax_method=&#8221;on&#8221;][et_pb_image src=&#8221;https:\/\/media.proandpro.se\/2018\/12\/Employer_branding_3.jpg&#8221; disabled_on=&#8221;on|on|&#8221; _builder_version=&#8221;3.19.1&#8243;][\/et_pb_image][et_pb_image src=&#8221;https:\/\/media.proandpro.se\/2018\/12\/Employer_branding2.jpg&#8221; disabled_on=&#8221;||on&#8221; _builder_version=&#8221;3.19.1&#8243;][\/et_pb_image][et_pb_text _builder_version=&#8221;3.19.1&#8243;]<\/p>\n<h3>V\u00e4lkommen till frukostseminariet Pro&amp;Pro Insight<\/h3>\n<p>[\/et_pb_text][\/et_pb_column][\/et_pb_row][et_pb_row custom_padding=&#8221;0|0px|27px|0px|false|false&#8221; _builder_version=&#8221;3.12.2&#8243; background_size=&#8221;initial&#8221; background_position=&#8221;top_left&#8221; background_repeat=&#8221;repeat&#8221;][et_pb_column type=&#8221;2_3&#8243; _builder_version=&#8221;3.0.47&#8243; parallax=&#8221;off&#8221; parallax_method=&#8221;on&#8221;][et_pb_text _builder_version=&#8221;3.19.2&#8243; header_font=&#8221;||||||||&#8221; header_3_font=&#8221;||||||||&#8221; header_3_font_size=&#8221;20px&#8221; header_3_line_height=&#8221;1.3em&#8221; header_4_font=&#8221;||||||||&#8221; header_4_font_size=&#8221;16px&#8221; header_4_line_height=&#8221;1.2em&#8221; header_4_line_height_last_edited=&#8221;off|desktop&#8221; max_width=&#8221;99%&#8221; module_alignment=&#8221;center&#8221; custom_margin_last_edited=&#8221;on|&#8221;]<\/p>\n<h3>Tema: Employer Branding<\/h3>\n<h4>Strategier f\u00f6r att bli mer framg\u00e5ngsrik i att attrahera och beh\u00e5lla r\u00e4tt kompetens<\/h4>\n<p>Pro&amp;Pro Insight \u00e4r seminarium som ger dig inspiration och insikt i utmaningar och framtidsscenarion f\u00f6r omr\u00e5den i f\u00f6r\u00e4ndring. P\u00e5 Insight seminarium presenterar Pro&amp;Pro sina framtidsanalyser med fokus p\u00e5 trender och scenarion.<\/p>\n<p>Vi h\u00e4lsar dig varmt v\u00e4lkommen till \u00e5rets f\u00f6rsta Pro&amp;Pro Insight som \u00e4gnas \u00e5t Employer Branding. Ett omr\u00e5de som handlar om att veta vad du vill signalera gentemot potentiella medarbetare och att l\u00e5ta de befintliga medarbetarna vara stolta b\u00e4rare av varum\u00e4rket. Det handlar ocks\u00e5 om att h\u00e5lla sig uppdaterad om olika generationers arbetslivsv\u00e4rderingar.<\/p>\n<p>Utifr\u00e5n v\u00e5r omv\u00e4rldsanalys av kompetensl\u00e4get i Sundsvall som case presenterar vi i denna f\u00f6rel\u00e4sning en rad viktiga faktorer som p\u00e5verkar ditt arbetsgivarvarum\u00e4rke. Syftet med seminariet \u00e4r att ge dig som ledare eller chef strategier f\u00f6r att bli mer framg\u00e5ngsrik i att attrahera och beh\u00e5lla r\u00e4tt kompetens.<\/p>\n<p>Genom deltagande p\u00e5 seminariet f\u00e5r du:<\/p>\n<ul>\n<li>Omv\u00e4rldsanalys kring kompetensl\u00e4get i Sundsvall som case<\/li>\n<li>F\u00f6ruts\u00e4ttningar f\u00f6r att attrahera och beh\u00e5lla r\u00e4tt kompetens<\/li>\n<li>Strategier f\u00f6r att attrahera och beh\u00e5lla r\u00e4tt kompetens<\/li>\n<li>Specifika insikter och strategier f\u00f6r olika branscher och f\u00f6retagsstorlekar<\/li>\n<li>Faktorer och parametrar som styr omr\u00e5det in i framtiden<\/li>\n<li>Utv\u00e4rdering av ert employer brand<\/li>\n<li>Ta del av modeller f\u00f6r framtidsanalyser<\/li>\n<\/ul>\n<p>F\u00f6rel\u00e4ser g\u00f6r Linn Madsen, managementkonsult och ansvarig f\u00f6r Employer Branding inom Pro&amp;Pro samt Emil Lindgren, junior managementkonsult Pro&amp;Pro.<\/p>\n<p><img loading=\"lazy\" decoding=\"async\" class=\"wp-image-5179 size-full aligncenter\" src=\"https:\/\/media.proandpro.se\/2019\/01\/EmilLinn1.jpg\" alt=\"\" width=\"1318\" height=\"501\" srcset=\"https:\/\/media.proandpro.se\/2019\/01\/EmilLinn1.jpg 1318w, https:\/\/media.proandpro.se\/2019\/01\/EmilLinn1-300x114.jpg 300w, https:\/\/media.proandpro.se\/2019\/01\/EmilLinn1-768x292.jpg 768w, https:\/\/media.proandpro.se\/2019\/01\/EmilLinn1-1024x389.jpg 1024w, https:\/\/media.proandpro.se\/2019\/01\/EmilLinn1-1080x411.jpg 1080w\" sizes=\"(max-width: 1318px) 100vw, 1318px\" \/><\/p>\n<p>&nbsp;<\/p>\n<p><strong>Om du har fr\u00e5gor kontakta<\/strong><br \/>Tommy Ytterstr\u00f6m, VD Pro&amp;Pro<br \/>070 \u2013 67 37 200<br \/>tommy.ytterstrom@proandpro.se<\/p>\n<p>Linn Madsen, ansvarig Employer Branding<br \/>070 \u2013 663 5571<br \/>linn.madsen@proandpro.se<\/p>\n<p>[\/et_pb_text][\/et_pb_column][et_pb_column type=&#8221;1_3&#8243; _builder_version=&#8221;3.0.47&#8243; parallax=&#8221;off&#8221; parallax_method=&#8221;on&#8221;][et_pb_text _builder_version=&#8221;3.19.1&#8243;]<\/p>\n<h2>Program<\/h2>\n<p>08.00 Frukost<br \/>08.15 F\u00f6rel\u00e4sning<br \/>09.15 Avslutning<\/p>\n<p>[\/et_pb_text][et_pb_text _builder_version=&#8221;3.19.1&#8243;]<\/p>\n<h3>Tid och plats<\/h3>\n<p>Fredag den 22 februari<br \/>Frukost fr\u00e5n 08.00<br \/>Pro&amp;Pro<br \/>Storgatan 29, Sundsvall<\/p>\n<p>Anm\u00e4lan senast 15 februari<\/p>\n<p>[\/et_pb_text][et_pb_contact_form captcha=&#8221;off&#8221; email=&#8221;markus.marklund@proandpro.se, tommy.ytterstrom@proandpro.se, linn.madsen@proandpro.se&#8221; title=&#8221;Anm\u00e4lan &#8221; custom_message=&#8221;Anm\u00e4lan http:\/\/proandpro.se\/wp-admin\/post.php?post=4618&#038;action=edit#||et_pb_line_break_holder||ProAndPro Insight &#8211; Employer Branding||et_pb_line_break_holder||||et_pb_line_break_holder||Namn: %%Name%%||et_pb_line_break_holder||E-post: %%Email%%||et_pb_line_break_holder||Telefon: %%Telefon%%||et_pb_line_break_holder||Personuppgifter: %%GDPR%%||et_pb_line_break_holder||Meddelande: %%Message%%&#8221; success_message=&#8221;Tack f\u00f6r din anm\u00e4lan till Pro&#038;Pro Insight. Du kommer att f\u00e5 en personlig bekr\u00e4ftelse via e-post. &#8221; disabled_on=&#8221;on|on|on&#8221; module_id=&#8221;et_pb_contact_form_0&#8243; _builder_version=&#8221;3.19.6&#8243; disabled=&#8221;on&#8221;][et_pb_contact_field field_id=&#8221;Name&#8221; field_title=&#8221;Namn&#8221; fullwidth_field=&#8221;on&#8221; _builder_version=&#8221;3.16&#8243; button_text_size__hover_enabled=&#8221;off&#8221; button_one_text_size__hover_enabled=&#8221;off&#8221; button_two_text_size__hover_enabled=&#8221;off&#8221; button_text_color__hover_enabled=&#8221;off&#8221; button_one_text_color__hover_enabled=&#8221;off&#8221; button_two_text_color__hover_enabled=&#8221;off&#8221; button_border_width__hover_enabled=&#8221;off&#8221; button_one_border_width__hover_enabled=&#8221;off&#8221; button_two_border_width__hover_enabled=&#8221;off&#8221; button_border_color__hover_enabled=&#8221;off&#8221; button_one_border_color__hover_enabled=&#8221;off&#8221; button_two_border_color__hover_enabled=&#8221;off&#8221; button_border_radius__hover_enabled=&#8221;off&#8221; button_one_border_radius__hover_enabled=&#8221;off&#8221; button_two_border_radius__hover_enabled=&#8221;off&#8221; button_letter_spacing__hover_enabled=&#8221;off&#8221; button_one_letter_spacing__hover_enabled=&#8221;off&#8221; button_two_letter_spacing__hover_enabled=&#8221;off&#8221; button_bg_color__hover_enabled=&#8221;off&#8221; button_one_bg_color__hover_enabled=&#8221;off&#8221; button_two_bg_color__hover_enabled=&#8221;off&#8221;][\/et_pb_contact_field][et_pb_contact_field field_id=&#8221;Email&#8221; field_title=&#8221;E-postadress&#8221; field_type=&#8221;email&#8221; fullwidth_field=&#8221;on&#8221; _builder_version=&#8221;3.16&#8243; button_text_size__hover_enabled=&#8221;off&#8221; button_one_text_size__hover_enabled=&#8221;off&#8221; button_two_text_size__hover_enabled=&#8221;off&#8221; button_text_color__hover_enabled=&#8221;off&#8221; button_one_text_color__hover_enabled=&#8221;off&#8221; button_two_text_color__hover_enabled=&#8221;off&#8221; button_border_width__hover_enabled=&#8221;off&#8221; button_one_border_width__hover_enabled=&#8221;off&#8221; button_two_border_width__hover_enabled=&#8221;off&#8221; button_border_color__hover_enabled=&#8221;off&#8221; button_one_border_color__hover_enabled=&#8221;off&#8221; button_two_border_color__hover_enabled=&#8221;off&#8221; button_border_radius__hover_enabled=&#8221;off&#8221; button_one_border_radius__hover_enabled=&#8221;off&#8221; button_two_border_radius__hover_enabled=&#8221;off&#8221; button_letter_spacing__hover_enabled=&#8221;off&#8221; button_one_letter_spacing__hover_enabled=&#8221;off&#8221; button_two_letter_spacing__hover_enabled=&#8221;off&#8221; button_bg_color__hover_enabled=&#8221;off&#8221; button_one_bg_color__hover_enabled=&#8221;off&#8221; button_two_bg_color__hover_enabled=&#8221;off&#8221;][\/et_pb_contact_field][et_pb_contact_field field_id=&#8221;Telefon&#8221; field_title=&#8221;Mobilnummer&#8221; fullwidth_field=&#8221;on&#8221; _builder_version=&#8221;3.16&#8243; button_text_size__hover_enabled=&#8221;off&#8221; button_one_text_size__hover_enabled=&#8221;off&#8221; button_two_text_size__hover_enabled=&#8221;off&#8221; button_text_color__hover_enabled=&#8221;off&#8221; button_one_text_color__hover_enabled=&#8221;off&#8221; button_two_text_color__hover_enabled=&#8221;off&#8221; button_border_width__hover_enabled=&#8221;off&#8221; button_one_border_width__hover_enabled=&#8221;off&#8221; button_two_border_width__hover_enabled=&#8221;off&#8221; button_border_color__hover_enabled=&#8221;off&#8221; button_one_border_color__hover_enabled=&#8221;off&#8221; button_two_border_color__hover_enabled=&#8221;off&#8221; button_border_radius__hover_enabled=&#8221;off&#8221; button_one_border_radius__hover_enabled=&#8221;off&#8221; button_two_border_radius__hover_enabled=&#8221;off&#8221; button_letter_spacing__hover_enabled=&#8221;off&#8221; button_one_letter_spacing__hover_enabled=&#8221;off&#8221; button_two_letter_spacing__hover_enabled=&#8221;off&#8221; button_bg_color__hover_enabled=&#8221;off&#8221; button_one_bg_color__hover_enabled=&#8221;off&#8221; button_two_bg_color__hover_enabled=&#8221;off&#8221;][\/et_pb_contact_field][et_pb_contact_field field_id=&#8221;Message&#8221; field_title=&#8221;Meddelande&#8221; field_type=&#8221;text&#8221; required_mark=&#8221;off&#8221; fullwidth_field=&#8221;on&#8221; _builder_version=&#8221;3.19.1&#8243; button_text_size__hover_enabled=&#8221;off&#8221; button_one_text_size__hover_enabled=&#8221;off&#8221; button_two_text_size__hover_enabled=&#8221;off&#8221; button_text_color__hover_enabled=&#8221;off&#8221; button_one_text_color__hover_enabled=&#8221;off&#8221; button_two_text_color__hover_enabled=&#8221;off&#8221; button_border_width__hover_enabled=&#8221;off&#8221; button_one_border_width__hover_enabled=&#8221;off&#8221; button_two_border_width__hover_enabled=&#8221;off&#8221; button_border_color__hover_enabled=&#8221;off&#8221; button_one_border_color__hover_enabled=&#8221;off&#8221; button_two_border_color__hover_enabled=&#8221;off&#8221; button_border_radius__hover_enabled=&#8221;off&#8221; button_one_border_radius__hover_enabled=&#8221;off&#8221; button_two_border_radius__hover_enabled=&#8221;off&#8221; button_letter_spacing__hover_enabled=&#8221;off&#8221; button_one_letter_spacing__hover_enabled=&#8221;off&#8221; button_two_letter_spacing__hover_enabled=&#8221;off&#8221; button_bg_color__hover_enabled=&#8221;off&#8221; button_one_bg_color__hover_enabled=&#8221;off&#8221; button_two_bg_color__hover_enabled=&#8221;off&#8221;][\/et_pb_contact_field][et_pb_contact_field field_id=&#8221;GDPR&#8221; field_title=&#8221;Personuppgifter&#8221; field_type=&#8221;checkbox&#8221; checkbox_options=&#8221;%91{%22value%22:%22Jag samtycker till behandling av mina personuppgifter%22,%22checked%22:0}%93&#8243; fullwidth_field=&#8221;on&#8221; _builder_version=&#8221;3.16&#8243; button_text_size__hover_enabled=&#8221;off&#8221; button_one_text_size__hover_enabled=&#8221;off&#8221; button_two_text_size__hover_enabled=&#8221;off&#8221; button_text_color__hover_enabled=&#8221;off&#8221; button_one_text_color__hover_enabled=&#8221;off&#8221; button_two_text_color__hover_enabled=&#8221;off&#8221; button_border_width__hover_enabled=&#8221;off&#8221; button_one_border_width__hover_enabled=&#8221;off&#8221; button_two_border_width__hover_enabled=&#8221;off&#8221; button_border_color__hover_enabled=&#8221;off&#8221; button_one_border_color__hover_enabled=&#8221;off&#8221; button_two_border_color__hover_enabled=&#8221;off&#8221; button_border_radius__hover_enabled=&#8221;off&#8221; button_one_border_radius__hover_enabled=&#8221;off&#8221; button_two_border_radius__hover_enabled=&#8221;off&#8221; button_letter_spacing__hover_enabled=&#8221;off&#8221; button_one_letter_spacing__hover_enabled=&#8221;off&#8221; button_two_letter_spacing__hover_enabled=&#8221;off&#8221; button_bg_color__hover_enabled=&#8221;off&#8221; button_one_bg_color__hover_enabled=&#8221;off&#8221; button_two_bg_color__hover_enabled=&#8221;off&#8221;][\/et_pb_contact_field][\/et_pb_contact_form][et_pb_text disabled_on=&#8221;on|on|on&#8221; _builder_version=&#8221;3.19.6&#8243; disabled=&#8221;on&#8221;]<\/p>\n<p>L\u00e4s mer om v\u00e5r hantering av dina <a href=\"http:\/\/proandpro.se\/personuppgifter\/\" target=\"_blank\" rel=\"noopener\">personuppgifter<\/a><\/p>\n<p>[\/et_pb_text][et_pb_text _builder_version=&#8221;3.19.6&#8243;]<\/p>\n<h4>Eventet \u00e4r nu fullt!<\/h4>\n<p>Tack f\u00f6r visat intresse och delta g\u00e4rna p\u00e5 n\u00e5got av v\u00e5ra kommande event.<\/p>\n<p>Om du har fr\u00e5gor kontakta Tommy Ytterstr\u00f6m<\/p>\n<p>[\/et_pb_text][\/et_pb_column][\/et_pb_row][\/et_pb_section]<\/p>\n","protected":false},"excerpt":{"rendered":"<p>V\u00e4lkommen till frukostseminariet Pro&amp;Pro InsightTema: Employer Branding Strategier f\u00f6r att bli mer framg\u00e5ngsrik i att attrahera och beh\u00e5lla r\u00e4tt kompetens Pro&amp;Pro Insight \u00e4r seminarium som ger dig inspiration och insikt i utmaningar och framtidsscenarion f\u00f6r omr\u00e5den i f\u00f6r\u00e4ndring. P\u00e5 Insight seminarium presenterar Pro&amp;Pro sina framtidsanalyser med fokus p\u00e5 trender och scenarion. Vi h\u00e4lsar dig varmt [&hellip;]<\/p>\n","protected":false},"author":1,"featured_media":0,"parent":0,"menu_order":0,"comment_status":"closed","ping_status":"closed","template":"","meta":{"_et_pb_use_builder":"on","_et_pb_old_content":"<p>[et_pb_section bb_built=\"1\"][et_pb_row][et_pb_column type=\"4_4\"][et_pb_image _builder_version=\"3.8\" src=\"https:\/\/media.proandpro.se\/2017\/08\/Forsakring-1280x360.jpg\" disabled=\"off\" disabled_on=\"on|on|\" \/][et_pb_image _builder_version=\"3.8\" src=\"https:\/\/media.proandpro.se\/2017\/07\/Forsakring_2400x220.jpg\" disabled=\"off\" disabled_on=\"||on\" \/][\/et_pb_column][\/et_pb_row][et_pb_row][et_pb_column type=\"2_3\"][et_pb_text _builder_version=\"3.8\" \/][\/et_pb_column][et_pb_column type=\"1_3\"][\/et_pb_column][\/et_pb_row][\/et_pb_section]<\/p>","_et_gb_content_width":"","footnotes":""},"folder":[95],"class_list":["post-4618","page","type-page","status-publish","hentry"],"_links":{"self":[{"href":"https:\/\/proandpro.se\/en\/wp-json\/wp\/v2\/pages\/4618","targetHints":{"allow":["GET"]}}],"collection":[{"href":"https:\/\/proandpro.se\/en\/wp-json\/wp\/v2\/pages"}],"about":[{"href":"https:\/\/proandpro.se\/en\/wp-json\/wp\/v2\/types\/page"}],"author":[{"embeddable":true,"href":"https:\/\/proandpro.se\/en\/wp-json\/wp\/v2\/users\/1"}],"replies":[{"embeddable":true,"href":"https:\/\/proandpro.se\/en\/wp-json\/wp\/v2\/comments?post=4618"}],"version-history":[{"count":76,"href":"https:\/\/proandpro.se\/en\/wp-json\/wp\/v2\/pages\/4618\/revisions"}],"predecessor-version":[{"id":5258,"href":"https:\/\/proandpro.se\/en\/wp-json\/wp\/v2\/pages\/4618\/revisions\/5258"}],"wp:attachment":[{"href":"https:\/\/proandpro.se\/en\/wp-json\/wp\/v2\/media?parent=4618"}],"wp:term":[{"taxonomy":"folder","embeddable":true,"href":"https:\/\/proandpro.se\/en\/wp-json\/wp\/v2\/folder?post=4618"}],"curies":[{"name":"wp","href":"https:\/\/api.w.org\/{rel}","templated":true}]}}