{"id":12309,"date":"2023-05-10T17:37:15","date_gmt":"2023-05-10T17:37:15","guid":{"rendered":"https:\/\/proandpro.se\/?page_id=12309"},"modified":"2023-05-15T09:40:26","modified_gmt":"2023-05-15T09:40:26","slug":"forandringsledning","status":"publish","type":"page","link":"https:\/\/proandpro.se\/en\/utbildningar\/forandringsledning\/","title":{"rendered":"F\u00f6r\u00e4ndringsledning"},"content":{"rendered":"<p>[et_pb_section fb_built=&#8221;1&#8243; fullwidth=&#8221;on&#8221; _builder_version=&#8221;4.17.4&#8243; _module_preset=&#8221;default&#8221; custom_padding=&#8221;0px||0px||false|false&#8221; global_colors_info=&#8221;{}&#8221;][et_pb_fullwidth_image src=&#8221;http:\/\/media.protopro.se\/2022\/06\/Ledarskap-pa-distans-1200&#215;300-1.jpg&#8221; title_text=&#8221;Video Conference Call in Office Boardroom Meeting Room: Executiv&#8221; src_tablet=&#8221;http:\/\/media.protopro.se\/2022\/06\/AdobeStock_479612236-scaled.jpeg&#8221; src_phone=&#8221;http:\/\/media.protopro.se\/2022\/06\/Ledarskap-pa-distans-1200&#215;800-1.jpg&#8221; src_last_edited=&#8221;on|desktop&#8221; _builder_version=&#8221;4.17.4&#8243; _module_preset=&#8221;default&#8221; custom_margin=&#8221;||||false|false&#8221; custom_padding=&#8221;||||false|false&#8221; global_colors_info=&#8221;{}&#8221;][\/et_pb_fullwidth_image][\/et_pb_section][et_pb_section fb_built=&#8221;1&#8243; _builder_version=&#8221;4.17.4&#8243; _module_preset=&#8221;default&#8221; custom_padding=&#8221;10px||||false|false&#8221; global_colors_info=&#8221;{}&#8221;][et_pb_row column_structure=&#8221;2_3,1_3&#8243; _builder_version=&#8221;4.17.4&#8243; _module_preset=&#8221;default&#8221; global_colors_info=&#8221;{}&#8221;][et_pb_column type=&#8221;2_3&#8243; _builder_version=&#8221;4.17.4&#8243; _module_preset=&#8221;default&#8221; global_colors_info=&#8221;{}&#8221;][et_pb_blurb title=&#8221;F\u00f6r\u00e4ndringsledning&#8221; _builder_version=&#8221;4.20.4&#8243; _module_preset=&#8221;default&#8221; header_level=&#8221;h1&#8243; header_font=&#8221;Poppins|300|||||||&#8221; header_font_size=&#8221;48px&#8221; body_font=&#8221;Poppins|300|||||||&#8221; body_font_size=&#8221;20px&#8221; header_font_size_tablet=&#8221;48px&#8221; header_font_size_phone=&#8221;32px&#8221; header_font_size_last_edited=&#8221;on|phone&#8221; body_font_size_tablet=&#8221;20px&#8221; body_font_size_phone=&#8221;16px&#8221; body_font_size_last_edited=&#8221;on|phone&#8221; global_colors_info=&#8221;{}&#8221;]<em>Kursen ger dig grundl\u00e4ggande kunskap om modeller och verktyg f\u00f6r att planera och genomf\u00f6ra en h\u00e5llbar f\u00f6r\u00e4ndring<\/em><br \/>\n[\/et_pb_blurb][et_pb_blurb _builder_version=&#8221;4.20.4&#8243; _module_preset=&#8221;default&#8221; body_font=&#8221;Poppins|300|||||||&#8221; body_font_size=&#8221;16px&#8221; global_colors_info=&#8221;{}&#8221;]Detta \u00e4r en kurs f\u00f6r dig som vill veta mer om vad en f\u00f6r\u00e4ndring \u00e4r, hur det p\u00e5verkar oss och vad vi kan g\u00f6ra f\u00f6r att bli mer framg\u00e5ngsrika i v\u00e5ra f\u00f6r\u00e4ndringar. Kursen ger dig grundl\u00e4ggande kunskap om modeller och verktyg f\u00f6r att planera och genomf\u00f6ra en h\u00e5llbar f\u00f6r\u00e4ndring.<\/p>\n<p>F\u00f6r\u00e4ndring sker hela tiden och alla som driver, eller p\u00e5verkas, av detta har stor nytta av en grundl\u00e4ggande f\u00f6rst\u00e5else om de processer som p\u00e5g\u00e5r innan, under och efter en f\u00f6r\u00e4ndring.<br \/>\n[\/et_pb_blurb][et_pb_blurb title=&#8221;F\u00f6r vem?&#8221; use_icon=&#8221;on&#8221; font_icon=&#8221;&#xf007;||fa||900&#8243; icon_color=&#8221;#32c5f4&#8243; icon_placement=&#8221;left&#8221; _builder_version=&#8221;4.17.1&#8243; _module_preset=&#8221;default&#8221; header_level=&#8221;h3&#8243; header_font=&#8221;Poppins|300|||||||&#8221; header_font_size=&#8221;34px&#8221; animation=&#8221;off&#8221; global_colors_info=&#8221;{}&#8221;][\/et_pb_blurb][et_pb_blurb _builder_version=&#8221;4.20.4&#8243; _module_preset=&#8221;default&#8221; body_font=&#8221;Poppins|300|||||||&#8221; body_font_size=&#8221;16px&#8221; custom_margin=&#8221;-4%||||false|false&#8221; global_colors_info=&#8221;{}&#8221;]Utbildningen riktar sig till alla som vill f\u00f6rdjupa sina kunskaper om f\u00f6r\u00e4ndring och f\u00f6r\u00e4ndringsledning och som arbetar inom kommunal f\u00f6rvaltning eller i kommunala bolag i V\u00e4sternorrlands l\u00e4n. Utbildningen \u00e4r en del av v\u00e5r l\u00e4nsgemensamma utbildningssatsning.<br \/>\n[\/et_pb_blurb][et_pb_blurb title=&#8221;Vilka f\u00f6rkunskaper kr\u00e4vs?&#8221; use_icon=&#8221;on&#8221; font_icon=&#8221;&#xf19d;||fa||900&#8243; icon_color=&#8221;#32c5f4&#8243; icon_placement=&#8221;left&#8221; _builder_version=&#8221;4.17.1&#8243; _module_preset=&#8221;default&#8221; header_level=&#8221;h3&#8243; header_font=&#8221;Poppins|300|||||||&#8221; header_font_size=&#8221;34px&#8221; animation=&#8221;off&#8221; global_colors_info=&#8221;{}&#8221;][\/et_pb_blurb][et_pb_blurb _builder_version=&#8221;4.20.4&#8243; _module_preset=&#8221;default&#8221; body_font=&#8221;Poppins|300|||||||&#8221; body_font_size=&#8221;16px&#8221; custom_margin=&#8221;-4%||||false|false&#8221; global_colors_info=&#8221;{}&#8221;]Utbildningen kr\u00e4ver inga speciella f\u00f6rkunskaper, utan den riktar sig till alla\u00a0som vill utveckla sina f\u00e4rdigheter inom f\u00f6r\u00e4ndringsledning och som arbetar inom kommunal f\u00f6rvaltning eller i kommunala bolag.<br \/>\n[\/et_pb_blurb][et_pb_blurb title=&#8221;Syfte och m\u00e5l&#8221; use_icon=&#8221;on&#8221; font_icon=&#8221;&#xf140;||fa||900&#8243; icon_color=&#8221;#32c5f4&#8243; icon_placement=&#8221;left&#8221; _builder_version=&#8221;4.17.1&#8243; _module_preset=&#8221;default&#8221; header_level=&#8221;h3&#8243; header_font=&#8221;Poppins|300|||||||&#8221; header_font_size=&#8221;34px&#8221; animation=&#8221;off&#8221; global_colors_info=&#8221;{}&#8221;][\/et_pb_blurb][et_pb_blurb _builder_version=&#8221;4.20.4&#8243; _module_preset=&#8221;default&#8221; body_font=&#8221;Poppins|300|||||||&#8221; body_font_size=&#8221;16px&#8221; custom_margin=&#8221;-4%||||false|false&#8221; custom_padding=&#8221;||0px|||&#8221; global_colors_info=&#8221;{}&#8221;]Efter genomg\u00e5ngen utbildning har du en grundl\u00e4ggande bild av f\u00f6r\u00e4ndringsarbete, vad det inneb\u00e4r utifr\u00e5n ett ledar- och medarbetarperspektiv samt n\u00e5gra konkreta verktyg f\u00f6r att leda f\u00f6r\u00e4ndring i din organisation.<br \/>\n[\/et_pb_blurb][\/et_pb_column][et_pb_column type=&#8221;1_3&#8243; _builder_version=&#8221;4.17.4&#8243; _module_preset=&#8221;default&#8221; global_colors_info=&#8221;{}&#8221;][et_pb_blurb title=&#8221;Information&#8221; _builder_version=&#8221;4.20.4&#8243; _module_preset=&#8221;default&#8221; header_level=&#8221;h3&#8243; header_font=&#8221;Poppins|600|||||||&#8221; header_text_color=&#8221;#FFFFFF&#8221; header_font_size=&#8221;22px&#8221; body_font=&#8221;Poppins|300|||||||&#8221; body_text_color=&#8221;#FFFFFF&#8221; body_font_size=&#8221;15px&#8221; body_line_height=&#8221;1em&#8221; body_link_font=&#8221;Poppins||||||||&#8221; body_link_text_color=&#8221;#FFFFFF&#8221; background_color=&#8221;rgba(50,197,244,0.8)&#8221; custom_margin=&#8221;||0px||false|false&#8221; custom_padding=&#8221;10%||5%|5%|false|false&#8221; border_radii=&#8221;off|20px|20px||&#8221; global_colors_info=&#8221;{}&#8221; body_link_text_color__hover_enabled=&#8221;on|hover&#8221; body_link_text_color__hover=&#8221;#0C71C3&#8243;]L\u00e4ngd: <strong>2 dagar\u00a0<\/strong><\/p>\n<p>Pris: <strong>3 800<\/strong><strong> kr<\/strong><\/p>\n<p>Plats: <strong>Sambiblioteket<\/strong>, H\u00e4rn\u00f6sand<\/p>\n<p>Utbildare: <a href=\"#Utbildare\"><strong>M\u00e5ns Fahlander<\/strong><\/a><br \/>\n[\/et_pb_blurb][et_pb_contact_form use_spam_service=&#8221;on&#8221; recaptcha_list=&#8221;Google reCAPTCHA|Google reCAPTCHA-0&#8243; email=&#8221;bnnb5g41contactform@robot.zapier.com, markus.marklund@proandpro.se, mans.fahlander@proandpro.se&#8221; title=&#8221;Anm\u00e4l intresse&#8221; custom_message=&#8221;Intresseanm\u00e4lan till utbildning||et_pb_line_break_holder||||et_pb_line_break_holder||Utbildning: F\u00f6r\u00e4ndringsledning||et_pb_line_break_holder||Namn: %%Namn%%||et_pb_line_break_holder||E-post: %%E-post%%||et_pb_line_break_holder||Telefon: %%Telefon%%&#8221; success_message=&#8221;Tack f\u00f6r ditt intresse. N\u00e4r din intresseanm\u00e4lan har registrerats kommer du f\u00e5 en bekr\u00e4ftelse via mail inneh\u00e5llande mer information.&#8221; submit_button_text=&#8221;Skicka&#8221; _builder_version=&#8221;4.20.4&#8243; _module_preset=&#8221;default&#8221; _unique_id=&#8221;2eaac099-1661-43c1-88bd-56479cb8f583&#8243; form_field_background_color=&#8221;#FFFFFF&#8221; form_field_custom_margin=&#8221;-2.6%||||false|false&#8221; form_field_custom_padding=&#8221;||||false|false&#8221; title_level=&#8221;h3&#8243; title_font=&#8221;Poppins|600|||||||&#8221; title_text_color=&#8221;#FFFFFF&#8221; title_font_size=&#8221;20px&#8221; captcha_font=&#8221;Poppins|300|||||||&#8221; captcha_text_color=&#8221;#FFFFFF&#8221; captcha_font_size=&#8221;18px&#8221; form_field_font=&#8221;Poppins||||||||&#8221; form_field_font_size=&#8221;18px&#8221; background_color=&#8221;rgba(50,197,244,0.8)&#8221; custom_button=&#8221;on&#8221; button_text_size=&#8221;20px&#8221; button_text_color=&#8221;#636363&#8243; button_bg_color=&#8221;#FFFFFF&#8221; button_border_width=&#8221;0px&#8221; button_font=&#8221;Poppins|300|||||||&#8221; button_use_icon=&#8221;off&#8221; button_custom_margin=&#8221;5%||||false|false&#8221; button_custom_padding=&#8221;||||false|false&#8221; custom_margin=&#8221;0px||0px||true|false&#8221; custom_padding=&#8221;7.5%|5%|7.5%|5%|false|false&#8221; hover_enabled=&#8221;0&#8243; custom_css_contact_button=&#8221;text-align: center;&#8221; border_width_bottom=&#8221;1px&#8221; border_color_bottom=&#8221;rgba(12,113,195,0.4)&#8221; global_colors_info=&#8221;{}&#8221; sticky_enabled=&#8221;0&#8243;][et_pb_contact_field field_id=&#8221;Namn&#8221; field_title=&#8221;Namn&#8221; fullwidth_field=&#8221;on&#8221; _builder_version=&#8221;4.17.4&#8243; _module_preset=&#8221;default&#8221; global_colors_info=&#8221;{}&#8221;][\/et_pb_contact_field][et_pb_contact_field field_id=&#8221;E-post&#8221; field_title=&#8221;E-post&#8221; field_type=&#8221;email&#8221; fullwidth_field=&#8221;on&#8221; _builder_version=&#8221;4.17.4&#8243; _module_preset=&#8221;default&#8221; global_colors_info=&#8221;{}&#8221;][\/et_pb_contact_field][et_pb_contact_field field_id=&#8221;Telefon&#8221; field_title=&#8221;Telefon&#8221; fullwidth_field=&#8221;on&#8221; _builder_version=&#8221;4.17.4&#8243; _module_preset=&#8221;default&#8221; global_colors_info=&#8221;{}&#8221;][\/et_pb_contact_field][\/et_pb_contact_form][et_pb_blurb title=&#8221;Har du fr\u00e5gor eller vill veta mer?&#8221; _builder_version=&#8221;4.17.1&#8243; _module_preset=&#8221;default&#8221; header_level=&#8221;h3&#8243; header_font=&#8221;Poppins|600|||||||&#8221; header_text_color=&#8221;#FFFFFF&#8221; header_font_size=&#8221;22px&#8221; body_font=&#8221;Poppins|300|||||||&#8221; body_text_color=&#8221;#FFFFFF&#8221; body_font_size=&#8221;15px&#8221; body_line_height=&#8221;1em&#8221; body_link_font=&#8221;Poppins||||on|||#FFFFFF|&#8221; body_link_text_color=&#8221;#FFFFFF&#8221; background_color=&#8221;rgba(50,197,244,0.8)&#8221; custom_margin=&#8221;0px||||false|false&#8221; custom_padding=&#8221;5%||5%|5%|false|false&#8221; border_radii=&#8221;off|||15px|15px&#8221; global_colors_info=&#8221;{}&#8221; body_text_color__hover_enabled=&#8221;on|hover&#8221; body_text_color__hover=&#8221;#0C71C3&#8243; body_link_text_color__hover_enabled=&#8221;on|hover&#8221; body_link_text_color__hover=&#8221;#0C71C3&#8243;]<a href=\"#Utbildare\">Kontakta utbildningsansvarig<\/a><br \/>\n[\/et_pb_blurb][\/et_pb_column][\/et_pb_row][\/et_pb_section][et_pb_section fb_built=&#8221;1&#8243; _builder_version=&#8221;4.17.1&#8243; _module_preset=&#8221;default&#8221; background_color=&#8221;rgba(50,197,244,0.15)&#8221; custom_margin=&#8221;-2.5%||||false|false&#8221; locked=&#8221;off&#8221; global_colors_info=&#8221;{}&#8221;][et_pb_row column_structure=&#8221;2_3,1_3&#8243; custom_padding_last_edited=&#8221;on|phone&#8221; _builder_version=&#8221;4.17.1&#8243; _module_preset=&#8221;default&#8221; custom_margin=&#8221;-40px||||false|false&#8221; custom_padding=&#8221;|||25px|false|false&#8221; custom_padding_tablet=&#8221;|||25px|false|false&#8221; custom_padding_phone=&#8221;|0px||0px|false|false&#8221; global_colors_info=&#8221;{}&#8221;][et_pb_column type=&#8221;2_3&#8243; _builder_version=&#8221;4.17.4&#8243; _module_preset=&#8221;default&#8221; global_colors_info=&#8221;{}&#8221;][et_pb_blurb title=&#8221;Utbildningens inneh\u00e5ll och uppl\u00e4gg&#8221; use_icon=&#8221;on&#8221; font_icon=&#8221;&#xf06a;||fa||900&#8243; icon_color=&#8221;#32c5f4&#8243; icon_placement=&#8221;left&#8221; content_max_width=&#8221;86%&#8221; _builder_version=&#8221;4.17.1&#8243; _module_preset=&#8221;default&#8221; header_level=&#8221;h3&#8243; header_font=&#8221;Poppins|300|||||||&#8221; header_font_size=&#8221;34px&#8221; animation=&#8221;off&#8221; locked=&#8221;off&#8221; global_colors_info=&#8221;{}&#8221;][\/et_pb_blurb][et_pb_blurb content_max_width=&#8221;86%&#8221; _builder_version=&#8221;4.20.4&#8243; _module_preset=&#8221;default&#8221; body_font=&#8221;Poppins|300|||||||&#8221; body_font_size=&#8221;16px&#8221; custom_margin=&#8221;-2.5%||||false|false&#8221; locked=&#8221;off&#8221; global_colors_info=&#8221;{}&#8221;]Alla pratar om f\u00f6r\u00e4ndring och v\u00e5rt behov av att st\u00e4ndigt utvecklas. Men vad inneb\u00e4r det f\u00f6r dig och hur kan du \u00f6ka dina f\u00f6ruts\u00e4ttningar f\u00f6r att lyckas i en f\u00f6r\u00e4ndring? Den h\u00e4r utbildningen ger dig en b\u00e4ttre f\u00f6rst\u00e5else \u00f6ver vad som h\u00e4nder i samband med en f\u00f6r\u00e4ndring och hur vi genom ett insiktsfullt ledarskap kan \u00e5stadkomma framg\u00e5ngsrik, och h\u00e5llbar, f\u00f6r\u00e4ndring.<\/p>\n<p>Vi kommer att titta p\u00e5 f\u00f6r\u00e4ndring utifr\u00e5n n\u00e5gra olika perspektiv f\u00f6r att du som deltagare ska f\u00e5 en b\u00e4ttre f\u00f6rst\u00e5else f\u00f6r vad som h\u00e4nder under en f\u00f6r\u00e4ndringsprocess. Vi kommer bland annat att g\u00e5 igenom ledarskap i f\u00f6r\u00e4ndring, f\u00f6r\u00e4ndringsmodeller, f\u00f6r\u00e4ndringskommunikation samt hur en f\u00f6r\u00e4ndring blir h\u00e5llbar \u00f6ver tid. Under utbildningen kommer vi l\u00f6pande att blanda teori med praktik f\u00f6r att du ska f\u00e5 tr\u00e4na p\u00e5 nya insikter och l\u00e4rdomar.<\/p>\n<p><strong>Uppl\u00e4gg:<\/strong> Inspirerande och l\u00e4rorika f\u00f6rel\u00e4sningar, gemensamma diskussioner, \u00a0probleml\u00f6sning och till\u00e4mpningsuppgifter i grupp och individuellt.<\/p>\n<p><strong>\u00a0Inneh\u00e5ll:<\/strong><\/p>\n<ul>\n<li><strong>Vad \u00e4r f\u00f6r\u00e4ndring<\/strong>: Vi tittar p\u00e5 f\u00f6r\u00e4ndring, olika f\u00f6r\u00e4ndringsmodeller och hur det p\u00e5verkar oss som m\u00e4nniskor.<\/li>\n<li><strong>Jag som f\u00f6r\u00e4ndringsledare<\/strong>: Vi g\u00e5r igenom ledarskapet i en f\u00f6r\u00e4ndring, f\u00f6r\u00e4ndringskommunikation samt olika verktyg f\u00f6r att leda en f\u00f6r\u00e4ndring.<\/li>\n<li><strong>H\u00e5llbar f\u00f6r\u00e4ndring<\/strong>: Vi g\u00e5r igenom hur en f\u00f6r\u00e4ndring kan forts\u00e4tta att utvecklas samt verktyg f\u00f6r att l\u00f6pande utv\u00e4rdera och f\u00f6rb\u00e4ttra.<\/li>\n<\/ul>\n<p>[\/et_pb_blurb][et_pb_blurb title=&#8221;L\u00e4ngd och schema&#8221; use_icon=&#8221;on&#8221; font_icon=&#8221;&#xf073;||fa||900&#8243; icon_color=&#8221;#32c5f4&#8243; icon_placement=&#8221;left&#8221; content_max_width=&#8221;86%&#8221; _builder_version=&#8221;4.17.1&#8243; _module_preset=&#8221;default&#8221; header_level=&#8221;h3&#8243; header_font=&#8221;Poppins|300|||||||&#8221; header_font_size=&#8221;34px&#8221; animation=&#8221;off&#8221; locked=&#8221;off&#8221; global_colors_info=&#8221;{}&#8221;][\/et_pb_blurb][et_pb_blurb content_max_width=&#8221;86%&#8221; _builder_version=&#8221;4.20.4&#8243; _module_preset=&#8221;default&#8221; body_font=&#8221;Poppins|300|||||||&#8221; body_font_size=&#8221;16px&#8221; custom_margin=&#8221;-2.5%||||false|false&#8221; locked=&#8221;off&#8221; global_colors_info=&#8221;{}&#8221;]Utbildningen \u00e4r en tv\u00e5 dagars utbildning.<\/p>\n<ul>\n<li>7 juni kl. 09.15-16.30<\/li>\n<li>8 juni kl. 09.15-16.30<\/li>\n<\/ul>\n<p>[\/et_pb_blurb][\/et_pb_column][et_pb_column type=&#8221;1_3&#8243; module_id=&#8221;Utbildare&#8221; _builder_version=&#8221;4.17.1&#8243; _module_preset=&#8221;default&#8221; background_color=&#8221;#FFFFFF&#8221; custom_padding=&#8221;30px|20px|30px|20px|true|true&#8221; border_radii=&#8221;on|20px|20px|20px|20px&#8221; global_colors_info=&#8221;{}&#8221;][et_pb_image src=&#8221;https:\/\/media.proandpro.se\/2022\/08\/Mans_profil.jpg&#8221; title_text=&#8221;Mans_profil&#8221; align=&#8221;center&#8221; _builder_version=&#8221;4.20.4&#8243; _module_preset=&#8221;default&#8221; border_radii=&#8221;on|50%|50%|50%|50%&#8221; border_color_all=&#8221;#32c5f4&#8243; global_colors_info=&#8221;{}&#8221;][\/et_pb_image][et_pb_text _builder_version=&#8221;4.20.4&#8243; _module_preset=&#8221;default&#8221; text_font=&#8221;Poppins|300|||||||&#8221; text_font_size=&#8221;12px&#8221; header_3_font=&#8221;Poppins||||||||&#8221; header_4_font=&#8221;Poppins||||||||&#8221; header_4_text_color=&#8221;#32c5f4&#8243; header_4_font_size=&#8221;14px&#8221; text_orientation=&#8221;center&#8221; global_colors_info=&#8221;{}&#8221;]<\/p>\n<h3>M\u00e5ns Fahlander<\/h3>\n<h4>Managementkonsult<\/h4>\n<p>M\u00e5ns \u00e4r en \u00f6dmjuk och leveranss\u00e4ker f\u00f6r\u00e4ndringsledare med en stark k\u00e4nsla f\u00f6r att skapa fantastiska kundupplevelser.<br \/>\n[\/et_pb_text][et_pb_divider color=&#8221;#32c5f4&#8243; _builder_version=&#8221;4.17.4&#8243; _module_preset=&#8221;default&#8221; custom_margin=&#8221;0px||0px||true|false&#8221; global_colors_info=&#8221;{}&#8221;][\/et_pb_divider][et_pb_text _builder_version=&#8221;4.20.4&#8243; _module_preset=&#8221;default&#8221; text_font=&#8221;Poppins|300|||||||&#8221; link_font=&#8221;Poppins|500|||||||&#8221; link_text_color=&#8221;#32c5f4&#8243; text_orientation=&#8221;center&#8221; global_colors_info=&#8221;{}&#8221; link_text_color__hover_enabled=&#8221;on|hover&#8221; link_text_color__hover=&#8221;#0C71C3&#8243;]<a href=\"tel:46705145731\">070-514 57 31<\/a><\/p>\n<p><a href=\"mailto:mans.fahlander@proandpro.se\">mans.fahlander@proandpro.se<\/a><br \/>\n[\/et_pb_text][\/et_pb_column][\/et_pb_row][\/et_pb_section][et_pb_section fb_built=&#8221;1&#8243; _builder_version=&#8221;4.17.4&#8243; _module_preset=&#8221;default&#8221; background_color=&#8221;#FFFFFF&#8221; custom_margin=&#8221;-2.5%||||false|false&#8221; global_colors_info=&#8221;{}&#8221;][et_pb_row _builder_version=&#8221;4.17.4&#8243; _module_preset=&#8221;default&#8221; custom_margin=&#8221;-2%||||false|false&#8221; global_colors_info=&#8221;{}&#8221;][et_pb_column type=&#8221;4_4&#8243; _builder_version=&#8221;4.17.4&#8243; _module_preset=&#8221;default&#8221; global_colors_info=&#8221;{}&#8221;][et_pb_blurb title=&#8221;Anm\u00e4lan och kostnad&#8221; use_icon=&#8221;on&#8221; font_icon=&#8221;&#xf155;||fa||900&#8243; icon_color=&#8221;#32c5f4&#8243; icon_placement=&#8221;left&#8221; content_max_width=&#8221;86%&#8221; _builder_version=&#8221;4.20.4&#8243; _module_preset=&#8221;default&#8221; header_level=&#8221;h3&#8243; header_font=&#8221;Poppins|300|||||||&#8221; header_font_size=&#8221;34px&#8221; animation=&#8221;off&#8221; locked=&#8221;off&#8221; global_colors_info=&#8221;{}&#8221;][\/et_pb_blurb][et_pb_blurb content_max_width=&#8221;86%&#8221; _builder_version=&#8221;4.20.4&#8243; _module_preset=&#8221;default&#8221; body_font=&#8221;Poppins|300|||||||&#8221; body_font_size=&#8221;16px&#8221; custom_margin=&#8221;-2.5%||||false|false&#8221; locked=&#8221;off&#8221; global_colors_info=&#8221;{}&#8221;]Anm\u00e4lan \u00e4r bindande efter sista anm\u00e4lningsdag. 100% av kursavgiften debiteras.<br \/>\nKursplatsen kan naturligtvis \u00f6verl\u00e5tas till annan medarbetare inom den egna organisationen.<\/p>\n<p>Pris: <strong>3800 kr <\/strong>exkl. moms\/deltagare<\/p>\n<p>Priset inkluderar kursavgift, dokumentation och diplom.<br \/>\n[\/et_pb_blurb][et_pb_blurb title=&#8221;\u00d6vrig information&#8221; use_icon=&#8221;on&#8221; font_icon=&#8221;&#xf069;||fa||900&#8243; icon_color=&#8221;#32c5f4&#8243; icon_placement=&#8221;left&#8221; content_max_width=&#8221;86%&#8221; _builder_version=&#8221;4.17.1&#8243; _module_preset=&#8221;default&#8221; header_level=&#8221;h3&#8243; header_font=&#8221;Poppins|300|||||||&#8221; header_font_size=&#8221;34px&#8221; animation=&#8221;off&#8221; locked=&#8221;off&#8221; global_colors_info=&#8221;{}&#8221;][\/et_pb_blurb][et_pb_blurb content_max_width=&#8221;86%&#8221; _builder_version=&#8221;4.17.4&#8243; _module_preset=&#8221;default&#8221; body_font=&#8221;Poppins|300|||||||&#8221; body_font_size=&#8221;16px&#8221; custom_margin=&#8221;-2.5%||||false|false&#8221; locked=&#8221;off&#8221; global_colors_info=&#8221;{}&#8221;]Vi \u00e4r godk\u00e4nda av\u00a0<a href=\"http:\/\/www.pmi-se.org\/\">Project Management Institute, PMI,<\/a>\u00a0som &#8221;Authorized Training Partner&#8221; A.T.P. och uppfyller d\u00e4rmed h\u00f6gt st\u00e4llda krav p\u00e5 utbildningsmaterial och f\u00f6rel\u00e4sare. De flesta av v\u00e5ra f\u00f6rel\u00e4sare inom projektledning \u00e4r PMP\u00ae-certifierade. Att vi \u00e4r A.T.P. inneb\u00e4r att alla v\u00e5ra utbildningar inom projektledning och projektstyrning ger s\u00e5 kallad PDU-po\u00e4ng (Professional Development Unit). PDU-po\u00e4ngen anv\u00e4ndes sedan f\u00f6r att beh\u00e5lla projektledarcertifikat hos PMI.<br \/>\n[\/et_pb_blurb][\/et_pb_column][\/et_pb_row][\/et_pb_section]<\/p>\n","protected":false},"excerpt":{"rendered":"<p>Kursen ger dig grundl\u00e4ggande kunskap om modeller och verktyg f\u00f6r att planera och genomf\u00f6ra en h\u00e5llbar f\u00f6r\u00e4ndring Detta \u00e4r en kurs f\u00f6r dig som vill veta mer om vad en f\u00f6r\u00e4ndring \u00e4r, hur det p\u00e5verkar oss och vad vi kan g\u00f6ra f\u00f6r att bli mer framg\u00e5ngsrika i v\u00e5ra f\u00f6r\u00e4ndringar. Kursen ger dig grundl\u00e4ggande kunskap om [&hellip;]<\/p>\n","protected":false},"author":13,"featured_media":0,"parent":8602,"menu_order":0,"comment_status":"closed","ping_status":"closed","template":"","meta":{"_et_pb_use_builder":"on","_et_pb_old_content":"","_et_gb_content_width":"","footnotes":""},"folder":[86],"class_list":["post-12309","page","type-page","status-publish","hentry"],"_links":{"self":[{"href":"https:\/\/proandpro.se\/en\/wp-json\/wp\/v2\/pages\/12309","targetHints":{"allow":["GET"]}}],"collection":[{"href":"https:\/\/proandpro.se\/en\/wp-json\/wp\/v2\/pages"}],"about":[{"href":"https:\/\/proandpro.se\/en\/wp-json\/wp\/v2\/types\/page"}],"author":[{"embeddable":true,"href":"https:\/\/proandpro.se\/en\/wp-json\/wp\/v2\/users\/13"}],"replies":[{"embeddable":true,"href":"https:\/\/proandpro.se\/en\/wp-json\/wp\/v2\/comments?post=12309"}],"version-history":[{"count":8,"href":"https:\/\/proandpro.se\/en\/wp-json\/wp\/v2\/pages\/12309\/revisions"}],"predecessor-version":[{"id":12348,"href":"https:\/\/proandpro.se\/en\/wp-json\/wp\/v2\/pages\/12309\/revisions\/12348"}],"up":[{"embeddable":true,"href":"https:\/\/proandpro.se\/en\/wp-json\/wp\/v2\/pages\/8602"}],"wp:attachment":[{"href":"https:\/\/proandpro.se\/en\/wp-json\/wp\/v2\/media?parent=12309"}],"wp:term":[{"taxonomy":"folder","embeddable":true,"href":"https:\/\/proandpro.se\/en\/wp-json\/wp\/v2\/folder?post=12309"}],"curies":[{"name":"wp","href":"https:\/\/api.w.org\/{rel}","templated":true}]}}