{"id":8810,"date":"2022-06-30T08:34:44","date_gmt":"2022-06-30T08:34:44","guid":{"rendered":"http:\/\/protopro.se\/?page_id=2549"},"modified":"2026-03-22T10:57:08","modified_gmt":"2026-03-22T10:57:08","slug":"vart-team","status":"publish","type":"page","link":"http:\/\/proandpro.se\/en\/om-oss\/vart-team\/","title":{"rendered":"Our team"},"content":{"rendered":"<p>[et_pb_section fb_built=&#8221;1&#8243; _builder_version=&#8221;4.17.6&#8243; _module_preset=&#8221;default&#8221; background_color=&#8221;rgba(0,0,0,0.55)&#8221; background_image=&#8221;https:\/\/media.proandpro.se\/2022\/06\/DSC_3620EDITED-scaled.jpg&#8221; background_blend=&#8221;overlay&#8221; custom_css_main_element=&#8221;min-height: calc(60vh);||display: flex;||flex-direction: column;||&#8221; locked=&#8221;off&#8221; global_colors_info=&#8221;{}&#8221;][et_pb_row _builder_version=&#8221;4.17.4&#8243; _module_preset=&#8221;default&#8221; background_enable_image=&#8221;off&#8221; width_tablet=&#8221;&#8221; width_phone=&#8221;100%&#8221; width_last_edited=&#8221;on|phone&#8221; custom_margin=&#8221;||0px||false|false&#8221; custom_padding=&#8221;||||false|false&#8221; global_colors_info=&#8221;{}&#8221;][et_pb_column type=&#8221;4_4&#8243; _builder_version=&#8221;4.17.4&#8243; _module_preset=&#8221;default&#8221; global_colors_info=&#8221;{}&#8221;][et_pb_text _builder_version=&#8221;4.17.6&#8243; _module_preset=&#8221;default&#8221; text_font=&#8221;Poppins|600|||||||&#8221; text_text_color=&#8221;#FFFFFF&#8221; text_font_size=&#8221;64px&#8221; text_line_height=&#8221;1em&#8221; text_font_size_tablet=&#8221;64px&#8221; text_font_size_phone=&#8221;52px&#8221; text_font_size_last_edited=&#8221;on|phone&#8221; text_orientation_tablet=&#8221;&#8221; text_orientation_phone=&#8221;center&#8221; text_orientation_last_edited=&#8221;on|phone&#8221; global_colors_info=&#8221;{}&#8221;]<\/p>\n<p>V\u00e5rt team<\/p>\n<p>[\/et_pb_text][et_pb_text disabled_on=&#8221;off|off|off&#8221; _builder_version=&#8221;4.17.6&#8243; _module_preset=&#8221;default&#8221; text_font=&#8221;Poppins|300|||||||&#8221; text_text_color=&#8221;#FFFFFF&#8221; text_font_size=&#8221;26px&#8221; text_font_size_tablet=&#8221;23px&#8221; text_font_size_phone=&#8221;20px&#8221; text_font_size_last_edited=&#8221;on|phone&#8221; text_orientation_tablet=&#8221;&#8221; text_orientation_phone=&#8221;center&#8221; text_orientation_last_edited=&#8221;on|phone&#8221; global_colors_info=&#8221;{}&#8221;]<\/p>\n<p><span>V\u00e5ra konsulter har l\u00e5ng erfarenhet av r\u00e5dgivning inom aff\u00e4rsutveckling, strategi, ledarskap eller verksamhetsutveckling.<\/span><\/p>\n<p>[\/et_pb_text][\/et_pb_column][\/et_pb_row][\/et_pb_section][et_pb_section fb_built=&#8221;1&#8243; module_id=&#8221;team&#8221; _builder_version=&#8221;4.17.4&#8243; _module_preset=&#8221;default&#8221; background_color=&#8221;#FFFFFF&#8221; width=&#8221;100%&#8221; global_colors_info=&#8221;{}&#8221;][et_pb_row column_structure=&#8221;1_3,1_3,1_3&#8243; _builder_version=&#8221;4.17.4&#8243; _module_preset=&#8221;default&#8221; locked=&#8221;off&#8221; global_colors_info=&#8221;{}&#8221;][et_pb_column type=&#8221;1_3&#8243; _builder_version=&#8221;4.17.4&#8243; _module_preset=&#8221;default&#8221; background_color=&#8221;#3e3e3e&#8221; transform_translate_linked=&#8221;off&#8221; custom_padding=&#8221;0px|0px|40px|0px|false|true&#8221; border_color_all=&#8221;#32c5f4&#8243; global_colors_info=&#8221;{}&#8221; box_shadow_blur__hover_enabled=&#8221;on|hover&#8221; box_shadow_blur__hover=&#8221;50px&#8221; transform_styles__hover_enabled=&#8221;on|hover&#8221; transform_scale__hover_enabled=&#8221;on|desktop&#8221; transform_translate__hover_enabled=&#8221;on|hover&#8221; transform_rotate__hover_enabled=&#8221;on|desktop&#8221; transform_skew__hover_enabled=&#8221;on|desktop&#8221; transform_origin__hover_enabled=&#8221;on|desktop&#8221; transform_translate__hover=&#8221;0px|-10px&#8221;][et_pb_image src=&#8221;http:\/\/media.protopro.se\/2022\/06\/Tommy_profil.jpg&#8221; title_text=&#8221;Tommy_profil&#8221; align=&#8221;center&#8221; _builder_version=&#8221;4.17.4&#8243; _module_preset=&#8221;default&#8221; border_radii=&#8221;on|0%|0%|0%|0%&#8221; border_color_all=&#8221;#32c5f4&#8243; global_colors_info=&#8221;{}&#8221; filter_saturate__hover_enabled=&#8221;off|desktop&#8221; filter_saturate__hover=&#8221;100%&#8221;][\/et_pb_image][et_pb_text _builder_version=&#8221;4.17.4&#8243; _module_preset=&#8221;default&#8221; text_font=&#8221;Poppins|300|||||||&#8221; text_text_color=&#8221;#FFFFFF&#8221; text_font_size=&#8221;12px&#8221; link_font=&#8221;Poppins||||||||&#8221; link_text_color=&#8221;#32c5f4&#8243; header_3_font=&#8221;Poppins||||||||&#8221; header_3_text_color=&#8221;#FFFFFF&#8221; header_4_font=&#8221;Poppins||||||||&#8221; header_4_text_color=&#8221;#32c5f4&#8243; header_4_font_size=&#8221;14px&#8221; text_orientation=&#8221;center&#8221; custom_margin=&#8221;|30px||30px|false|true&#8221; global_colors_info=&#8221;{}&#8221;]<\/p>\n<h3>Tommy Ytterstr\u00f6m<\/h3>\n<h4>VD, Managementkonsult<\/h4>\n<p><span>Tommy \u00e4r en engagerad, kreativ och nyt\u00e4nkande person som ser m\u00f6jligheter i alla situationer. Han har en f\u00f6rm\u00e5ga att entusiasmera och engagera m\u00e4nniskor i f\u00f6r\u00e4ndringsprocesser och har ett genuint intresse f\u00f6r medarbetarnas utveckling.<\/span><a href=\"http:\/\/protopro.se\/om-oss\/vart-team\/tommy-ytterstrom\/\"><span><\/span><\/a><\/p>\n<p>[\/et_pb_text][et_pb_divider color=&#8221;#32c5f4&#8243; _builder_version=&#8221;4.17.4&#8243; _module_preset=&#8221;default&#8221; custom_margin=&#8221;0px||0px||true|false&#8221; global_colors_info=&#8221;{}&#8221;][\/et_pb_divider][et_pb_text _builder_version=&#8221;4.24.3&#8243; _module_preset=&#8221;default&#8221; text_font=&#8221;Poppins|300|||||||&#8221; link_font=&#8221;Poppins|500|||||||&#8221; link_text_color=&#8221;#ffffff&#8221; text_orientation=&#8221;center&#8221; global_colors_info=&#8221;{}&#8221; link_text_color__hover_enabled=&#8221;on|desktop&#8221; link_text_color__hover=&#8221;#32c5f4&#8243;]<\/p>\n<p><a href=\"tel:46706737200\">+46 70 673 72 00<\/a><\/p>\n<p><a href=\"mailto:Tommy.Ytterstrom@proandpro.se\">Tommy.Ytterstrom@proandpro.se<\/a><\/p>\n<p>[\/et_pb_text][\/et_pb_column][et_pb_column type=&#8221;1_3&#8243; _builder_version=&#8221;4.17.4&#8243; _module_preset=&#8221;default&#8221; background_color=&#8221;#3e3e3e&#8221; transform_translate_linked=&#8221;off&#8221; custom_padding=&#8221;0px|0px|40px|0px|false|true&#8221; border_color_all=&#8221;#32c5f4&#8243; global_colors_info=&#8221;{}&#8221; box_shadow_blur__hover_enabled=&#8221;on|hover&#8221; box_shadow_blur__hover=&#8221;50px&#8221; transform_styles__hover_enabled=&#8221;on|hover&#8221; transform_scale__hover_enabled=&#8221;on|desktop&#8221; transform_translate__hover=&#8221;0px|-10px&#8221; transform_translate__hover_enabled=&#8221;on|hover&#8221; transform_rotate__hover_enabled=&#8221;on|desktop&#8221; transform_skew__hover_enabled=&#8221;on|desktop&#8221; transform_origin__hover_enabled=&#8221;on|desktop&#8221;][et_pb_image src=&#8221;http:\/\/media.protopro.se\/2022\/06\/Mikael_profil-3.jpg&#8221; title_text=&#8221;Mikael_profil (3)&#8221; align=&#8221;center&#8221; _builder_version=&#8221;4.17.4&#8243; _module_preset=&#8221;default&#8221; border_radii=&#8221;on|0%|0%|0%|0%&#8221; border_color_all=&#8221;#32c5f4&#8243; locked=&#8221;off&#8221; global_colors_info=&#8221;{}&#8221; filter_saturate__hover_enabled=&#8221;off|desktop&#8221; filter_saturate__hover=&#8221;100%&#8221;][\/et_pb_image][et_pb_text _builder_version=&#8221;4.24.3&#8243; _module_preset=&#8221;default&#8221; text_font=&#8221;Poppins|300|||||||&#8221; text_text_color=&#8221;#FFFFFF&#8221; text_font_size=&#8221;12px&#8221; link_font=&#8221;Poppins||||||||&#8221; link_text_color=&#8221;#32c5f4&#8243; header_3_font=&#8221;Poppins||||||||&#8221; header_3_text_color=&#8221;#FFFFFF&#8221; header_4_font=&#8221;Poppins||||||||&#8221; header_4_text_color=&#8221;#32c5f4&#8243; header_4_font_size=&#8221;14px&#8221; text_orientation=&#8221;center&#8221; custom_margin=&#8221;|30px||30px|false|true&#8221; global_colors_info=&#8221;{}&#8221;]<\/p>\n<h3>Mikael Augustsson<\/h3>\n<h4>Managementkonsult<\/h4>\n<p>Mikael \u00e4r en resultatorienterad ledare som brinner f\u00f6r att driva f\u00f6r\u00e4ndringsarbete och att se m\u00e4nniskor och organisationer v\u00e4xa och utvecklas.. Med sitt engagemang och sin \u00f6dmjukhet bidrar han till ett positivt arbetsklimat.\u00a0<\/p>\n<p>[\/et_pb_text][et_pb_divider color=&#8221;#32c5f4&#8243; _builder_version=&#8221;4.17.4&#8243; _module_preset=&#8221;default&#8221; custom_margin=&#8221;0px||0px||true|false&#8221; global_colors_info=&#8221;{}&#8221; custom_padding=&#8221;0px|||||&#8221;][\/et_pb_divider][et_pb_text _builder_version=&#8221;4.24.3&#8243; _module_preset=&#8221;default&#8221; text_font=&#8221;Poppins|300|||||||&#8221; link_font=&#8221;Poppins|500|||||||&#8221; link_text_color=&#8221;#ffffff&#8221; text_orientation=&#8221;center&#8221; global_colors_info=&#8221;{}&#8221; link_text_color__hover_enabled=&#8221;on|desktop&#8221; link_text_color__hover=&#8221;#32c5f4&#8243;]<\/p>\n<p><a href=\"tel:46736004378\">+46 73 600 43 78<\/a><\/p>\n<p><a href=\"mailto:Mikael.Augustsson@proandpro.se\">Mikael.Augustsson@proandpro.se<\/a><\/p>\n<p>[\/et_pb_text][\/et_pb_column][et_pb_column type=&#8221;1_3&#8243; _builder_version=&#8221;4.17.4&#8243; _module_preset=&#8221;default&#8221; background_color=&#8221;#3e3e3e&#8221; transform_translate_linked=&#8221;off&#8221; custom_padding=&#8221;0px|0px|40px|0px|false|true&#8221; border_color_all=&#8221;#32c5f4&#8243; global_colors_info=&#8221;{}&#8221; box_shadow_blur__hover_enabled=&#8221;on|hover&#8221; box_shadow_blur__hover=&#8221;50px&#8221; transform_styles__hover_enabled=&#8221;on|hover&#8221; transform_scale__hover_enabled=&#8221;on|desktop&#8221; transform_translate__hover=&#8221;0px|-10px&#8221; transform_translate__hover_enabled=&#8221;on|hover&#8221; transform_rotate__hover_enabled=&#8221;on|desktop&#8221; transform_skew__hover_enabled=&#8221;on|desktop&#8221; transform_origin__hover_enabled=&#8221;on|desktop&#8221;][et_pb_image src=&#8221;https:\/\/media.proandpro.se\/2026\/03\/Kelli_profil-1200&#215;1200-1.jpg&#8221; title_text=&#8221;Kelli_profil 1200&#215;1200&#8243; align=&#8221;center&#8221; _builder_version=&#8221;4.27.6&#8243; _module_preset=&#8221;default&#8221; border_radii=&#8221;on|0%|0%|0%|0%&#8221; border_color_all=&#8221;#32c5f4&#8243; locked=&#8221;off&#8221; global_colors_info=&#8221;{}&#8221; filter_saturate__hover_enabled=&#8221;off|desktop&#8221; filter_saturate__hover=&#8221;100%&#8221;][\/et_pb_image][et_pb_text _builder_version=&#8221;4.27.6&#8243; _module_preset=&#8221;default&#8221; text_font=&#8221;Poppins|300|||||||&#8221; text_text_color=&#8221;#FFFFFF&#8221; text_font_size=&#8221;12px&#8221; link_font=&#8221;Poppins||||||||&#8221; link_text_color=&#8221;#32c5f4&#8243; header_3_font=&#8221;Poppins||||||||&#8221; header_3_text_color=&#8221;#FFFFFF&#8221; header_4_font=&#8221;Poppins||||||||&#8221; header_4_text_color=&#8221;#32c5f4&#8243; header_4_font_size=&#8221;14px&#8221; text_orientation=&#8221;center&#8221; custom_margin=&#8221;|30px|32px|30px|false|true&#8221; global_colors_info=&#8221;{}&#8221;]<\/p>\n<h3>Kelli Haraldsson<\/h3>\n<h4>Managementkonsult<\/h4>\n<p>Kelli \u00e4r en engagerad och trygg f\u00f6r\u00e4ndringsledare som brinner f\u00f6r att skapa verklig skillnad. Hon har en naturlig f\u00f6rm\u00e5ga att se helheten och f\u00f6rst\u00e5 hur strategi, teknik och m\u00e4nskligt beteende h\u00e4nger ihop.\u00a0<\/p>\n<p>[\/et_pb_text][et_pb_divider color=&#8221;#32c5f4&#8243; _builder_version=&#8221;4.17.4&#8243; _module_preset=&#8221;default&#8221; custom_margin=&#8221;-3px||-3px||true|false&#8221; global_colors_info=&#8221;{}&#8221;][\/et_pb_divider][et_pb_text _builder_version=&#8221;4.27.6&#8243; _module_preset=&#8221;default&#8221; text_font=&#8221;Poppins|300|||||||&#8221; link_font=&#8221;Poppins|500|||||||&#8221; link_text_color=&#8221;#ffffff&#8221; text_orientation=&#8221;center&#8221; custom_margin=&#8221;||3px|||&#8221; global_colors_info=&#8221;{}&#8221; link_text_color__hover_enabled=&#8221;on|desktop&#8221; link_text_color__hover=&#8221;#32c5f4&#8243;]<\/p>\n<p><a href=\"tel:46738946468\">+46 73 89 46 468<\/a><\/p>\n<p><a href=\"mailto:Kelli.Haraldsson@proandpro.se\">Kelli.Haraldsson@proandpro.se<\/a><\/p>\n<p>[\/et_pb_text][\/et_pb_column][\/et_pb_row][et_pb_row column_structure=&#8221;1_3,1_3,1_3&#8243; _builder_version=&#8221;4.17.4&#8243; _module_preset=&#8221;default&#8221; locked=&#8221;off&#8221; global_colors_info=&#8221;{}&#8221;][et_pb_column type=&#8221;1_3&#8243; _builder_version=&#8221;4.17.4&#8243; _module_preset=&#8221;default&#8221; background_color=&#8221;#3e3e3e&#8221; transform_translate_linked=&#8221;off&#8221; custom_padding=&#8221;0px|0px|40px|0px|false|true&#8221; border_color_all=&#8221;#32c5f4&#8243; global_colors_info=&#8221;{}&#8221; box_shadow_blur__hover_enabled=&#8221;on|hover&#8221; box_shadow_blur__hover=&#8221;50px&#8221; transform_styles__hover_enabled=&#8221;on|hover&#8221; transform_scale__hover_enabled=&#8221;on|desktop&#8221; transform_translate__hover=&#8221;0px|-10px&#8221; transform_translate__hover_enabled=&#8221;on|hover&#8221; transform_rotate__hover_enabled=&#8221;on|desktop&#8221; transform_skew__hover_enabled=&#8221;on|desktop&#8221; transform_origin__hover_enabled=&#8221;on|desktop&#8221;][et_pb_image src=&#8221;http:\/\/media.protopro.se\/2022\/06\/Mans_profil.jpg&#8221; title_text=&#8221;M\u00e5ns_profil&#8221; align=&#8221;center&#8221; _builder_version=&#8221;4.21.0&#8243; _module_preset=&#8221;default&#8221; border_radii=&#8221;on|0%|0%|0%|0%&#8221; border_color_all=&#8221;#32c5f4&#8243; locked=&#8221;off&#8221; global_colors_info=&#8221;{}&#8221; filter_saturate__hover_enabled=&#8221;off|desktop&#8221; filter_saturate__hover=&#8221;100%&#8221;][\/et_pb_image][et_pb_text _builder_version=&#8221;4.17.4&#8243; _module_preset=&#8221;default&#8221; text_font=&#8221;Poppins|300|||||||&#8221; text_text_color=&#8221;#FFFFFF&#8221; text_font_size=&#8221;12px&#8221; link_font=&#8221;Poppins||||||||&#8221; link_text_color=&#8221;#32c5f4&#8243; header_3_font=&#8221;Poppins||||||||&#8221; header_3_text_color=&#8221;#FFFFFF&#8221; header_4_font=&#8221;Poppins||||||||&#8221; header_4_text_color=&#8221;#32c5f4&#8243; header_4_font_size=&#8221;14px&#8221; text_orientation=&#8221;center&#8221; custom_margin=&#8221;|30px||30px|false|true&#8221; global_colors_info=&#8221;{}&#8221;]<\/p>\n<h3>M\u00e5ns Fahlander<\/h3>\n<h4>Managementkonsult<\/h4>\n<p><span>M\u00e5ns \u00e4r en \u00f6dmjuk och leveranss\u00e4ker f\u00f6r\u00e4ndringsledare med en stark k\u00e4nsla f\u00f6r att skapa fantastiska kundupplevelser. Med sitt glada hum\u00f6r, sin m\u00e5lmedvetenhet och positiva livssyn skapar M\u00e5ns resultat oavsett milj\u00f6 och omgivning.<\/span><\/p>\n<p>[\/et_pb_text][et_pb_divider color=&#8221;#32c5f4&#8243; _builder_version=&#8221;4.17.4&#8243; _module_preset=&#8221;default&#8221; custom_margin=&#8221;0px||0px||true|false&#8221; global_colors_info=&#8221;{}&#8221;][\/et_pb_divider][et_pb_text _builder_version=&#8221;4.24.3&#8243; _module_preset=&#8221;default&#8221; text_font=&#8221;Poppins|300|||||||&#8221; link_font=&#8221;Poppins|500|||||||&#8221; link_text_color=&#8221;#ffffff&#8221; text_orientation=&#8221;center&#8221; global_colors_info=&#8221;{}&#8221; link_text_color__hover_enabled=&#8221;on|desktop&#8221; link_text_color__hover=&#8221;#32c5f4&#8243;]<\/p>\n<p><a href=\"tel:46705145731\">+46 70 514 57 31<\/a><\/p>\n<p><a href=\"mailto:Mans.Fahlander@proandpro.se\">Mans.Fahlander@proandpro.se<\/a><\/p>\n<p>[\/et_pb_text][\/et_pb_column][et_pb_column type=&#8221;1_3&#8243; _builder_version=&#8221;4.17.4&#8243; _module_preset=&#8221;default&#8221; background_color=&#8221;#3e3e3e&#8221; transform_translate_linked=&#8221;off&#8221; custom_padding=&#8221;0px|0px|40px|0px|false|true&#8221; border_color_all=&#8221;#32c5f4&#8243; global_colors_info=&#8221;{}&#8221; box_shadow_blur__hover_enabled=&#8221;on|hover&#8221; box_shadow_blur__hover=&#8221;50px&#8221; transform_styles__hover_enabled=&#8221;on|hover&#8221; transform_scale__hover_enabled=&#8221;on|desktop&#8221; transform_translate__hover=&#8221;0px|-10px&#8221; transform_translate__hover_enabled=&#8221;on|hover&#8221; transform_rotate__hover_enabled=&#8221;on|desktop&#8221; transform_skew__hover_enabled=&#8221;on|desktop&#8221; transform_origin__hover_enabled=&#8221;on|desktop&#8221;][et_pb_image src=&#8221;http:\/\/media.protopro.se\/2022\/06\/Linn_profil.jpg&#8221; title_text=&#8221;Linn_profil&#8221; align=&#8221;center&#8221; _builder_version=&#8221;4.24.3&#8243; _module_preset=&#8221;default&#8221; border_radii=&#8221;on|0%|0%|0%|0%&#8221; border_color_all=&#8221;#32c5f4&#8243; locked=&#8221;off&#8221; global_colors_info=&#8221;{}&#8221; filter_saturate__hover_enabled=&#8221;off|desktop&#8221; filter_saturate__hover=&#8221;100%&#8221;][\/et_pb_image][et_pb_text _builder_version=&#8221;4.24.3&#8243; _module_preset=&#8221;default&#8221; text_font=&#8221;Poppins|300|||||||&#8221; text_text_color=&#8221;#FFFFFF&#8221; text_font_size=&#8221;12px&#8221; link_font=&#8221;Poppins||||||||&#8221; link_text_color=&#8221;#32c5f4&#8243; header_3_font=&#8221;Poppins||||||||&#8221; header_3_text_color=&#8221;#FFFFFF&#8221; header_4_font=&#8221;Poppins||||||||&#8221; header_4_text_color=&#8221;#32c5f4&#8243; header_4_font_size=&#8221;14px&#8221; text_orientation=&#8221;center&#8221; custom_margin=&#8221;|30px|7px|30px|false|true&#8221; global_colors_info=&#8221;{}&#8221;]<\/p>\n<h3>Linn Madsen<\/h3>\n<h4>Managementkonsult<\/h4>\n<p>Linn \u00e4r engagerad, motiveras av att se helheten och gillar att arbeta b\u00e5de p\u00e5 strategisk och operativ niv\u00e5. Att skapa och utveckla starka relationer \u00e4r hennes styrka och drivkraften \u00e4r f\u00e5 att bygga upp h\u00f6rnstenarna f\u00f6r n\u00e5gonting b\u00e4ttre.\u00a0<\/p>\n<p>&nbsp;<\/p>\n<p>[\/et_pb_text][et_pb_divider color=&#8221;#32c5f4&#8243; _builder_version=&#8221;4.17.4&#8243; _module_preset=&#8221;default&#8221; custom_margin=&#8221;0px||0px||true|false&#8221; global_colors_info=&#8221;{}&#8221;][\/et_pb_divider][et_pb_text _builder_version=&#8221;4.24.3&#8243; _module_preset=&#8221;default&#8221; text_font=&#8221;Poppins|300|||||||&#8221; link_font=&#8221;Poppins|500|||||||&#8221; link_text_color=&#8221;#ffffff&#8221; text_orientation=&#8221;center&#8221; global_colors_info=&#8221;{}&#8221; link_text_color__hover_enabled=&#8221;on|desktop&#8221; link_text_color__hover=&#8221;#32c5f4&#8243;]<\/p>\n<p><a href=\"tel:46706635571\">+46 70 663 55 71<\/a><\/p>\n<p><a href=\"mailto:Linn.Madsen@proandpro.se\">Linn.Madsen@proandpro.se<\/a><\/p>\n<p>[\/et_pb_text][\/et_pb_column][et_pb_column type=&#8221;1_3&#8243; _builder_version=&#8221;4.17.4&#8243; _module_preset=&#8221;default&#8221; background_color=&#8221;#3e3e3e&#8221; transform_translate_linked=&#8221;off&#8221; custom_padding=&#8221;0px|0px|40px|0px|false|true&#8221; border_color_all=&#8221;#32c5f4&#8243; global_colors_info=&#8221;{}&#8221; box_shadow_blur__hover_enabled=&#8221;on|hover&#8221; box_shadow_blur__hover=&#8221;50px&#8221; transform_styles__hover_enabled=&#8221;on|hover&#8221; transform_scale__hover_enabled=&#8221;on|desktop&#8221; transform_translate__hover=&#8221;0px|-10px&#8221; transform_translate__hover_enabled=&#8221;on|hover&#8221; transform_rotate__hover_enabled=&#8221;on|desktop&#8221; transform_skew__hover_enabled=&#8221;on|desktop&#8221; transform_origin__hover_enabled=&#8221;on|desktop&#8221;][et_pb_image src=&#8221;http:\/\/media.protopro.se\/2022\/06\/Joacim_profil.jpg&#8221; title_text=&#8221;Joacim_profil&#8221; align=&#8221;center&#8221; _builder_version=&#8221;4.17.4&#8243; _module_preset=&#8221;default&#8221; border_radii=&#8221;on|0%|0%|0%|0%&#8221; border_color_all=&#8221;#32c5f4&#8243; locked=&#8221;off&#8221; global_colors_info=&#8221;{}&#8221; filter_saturate__hover_enabled=&#8221;off|desktop&#8221; filter_saturate__hover=&#8221;100%&#8221;][\/et_pb_image][et_pb_text _builder_version=&#8221;4.17.4&#8243; _module_preset=&#8221;default&#8221; text_font=&#8221;Poppins|300|||||||&#8221; text_text_color=&#8221;#FFFFFF&#8221; text_font_size=&#8221;12px&#8221; link_font=&#8221;Poppins||||||||&#8221; link_text_color=&#8221;#32c5f4&#8243; header_3_font=&#8221;Poppins||||||||&#8221; header_3_text_color=&#8221;#FFFFFF&#8221; header_4_font=&#8221;Poppins||||||||&#8221; header_4_text_color=&#8221;#32c5f4&#8243; header_4_font_size=&#8221;14px&#8221; text_orientation=&#8221;center&#8221; custom_margin=&#8221;|30px|5px|30px|false|true&#8221; global_colors_info=&#8221;{}&#8221;]<\/p>\n<h3>Joacim Marklund<\/h3>\n<h4>Managementkonsult<\/h4>\n<p><span>Joacim \u00e4r nyfiken och resultatinriktad samt motiveras av att utveckla nya s\u00e4tt att g\u00f6ra morgondagens verksamheter starkare och mer livskraftiga med ett stort och inkluderande engagemang som ledstj\u00e4rna.<br \/><\/span><\/p>\n<p><span><\/span><\/p>\n<p><span><\/span><\/p>\n<p><span><\/span><\/p>\n<p><span><\/span><\/p>\n<p>[\/et_pb_text][et_pb_divider color=&#8221;#32c5f4&#8243; _builder_version=&#8221;4.17.4&#8243; _module_preset=&#8221;default&#8221; custom_margin=&#8221;0px||0px||true|false&#8221; global_colors_info=&#8221;{}&#8221;][\/et_pb_divider][et_pb_text _builder_version=&#8221;4.24.3&#8243; _module_preset=&#8221;default&#8221; text_font=&#8221;Poppins|300|||||||&#8221; link_font=&#8221;Poppins|500|||||||&#8221; link_text_color=&#8221;#ffffff&#8221; text_orientation=&#8221;center&#8221; global_colors_info=&#8221;{}&#8221; link_text_color__hover_enabled=&#8221;on|desktop&#8221; link_text_color__hover=&#8221;#32c5f4&#8243;]<\/p>\n<p><a href=\"tel:46702716989\">+46 70 271 69 89<\/a><\/p>\n<p><a href=\"mailto:Joacim.Marklund@proandpro.se\">Joacim.Marklund@proandpro.se<\/a><\/p>\n<p>[\/et_pb_text][\/et_pb_column][\/et_pb_row][et_pb_row column_structure=&#8221;1_3,1_3,1_3&#8243; _builder_version=&#8221;4.17.4&#8243; _module_preset=&#8221;default&#8221; locked=&#8221;off&#8221; global_colors_info=&#8221;{}&#8221;][et_pb_column type=&#8221;1_3&#8243; _builder_version=&#8221;4.17.4&#8243; _module_preset=&#8221;default&#8221; background_color=&#8221;#3e3e3e&#8221; transform_translate_linked=&#8221;off&#8221; custom_padding=&#8221;0px|0px|40px|0px|false|true&#8221; border_color_all=&#8221;#32c5f4&#8243; global_colors_info=&#8221;{}&#8221; box_shadow_blur__hover_enabled=&#8221;on|hover&#8221; box_shadow_blur__hover=&#8221;50px&#8221; transform_styles__hover_enabled=&#8221;on|hover&#8221; transform_scale__hover_enabled=&#8221;on|desktop&#8221; transform_translate__hover=&#8221;0px|-10px&#8221; transform_translate__hover_enabled=&#8221;on|hover&#8221; transform_rotate__hover_enabled=&#8221;on|desktop&#8221; transform_skew__hover_enabled=&#8221;on|desktop&#8221; transform_origin__hover_enabled=&#8221;on|desktop&#8221;][et_pb_image src=&#8221;https:\/\/media.proandpro.se\/2024\/02\/Tomas_profil_2-1200&#215;1200-DESKTOP-6MTJ928.jpg&#8221; title_text=&#8221;Tomas_profil_2 1200&#215;1200-DESKTOP-6MTJ928&#8243; align=&#8221;center&#8221; _builder_version=&#8221;4.24.0&#8243; _module_preset=&#8221;default&#8221; border_radii=&#8221;on|0%|0%|0%|0%&#8221; border_color_all=&#8221;#32c5f4&#8243; locked=&#8221;off&#8221; global_colors_info=&#8221;{}&#8221; filter_saturate__hover_enabled=&#8221;off|desktop&#8221; filter_saturate__hover=&#8221;100%&#8221;][\/et_pb_image][et_pb_text _builder_version=&#8221;4.23.4&#8243; _module_preset=&#8221;default&#8221; text_font=&#8221;Poppins|300|||||||&#8221; text_text_color=&#8221;#FFFFFF&#8221; text_font_size=&#8221;12px&#8221; link_font=&#8221;Poppins||||||||&#8221; link_text_color=&#8221;#32c5f4&#8243; header_3_font=&#8221;Poppins||||||||&#8221; header_3_text_color=&#8221;#FFFFFF&#8221; header_4_font=&#8221;Poppins||||||||&#8221; header_4_text_color=&#8221;#32c5f4&#8243; header_4_font_size=&#8221;14px&#8221; text_orientation=&#8221;center&#8221; custom_margin=&#8221;|30px||30px|false|true&#8221; global_colors_info=&#8221;{}&#8221;]<\/p>\n<h3>Tomas B\u00f6rlin<\/h3>\n<h4>Managementkonsult<\/h4>\n<p>Tomas kommer med mycket positiv energi och en attityd som smittar av sig och inspirerar. I kombination med en f\u00f6rm\u00e5ga att lyssna och k\u00e4nna in, kan han kommunicera och skapa engagemang p\u00e5 alla niv\u00e5er. Han bygger relationer och inger f\u00f6rtroende med sin breda erfarenhet.<\/p>\n<p>[\/et_pb_text][et_pb_divider color=&#8221;#32c5f4&#8243; _builder_version=&#8221;4.17.4&#8243; _module_preset=&#8221;default&#8221; custom_margin=&#8221;-13px||-13px||true|false&#8221; custom_padding=&#8221;0px|||||&#8221; global_colors_info=&#8221;{}&#8221;][\/et_pb_divider][et_pb_text _builder_version=&#8221;4.24.3&#8243; _module_preset=&#8221;default&#8221; text_font=&#8221;Poppins|300|||||||&#8221; link_font=&#8221;Poppins|500|||||||&#8221; link_text_color=&#8221;#ffffff&#8221; text_orientation=&#8221;center&#8221; custom_padding=&#8221;9px|||||&#8221; global_colors_info=&#8221;{}&#8221; link_text_color__hover_enabled=&#8221;on|desktop&#8221; link_text_color__hover=&#8221;#32c5f4&#8243;]<\/p>\n<p><a href=\"tel:46735201924\">+46 73 520 19 24<\/a><\/p>\n<p><a href=\"mailto:Mats.Fahlander@proandpro.se\">Tomas.Borlin@proandpro.se<\/a><\/p>\n<p>[\/et_pb_text][\/et_pb_column][et_pb_column type=&#8221;1_3&#8243; _builder_version=&#8221;4.17.4&#8243; _module_preset=&#8221;default&#8221; background_color=&#8221;#3e3e3e&#8221; transform_translate_linked=&#8221;off&#8221; custom_padding=&#8221;0px|0px|40px|0px|false|true&#8221; border_color_all=&#8221;#32c5f4&#8243; global_colors_info=&#8221;{}&#8221; box_shadow_blur__hover_enabled=&#8221;on|hover&#8221; box_shadow_blur__hover=&#8221;50px&#8221; transform_styles__hover_enabled=&#8221;on|hover&#8221; transform_scale__hover_enabled=&#8221;on|desktop&#8221; transform_translate__hover=&#8221;0px|-10px&#8221; transform_translate__hover_enabled=&#8221;on|hover&#8221; transform_rotate__hover_enabled=&#8221;on|desktop&#8221; transform_skew__hover_enabled=&#8221;on|desktop&#8221; transform_origin__hover_enabled=&#8221;on|desktop&#8221;][et_pb_image src=&#8221;https:\/\/media.proandpro.se\/2023\/02\/Profil_2-Thomas-530&#215;530-1.jpg&#8221; title_text=&#8221;Profil_2 Thomas 530&#215;530&#8243; align=&#8221;center&#8221; _builder_version=&#8221;4.21.0&#8243; _module_preset=&#8221;default&#8221; border_radii=&#8221;on|0%|0%|0%|0%&#8221; border_color_all=&#8221;#32c5f4&#8243; locked=&#8221;off&#8221; global_colors_info=&#8221;{}&#8221; filter_saturate__hover_enabled=&#8221;off|desktop&#8221; filter_saturate__hover=&#8221;100%&#8221;][\/et_pb_image][et_pb_text _builder_version=&#8221;4.17.6&#8243; _module_preset=&#8221;default&#8221; text_font=&#8221;Poppins|300|||||||&#8221; text_text_color=&#8221;#FFFFFF&#8221; text_font_size=&#8221;12px&#8221; link_font=&#8221;Poppins||||||||&#8221; link_text_color=&#8221;#32c5f4&#8243; header_3_font=&#8221;Poppins||||||||&#8221; header_3_text_color=&#8221;#FFFFFF&#8221; header_4_font=&#8221;Poppins||||||||&#8221; header_4_text_color=&#8221;#32c5f4&#8243; header_4_font_size=&#8221;14px&#8221; text_orientation=&#8221;center&#8221; custom_margin=&#8221;|30px||30px|false|true&#8221; global_colors_info=&#8221;{}&#8221;]<\/p>\n<h3>Thomas Janson<\/h3>\n<h4>Managementkonsult<\/h4>\n<p>Thomas har \u00e4r en positiv relationsbyggare med h\u00f6gt engagemang som drivs av att se hur delar bygger helhet p\u00e5 strategisk s\u00e5v\u00e4l som operativ niv\u00e5. Han tar sig an komplexa fr\u00e5gest\u00e4llningar och utmanar invanda m\u00f6nster f\u00f6r att bygga vidare till n\u00e4sta steg\u00a0 \u00a0.<\/p>\n<p>[\/et_pb_text][et_pb_divider color=&#8221;#32c5f4&#8243; _builder_version=&#8221;4.17.4&#8243; _module_preset=&#8221;default&#8221; custom_margin=&#8221;-9px||-9px||true|false&#8221; global_colors_info=&#8221;{}&#8221;][\/et_pb_divider][et_pb_text _builder_version=&#8221;4.24.3&#8243; _module_preset=&#8221;default&#8221; text_font=&#8221;Poppins|300|||||||&#8221; link_font=&#8221;Poppins|500|||||||&#8221; link_text_color=&#8221;#ffffff&#8221; text_orientation=&#8221;center&#8221; global_colors_info=&#8221;{}&#8221; link_text_color__hover_enabled=&#8221;on|desktop&#8221; link_text_color__hover=&#8221;#32c5f4&#8243;]<\/p>\n<p><a href=\"tel:46702697665\">+46 70 269 76 65<\/a><\/p>\n<p><a href=\"mailto:thomas.janson@proandpro.se\">thomas.janson@proandpro.se<\/a><\/p>\n<p>[\/et_pb_text][\/et_pb_column][et_pb_column type=&#8221;1_3&#8243; _builder_version=&#8221;4.17.4&#8243; _module_preset=&#8221;default&#8221; background_color=&#8221;#3e3e3e&#8221; transform_translate_linked=&#8221;off&#8221; custom_padding=&#8221;0px|0px|40px|0px|false|true&#8221; border_color_all=&#8221;#32c5f4&#8243; global_colors_info=&#8221;{}&#8221; box_shadow_blur__hover_enabled=&#8221;on|hover&#8221; box_shadow_blur__hover=&#8221;50px&#8221; transform_styles__hover_enabled=&#8221;on|hover&#8221; transform_scale__hover_enabled=&#8221;on|desktop&#8221; transform_translate__hover=&#8221;0px|-10px&#8221; transform_translate__hover_enabled=&#8221;on|hover&#8221; transform_rotate__hover_enabled=&#8221;on|desktop&#8221; transform_skew__hover_enabled=&#8221;on|desktop&#8221; transform_origin__hover_enabled=&#8221;on|desktop&#8221;][et_pb_image src=&#8221;https:\/\/media.proandpro.se\/2023\/01\/Sophie_profil-530&#215;530-1.jpg&#8221; title_text=&#8221;Sophie_profil 530&#215;530&#8243; align=&#8221;center&#8221; _builder_version=&#8221;4.17.6&#8243; _module_preset=&#8221;default&#8221; border_radii=&#8221;on|0%|0%|0%|0%&#8221; border_color_all=&#8221;#32c5f4&#8243; locked=&#8221;off&#8221; global_colors_info=&#8221;{}&#8221; filter_saturate__hover_enabled=&#8221;off|desktop&#8221; filter_saturate__hover=&#8221;100%&#8221;][\/et_pb_image][et_pb_text _builder_version=&#8221;4.24.3&#8243; _module_preset=&#8221;default&#8221; text_font=&#8221;Poppins|300|||||||&#8221; text_text_color=&#8221;#FFFFFF&#8221; text_font_size=&#8221;12px&#8221; link_font=&#8221;Poppins||||||||&#8221; link_text_color=&#8221;#32c5f4&#8243; header_3_font=&#8221;Poppins||||||||&#8221; header_3_text_color=&#8221;#FFFFFF&#8221; header_4_font=&#8221;Poppins||||||||&#8221; header_4_text_color=&#8221;#32c5f4&#8243; header_4_font_size=&#8221;14px&#8221; text_orientation=&#8221;center&#8221; custom_margin=&#8221;|30px||30px|false|true&#8221; global_colors_info=&#8221;{}&#8221;]<\/p>\n<h3>Sophie Brundin<\/h3>\n<h4>Senior Associate Managementkonsult<\/h4>\n<p>Sophie \u00e4r en v\u00e4ldigt driven person och motiveras av att n\u00e5 m\u00e5l tillsammans med sina medarbetare. Hon skapar resultat genom sin probleml\u00f6sningsf\u00f6rm\u00e5ga i samspel med positiva kommunikationsf\u00e4rdigheter.<\/p>\n<p>[\/et_pb_text][et_pb_divider color=&#8221;#32c5f4&#8243; _builder_version=&#8221;4.17.4&#8243; _module_preset=&#8221;default&#8221; custom_margin=&#8221;0px||0px||true|false&#8221; global_colors_info=&#8221;{}&#8221;][\/et_pb_divider][et_pb_text _builder_version=&#8221;4.24.3&#8243; _module_preset=&#8221;default&#8221; text_font=&#8221;Poppins|300|||||||&#8221; link_font=&#8221;Poppins|500|||||||&#8221; link_text_color=&#8221;#ffffff&#8221; text_orientation=&#8221;center&#8221; global_colors_info=&#8221;{}&#8221; link_text_color__hover_enabled=&#8221;on|desktop&#8221; link_text_color__hover=&#8221;#32c5f4&#8243;]<\/p>\n<p><a href=\"tel:46738335343\">+46 73 833 53 43<\/a><\/p>\n<p><a href=\"mailto:sophie.brundin@proandpro.se\">sophie.brundin@proandpro.se<\/a><\/p>\n<p>[\/et_pb_text][\/et_pb_column][\/et_pb_row][et_pb_row column_structure=&#8221;1_3,1_3,1_3&#8243; _builder_version=&#8221;4.17.4&#8243; _module_preset=&#8221;default&#8221; locked=&#8221;off&#8221; global_colors_info=&#8221;{}&#8221;][et_pb_column type=&#8221;1_3&#8243; _builder_version=&#8221;4.17.4&#8243; _module_preset=&#8221;default&#8221; background_color=&#8221;#3e3e3e&#8221; transform_translate_linked=&#8221;off&#8221; custom_padding=&#8221;0px|0px|40px|0px|false|true&#8221; border_color_all=&#8221;#32c5f4&#8243; global_colors_info=&#8221;{}&#8221; box_shadow_blur__hover_enabled=&#8221;on|hover&#8221; box_shadow_blur__hover=&#8221;50px&#8221; transform_styles__hover_enabled=&#8221;on|hover&#8221; transform_scale__hover_enabled=&#8221;on|desktop&#8221; transform_translate__hover=&#8221;0px|-10px&#8221; transform_translate__hover_enabled=&#8221;on|hover&#8221; transform_rotate__hover_enabled=&#8221;on|desktop&#8221; transform_skew__hover_enabled=&#8221;on|desktop&#8221; transform_origin__hover_enabled=&#8221;on|desktop&#8221;][et_pb_image src=&#8221;https:\/\/media.proandpro.se\/2022\/08\/Robert_profil.jpg&#8221; title_text=&#8221;Robert_profil&#8221; align=&#8221;center&#8221; _builder_version=&#8221;4.21.0&#8243; _module_preset=&#8221;default&#8221; border_radii=&#8221;on|0%|0%|0%|0%&#8221; border_color_all=&#8221;#32c5f4&#8243; locked=&#8221;off&#8221; global_colors_info=&#8221;{}&#8221; filter_saturate__hover_enabled=&#8221;off|desktop&#8221; filter_saturate__hover=&#8221;100%&#8221;][\/et_pb_image][et_pb_text _builder_version=&#8221;4.17.4&#8243; _module_preset=&#8221;default&#8221; text_font=&#8221;Poppins|300|||||||&#8221; text_text_color=&#8221;#FFFFFF&#8221; text_font_size=&#8221;12px&#8221; link_font=&#8221;Poppins||||||||&#8221; link_text_color=&#8221;#32c5f4&#8243; header_3_font=&#8221;Poppins||||||||&#8221; header_3_text_color=&#8221;#FFFFFF&#8221; header_4_font=&#8221;Poppins||||||||&#8221; header_4_text_color=&#8221;#32c5f4&#8243; header_4_font_size=&#8221;14px&#8221; text_orientation=&#8221;center&#8221; custom_margin=&#8221;|30px||30px|false|true&#8221; global_colors_info=&#8221;{}&#8221;]<\/p>\n<h3>Robert Tjernstr\u00f6m<\/h3>\n<h4>Managementkonsult<\/h4>\n<p><span>Robert \u00e4r en prestigel\u00f6s person som genom egen kunskap och lyh\u00f6rdhet bidrar till att hitta nya och innovativa l\u00f6sningar. Han har erfarenhet av att jobba i en f\u00f6r\u00e4nderlig f\u00f6retagsmilj\u00f6 d\u00e4r det g\u00e4ller skapa ett bra samarbetsklimat och f\u00e5 saker genomf\u00f6rda.<br \/><\/span><\/p>\n<p><span><\/span><\/p>\n<p><span><\/span><\/p>\n<p><span><\/span><\/p>\n<p><span><\/span><\/p>\n<p>[\/et_pb_text][et_pb_divider color=&#8221;#32c5f4&#8243; _builder_version=&#8221;4.17.4&#8243; _module_preset=&#8221;default&#8221; custom_margin=&#8221;0px||0px||true|false&#8221; global_colors_info=&#8221;{}&#8221;][\/et_pb_divider][et_pb_text _builder_version=&#8221;4.24.3&#8243; _module_preset=&#8221;default&#8221; text_font=&#8221;Poppins|300|||||||&#8221; link_font=&#8221;Poppins|500|||||||&#8221; link_text_color=&#8221;#ffffff&#8221; text_orientation=&#8221;center&#8221; global_colors_info=&#8221;{}&#8221; link_text_color__hover_enabled=&#8221;on|desktop&#8221; link_text_color__hover=&#8221;#32c5f4&#8243;]<\/p>\n<p><a href=\"tel:46705943888\">+46 70 594 38 88<\/a><\/p>\n<p><a href=\"mailto:Robert.Tjernstrom@proandpro.se\">Robert.Tjernstrom@proandpro.se<\/a><\/p>\n<p>[\/et_pb_text][\/et_pb_column][et_pb_column type=&#8221;1_3&#8243; _builder_version=&#8221;4.17.4&#8243; _module_preset=&#8221;default&#8221; background_color=&#8221;#3e3e3e&#8221; transform_translate_linked=&#8221;off&#8221; custom_padding=&#8221;0px|0px|40px|0px|false|true&#8221; border_color_all=&#8221;#32c5f4&#8243; global_colors_info=&#8221;{}&#8221; box_shadow_blur__hover_enabled=&#8221;on|hover&#8221; box_shadow_blur__hover=&#8221;50px&#8221; transform_styles__hover_enabled=&#8221;on|hover&#8221; transform_scale__hover_enabled=&#8221;on|desktop&#8221; transform_translate__hover=&#8221;0px|-10px&#8221; transform_translate__hover_enabled=&#8221;on|hover&#8221; transform_rotate__hover_enabled=&#8221;on|desktop&#8221; transform_skew__hover_enabled=&#8221;on|desktop&#8221; transform_origin__hover_enabled=&#8221;on|desktop&#8221;][et_pb_image src=&#8221;https:\/\/media.proandpro.se\/2025\/09\/Erik_profil-800&#215;800-1.jpg&#8221; title_text=&#8221;Erik_profil 800&#215;800&#8243; align=&#8221;center&#8221; disabled_on=&#8221;off|off|off&#8221; _builder_version=&#8221;4.27.4&#8243; _module_preset=&#8221;default&#8221; border_radii=&#8221;on|0%|0%|0%|0%&#8221; border_color_all=&#8221;#32c5f4&#8243; locked=&#8221;off&#8221; global_colors_info=&#8221;{}&#8221; filter_saturate__hover_enabled=&#8221;off|desktop&#8221; filter_saturate__hover=&#8221;100%&#8221;][\/et_pb_image][et_pb_text disabled_on=&#8221;off|off|off&#8221; _builder_version=&#8221;4.24.3&#8243; _module_preset=&#8221;default&#8221; text_font=&#8221;Poppins|300|||||||&#8221; text_text_color=&#8221;#FFFFFF&#8221; text_font_size=&#8221;12px&#8221; link_font=&#8221;Poppins||||||||&#8221; link_text_color=&#8221;#32c5f4&#8243; header_3_font=&#8221;Poppins||||||||&#8221; header_3_text_color=&#8221;#FFFFFF&#8221; header_4_font=&#8221;Poppins||||||||&#8221; header_4_text_color=&#8221;#32c5f4&#8243; header_4_font_size=&#8221;14px&#8221; text_orientation=&#8221;center&#8221; custom_margin=&#8221;|30px||30px|false|true&#8221; global_colors_info=&#8221;{}&#8221;]<\/p>\n<h3>Erik Mattsson<\/h3>\n<h4>Managementkonsult<\/h4>\n<p>Erik \u00e4r en lugn och n\u00e4rvarande kraft som skapar trygghet i f\u00f6r\u00e4ndring. Med ett strategiskt mindset och ett engagemang f\u00f6r m\u00e4nniskor driver han innovation och utveckling p\u00e5 ett h\u00e5llbart s\u00e4tt. Han trivs i komplexa milj\u00f6er och \u00e4r skicklig p\u00e5 att skapa struktur, riktning och gemensam f\u00f6rst\u00e5else \u2013 alltid med blicken f\u00e4st p\u00e5 det l\u00e5ngsiktiga m\u00e5let.<\/p>\n<p>[\/et_pb_text][et_pb_divider color=&#8221;#32c5f4&#8243; disabled_on=&#8221;off|off|off&#8221; _builder_version=&#8221;4.24.3&#8243; _module_preset=&#8221;default&#8221; custom_margin=&#8221;0px||0px||true|false&#8221; global_colors_info=&#8221;{}&#8221;][\/et_pb_divider][et_pb_text disabled_on=&#8221;off|off|off&#8221; _builder_version=&#8221;4.24.3&#8243; _module_preset=&#8221;default&#8221; text_font=&#8221;Poppins|300|||||||&#8221; link_font=&#8221;Poppins|500|||||||&#8221; link_text_color=&#8221;#ffffff&#8221; text_orientation=&#8221;center&#8221; global_colors_info=&#8221;{}&#8221; link_text_color__hover_enabled=&#8221;on|desktop&#8221; link_text_color__hover=&#8221;#32c5f4&#8243;]<\/p>\n<p><a href=\"tel:+46700238267\">+46 70\u00a0023 82 67<\/a><\/p>\n<p><a href=\"mailto:Erik.Mattsson@proandpro.se\">Erik.Mattsson@proandpro.se<\/a><\/p>\n<p>[\/et_pb_text][\/et_pb_column][et_pb_column type=&#8221;1_3&#8243; _builder_version=&#8221;4.17.4&#8243; _module_preset=&#8221;default&#8221; background_color=&#8221;#3e3e3e&#8221; transform_translate_linked=&#8221;off&#8221; custom_padding=&#8221;0px|0px|40px|0px|false|true&#8221; border_color_all=&#8221;#32c5f4&#8243; global_colors_info=&#8221;{}&#8221; box_shadow_blur__hover_enabled=&#8221;on|hover&#8221; box_shadow_blur__hover=&#8221;50px&#8221; transform_styles__hover_enabled=&#8221;on|hover&#8221; transform_scale__hover_enabled=&#8221;on|desktop&#8221; transform_translate__hover=&#8221;0px|-10px&#8221; transform_translate__hover_enabled=&#8221;on|hover&#8221; transform_rotate__hover_enabled=&#8221;on|desktop&#8221; transform_skew__hover_enabled=&#8221;on|desktop&#8221; transform_origin__hover_enabled=&#8221;on|desktop&#8221;][et_pb_image src=&#8221;http:\/\/media.protopro.se\/2022\/06\/Markus_profil.jpg&#8221; title_text=&#8221;Markus_profil&#8221; align=&#8221;center&#8221; _builder_version=&#8221;4.17.4&#8243; _module_preset=&#8221;default&#8221; border_radii=&#8221;on|0%|0%|0%|0%&#8221; border_color_all=&#8221;#32c5f4&#8243; locked=&#8221;off&#8221; global_colors_info=&#8221;{}&#8221; filter_saturate__hover_enabled=&#8221;off|desktop&#8221; filter_saturate__hover=&#8221;100%&#8221;][\/et_pb_image][et_pb_text _builder_version=&#8221;4.17.6&#8243; _module_preset=&#8221;default&#8221; text_font=&#8221;Poppins|300|||||||&#8221; text_text_color=&#8221;#FFFFFF&#8221; text_font_size=&#8221;12px&#8221; link_font=&#8221;Poppins||||||||&#8221; link_text_color=&#8221;#32c5f4&#8243; header_3_font=&#8221;Poppins||||||||&#8221; header_3_text_color=&#8221;#FFFFFF&#8221; header_4_font=&#8221;Poppins||||||||&#8221; header_4_text_color=&#8221;#32c5f4&#8243; header_4_font_size=&#8221;14px&#8221; text_orientation=&#8221;center&#8221; custom_margin=&#8221;|30px|5px|30px|false|true&#8221; global_colors_info=&#8221;{}&#8221;]<\/p>\n<h3>Markus Marklund<\/h3>\n<h4>Managementkonsult<\/h4>\n<p><span>Markus \u00e4r ambiti\u00f6s och stimuleras av att strukturera upp och l\u00f6sa komplexa uppgifter. Han har ett l\u00f6sningsorienterat f\u00f6rh\u00e5llningss\u00e4tt, god kommunikativ f\u00f6rm\u00e5ga och skapar en positiv st\u00e4mning i arbetsgrupper.<\/span><\/p>\n<p><span><\/span><\/p>\n<p><span><\/span><\/p>\n<p><span><\/span><\/p>\n<p><span><\/span><\/p>\n<p><span><\/span><\/p>\n<p><span><\/span><\/p>\n<p><span><\/span><\/p>\n<p><span><\/span><\/p>\n<p>[\/et_pb_text][et_pb_divider color=&#8221;#32c5f4&#8243; _builder_version=&#8221;4.17.4&#8243; _module_preset=&#8221;default&#8221; custom_margin=&#8221;0px||0px||true|false&#8221; global_colors_info=&#8221;{}&#8221;][\/et_pb_divider][et_pb_text _builder_version=&#8221;4.24.3&#8243; _module_preset=&#8221;default&#8221; text_font=&#8221;Poppins|300|||||||&#8221; link_font=&#8221;Poppins|500|||||||&#8221; link_text_color=&#8221;#ffffff&#8221; text_orientation=&#8221;center&#8221; global_colors_info=&#8221;{}&#8221; link_text_color__hover_enabled=&#8221;on|desktop&#8221; link_text_color__hover=&#8221;#32c5f4&#8243;]<\/p>\n<p><a href=\"tel:46705515730\">\u00a0+46 70 551 57 30<\/a><\/p>\n<p><a href=\"mailto:Markus.Marklund@proandpro.se\">Markus.Marklund@proandpro.se<\/a><\/p>\n<p>[\/et_pb_text][\/et_pb_column][\/et_pb_row][et_pb_row column_structure=&#8221;1_3,1_3,1_3&#8243; _builder_version=&#8221;4.17.4&#8243; _module_preset=&#8221;default&#8221; locked=&#8221;off&#8221; global_colors_info=&#8221;{}&#8221;][et_pb_column type=&#8221;1_3&#8243; _builder_version=&#8221;4.17.4&#8243; _module_preset=&#8221;default&#8221; background_color=&#8221;#3e3e3e&#8221; transform_translate_linked=&#8221;off&#8221; custom_padding=&#8221;0px|0px|40px|0px|false|true&#8221; border_color_all=&#8221;#32c5f4&#8243; global_colors_info=&#8221;{}&#8221; box_shadow_blur__hover_enabled=&#8221;on|hover&#8221; box_shadow_blur__hover=&#8221;50px&#8221; transform_styles__hover_enabled=&#8221;on|hover&#8221; transform_scale__hover_enabled=&#8221;on|desktop&#8221; transform_translate__hover=&#8221;0px|-10px&#8221; transform_translate__hover_enabled=&#8221;on|hover&#8221; transform_rotate__hover_enabled=&#8221;on|desktop&#8221; transform_skew__hover_enabled=&#8221;on|desktop&#8221; transform_origin__hover_enabled=&#8221;on|desktop&#8221;][et_pb_image src=&#8221;http:\/\/media.protopro.se\/2022\/06\/Daniel_profil.jpg&#8221; title_text=&#8221;Daniel_profil&#8221; align=&#8221;center&#8221; _builder_version=&#8221;4.17.4&#8243; _module_preset=&#8221;default&#8221; border_radii=&#8221;on|0%|0%|0%|0%&#8221; border_color_all=&#8221;#32c5f4&#8243; locked=&#8221;off&#8221; global_colors_info=&#8221;{}&#8221; filter_saturate__hover_enabled=&#8221;off|desktop&#8221; filter_saturate__hover=&#8221;100%&#8221;][\/et_pb_image][et_pb_text _builder_version=&#8221;4.24.3&#8243; _module_preset=&#8221;default&#8221; text_font=&#8221;Poppins|300|||||||&#8221; text_text_color=&#8221;#FFFFFF&#8221; text_font_size=&#8221;12px&#8221; link_font=&#8221;Poppins||||||||&#8221; link_text_color=&#8221;#32c5f4&#8243; header_3_font=&#8221;Poppins||||||||&#8221; header_3_text_color=&#8221;#FFFFFF&#8221; header_4_font=&#8221;Poppins||||||||&#8221; header_4_text_color=&#8221;#32c5f4&#8243; header_4_font_size=&#8221;14px&#8221; text_orientation=&#8221;center&#8221; custom_margin=&#8221;|30px||30px|false|true&#8221; global_colors_info=&#8221;{}&#8221;]<\/p>\n<h3>Daniel Adelander<\/h3>\n<h4>Managementkonsult<\/h4>\n<p>Daniel \u00e4r en kreativ, analytisk och motiverad person som gillar att utmana sig sj\u00e4lv och finna l\u00f6sningar i alla situationer. Med sin positiva inst\u00e4llning, nyfikenhet och entusiasm bidrar han till en rolig och involverande arbetsmilj\u00f6.<\/p>\n<p>[\/et_pb_text][et_pb_divider color=&#8221;#32c5f4&#8243; _builder_version=&#8221;4.17.4&#8243; _module_preset=&#8221;default&#8221; custom_margin=&#8221;0px||0px||true|false&#8221; global_colors_info=&#8221;{}&#8221;][\/et_pb_divider][et_pb_text _builder_version=&#8221;4.24.3&#8243; _module_preset=&#8221;default&#8221; text_font=&#8221;Poppins|300|||||||&#8221; link_font=&#8221;Poppins|500|||||||&#8221; link_text_color=&#8221;#ffffff&#8221; text_orientation=&#8221;center&#8221; global_colors_info=&#8221;{}&#8221; link_text_color__hover_enabled=&#8221;on|desktop&#8221; link_text_color__hover=&#8221;#32c5f4&#8243;]<\/p>\n<p><a href=\"tel:46739872181\">+46 73 987 21 81<\/a><\/p>\n<p><a href=\"mailto:Daniel.Adelander@proandpro.se\">Daniel.Adelander@proandpro.se<\/a><\/p>\n<p>[\/et_pb_text][\/et_pb_column][et_pb_column type=&#8221;1_3&#8243; _builder_version=&#8221;4.17.4&#8243; _module_preset=&#8221;default&#8221; background_color=&#8221;#3e3e3e&#8221; transform_translate_linked=&#8221;off&#8221; custom_padding=&#8221;0px|0px|40px|0px|false|true&#8221; border_color_all=&#8221;#32c5f4&#8243; global_colors_info=&#8221;{}&#8221; box_shadow_blur__hover_enabled=&#8221;on|hover&#8221; box_shadow_blur__hover=&#8221;50px&#8221; transform_styles__hover_enabled=&#8221;on|hover&#8221; transform_scale__hover_enabled=&#8221;on|desktop&#8221; transform_translate__hover=&#8221;0px|-10px&#8221; transform_translate__hover_enabled=&#8221;on|hover&#8221; transform_rotate__hover_enabled=&#8221;on|desktop&#8221; transform_skew__hover_enabled=&#8221;on|desktop&#8221; transform_origin__hover_enabled=&#8221;on|desktop&#8221;][et_pb_image src=&#8221;http:\/\/media.protopro.se\/2022\/06\/Emil_profil.jpg&#8221; title_text=&#8221;Emil_profil&#8221; align=&#8221;center&#8221; _builder_version=&#8221;4.17.4&#8243; _module_preset=&#8221;default&#8221; border_radii=&#8221;on|0%|0%|0%|0%&#8221; border_color_all=&#8221;#32c5f4&#8243; locked=&#8221;off&#8221; global_colors_info=&#8221;{}&#8221; filter_saturate__hover_enabled=&#8221;off|desktop&#8221; filter_saturate__hover=&#8221;100%&#8221;][\/et_pb_image][et_pb_text _builder_version=&#8221;4.24.3&#8243; _module_preset=&#8221;default&#8221; text_font=&#8221;Poppins|300|||||||&#8221; text_text_color=&#8221;#FFFFFF&#8221; text_font_size=&#8221;12px&#8221; link_font=&#8221;Poppins||||||||&#8221; link_text_color=&#8221;#32c5f4&#8243; header_3_font=&#8221;Poppins||||||||&#8221; header_3_text_color=&#8221;#FFFFFF&#8221; header_4_font=&#8221;Poppins||||||||&#8221; header_4_text_color=&#8221;#32c5f4&#8243; header_4_font_size=&#8221;14px&#8221; text_orientation=&#8221;center&#8221; custom_margin=&#8221;|30px||30px|false|true&#8221; global_colors_info=&#8221;{}&#8221;]<\/p>\n<h3>Emil Milles<\/h3>\n<h4>Managementkonsult<\/h4>\n<p>Emil Milles \u00e4r civilingenj\u00f6r fr\u00e5n Link\u00f6pings Universitet, Industriell ekonomi. Med ett leende n\u00e4ra till hands bidrar Emil en kreativ, varm, stabil och positiv milj\u00f6 som ger f\u00f6ruts\u00e4ttningar f\u00f6r att fokuserat och uth\u00e5lligt skapa resultat och nytta.<\/p>\n<p>[\/et_pb_text][et_pb_divider color=&#8221;#32c5f4&#8243; _builder_version=&#8221;4.17.4&#8243; _module_preset=&#8221;default&#8221; custom_margin=&#8221;0px||0px||true|false&#8221; global_colors_info=&#8221;{}&#8221;][\/et_pb_divider][et_pb_text _builder_version=&#8221;4.24.3&#8243; _module_preset=&#8221;default&#8221; text_font=&#8221;Poppins|300|||||||&#8221; link_font=&#8221;Poppins|500|||||||&#8221; link_text_color=&#8221;#ffffff&#8221; text_orientation=&#8221;center&#8221; global_colors_info=&#8221;{}&#8221; link_text_color__hover_enabled=&#8221;on|desktop&#8221; link_text_color__hover=&#8221;#32c5f4&#8243;]<\/p>\n<p><a href=\"tel:46706403334\"><span>+46 70 640 33 34<\/span><\/a><\/p>\n<p><a href=\"mailto:Emil.Lindgren@proandpro.se\"><span>Emil.Milles@proandpro.se<\/span><\/a><\/p>\n<p>[\/et_pb_text][\/et_pb_column][et_pb_column type=&#8221;1_3&#8243; _builder_version=&#8221;4.17.4&#8243; _module_preset=&#8221;default&#8221; background_color=&#8221;#3e3e3e&#8221; transform_translate_linked=&#8221;off&#8221; custom_padding=&#8221;0px|0px|40px|0px|false|true&#8221; border_color_all=&#8221;#32c5f4&#8243; global_colors_info=&#8221;{}&#8221; box_shadow_blur__hover_enabled=&#8221;on|hover&#8221; box_shadow_blur__hover=&#8221;50px&#8221; transform_styles__hover_enabled=&#8221;on|hover&#8221; transform_scale__hover_enabled=&#8221;on|desktop&#8221; transform_translate__hover=&#8221;0px|-10px&#8221; transform_translate__hover_enabled=&#8221;on|hover&#8221; transform_rotate__hover_enabled=&#8221;on|desktop&#8221; transform_skew__hover_enabled=&#8221;on|desktop&#8221; transform_origin__hover_enabled=&#8221;on|desktop&#8221;][et_pb_image src=&#8221;https:\/\/media.proandpro.se\/2023\/03\/aaa1.jpg&#8221; title_text=&#8221;aaa1&#8243; align=&#8221;center&#8221; _builder_version=&#8221;4.17.6&#8243; _module_preset=&#8221;default&#8221; border_radii=&#8221;on|0%|0%|0%|0%&#8221; border_color_all=&#8221;#32c5f4&#8243; locked=&#8221;off&#8221; global_colors_info=&#8221;{}&#8221; filter_saturate__hover_enabled=&#8221;off|desktop&#8221; filter_saturate__hover=&#8221;100%&#8221;][\/et_pb_image][et_pb_text _builder_version=&#8221;4.24.3&#8243; _module_preset=&#8221;default&#8221; text_font=&#8221;Poppins|300|||||||&#8221; text_text_color=&#8221;#FFFFFF&#8221; text_font_size=&#8221;12px&#8221; link_font=&#8221;Poppins||||||||&#8221; link_text_color=&#8221;#32c5f4&#8243; header_3_font=&#8221;Poppins||||||||&#8221; header_3_text_color=&#8221;#FFFFFF&#8221; header_4_font=&#8221;Poppins||||||||&#8221; header_4_text_color=&#8221;#32c5f4&#8243; header_4_font_size=&#8221;14px&#8221; text_orientation=&#8221;center&#8221; custom_margin=&#8221;|30px|6px|30px|false|true&#8221; global_colors_info=&#8221;{}&#8221;]<\/p>\n<h3>Teodor Wickman<\/h3>\n<h4>Managementkonsult<\/h4>\n<p>Teodor \u00e4r ambiti\u00f6s och motiveras av att l\u00e4ra sig nya saker varje dag samt utveckla andra till sin fulla potential. Han skapar resultat genom sin analytiska och kommunikativa f\u00f6rm\u00e5ga.<\/p>\n<p>&nbsp;<\/p>\n<p>[\/et_pb_text][et_pb_divider color=&#8221;#32c5f4&#8243; _builder_version=&#8221;4.17.4&#8243; _module_preset=&#8221;default&#8221; min_height=&#8221;2.8px&#8221; custom_margin=&#8221;0px||0px||true|false&#8221; custom_padding=&#8221;||14px|||&#8221; global_colors_info=&#8221;{}&#8221;][\/et_pb_divider][et_pb_text _builder_version=&#8221;4.24.3&#8243; _module_preset=&#8221;default&#8221; text_font=&#8221;Poppins|300|||||||&#8221; link_font=&#8221;Poppins|500|||||||&#8221; link_text_color=&#8221;#ffffff&#8221; text_orientation=&#8221;center&#8221; min_height=&#8221;69.6px&#8221; custom_margin=&#8221;||-23px|||&#8221; global_colors_info=&#8221;{}&#8221; link_text_color__hover_enabled=&#8221;on|desktop&#8221; link_text_color__hover=&#8221;#32c5f4&#8243;]<\/p>\n<p><a href=\"tel:46702268838\">+46 70 226 88 38<\/a><\/p>\n<p><a href=\"mailto:Teodor.Wickman@proandpro.se\">Teodor.Wickman@proandpro.se<\/a><\/p>\n<p>[\/et_pb_text][\/et_pb_column][\/et_pb_row][et_pb_row column_structure=&#8221;1_3,1_3,1_3&#8243; _builder_version=&#8221;4.27.4&#8243; _module_preset=&#8221;default&#8221; custom_padding=&#8221;||27px|||&#8221; locked=&#8221;off&#8221; global_colors_info=&#8221;{}&#8221;][et_pb_column type=&#8221;1_3&#8243; _builder_version=&#8221;4.27.4&#8243; _module_preset=&#8221;default&#8221; background_color=&#8221;#3e3e3e&#8221; transform_translate_linked=&#8221;off&#8221; custom_padding=&#8221;0px|0px|40px|0px|false|true&#8221; border_color_all=&#8221;#32c5f4&#8243; global_colors_info=&#8221;{}&#8221; box_shadow_blur__hover_enabled=&#8221;on|hover&#8221; box_shadow_blur__hover=&#8221;50px&#8221; transform_styles__hover_enabled=&#8221;on|hover&#8221; transform_scale__hover_enabled=&#8221;on|desktop&#8221; transform_translate__hover=&#8221;0px|-10px&#8221; transform_translate__hover_enabled=&#8221;on|hover&#8221; transform_rotate__hover_enabled=&#8221;on|desktop&#8221; transform_skew__hover_enabled=&#8221;on|desktop&#8221; transform_origin__hover_enabled=&#8221;on|desktop&#8221;][et_pb_image src=&#8221;https:\/\/media.proandpro.se\/2025\/02\/Henrik_profil_530.jpg&#8221; title_text=&#8221;Henrik_profil_530&#8243; align=&#8221;center&#8221; _builder_version=&#8221;4.24.3&#8243; _module_preset=&#8221;default&#8221; border_radii=&#8221;on|0%|0%|0%|0%&#8221; border_color_all=&#8221;#32c5f4&#8243; locked=&#8221;off&#8221; global_colors_info=&#8221;{}&#8221; filter_saturate__hover_enabled=&#8221;off|desktop&#8221; filter_saturate__hover=&#8221;100%&#8221;][\/et_pb_image][et_pb_text _builder_version=&#8221;4.24.3&#8243; _module_preset=&#8221;default&#8221; text_font=&#8221;Poppins|300|||||||&#8221; text_text_color=&#8221;#FFFFFF&#8221; text_font_size=&#8221;12px&#8221; link_font=&#8221;Poppins||||||||&#8221; link_text_color=&#8221;#32c5f4&#8243; header_3_font=&#8221;Poppins||||||||&#8221; header_3_text_color=&#8221;#FFFFFF&#8221; header_4_font=&#8221;Poppins||||||||&#8221; header_4_text_color=&#8221;#32c5f4&#8243; header_4_font_size=&#8221;14px&#8221; text_orientation=&#8221;center&#8221; custom_margin=&#8221;|30px||30px|false|true&#8221; global_colors_info=&#8221;{}&#8221;]<\/p>\n<h3>Henrik Domell\u00f6f<\/h3>\n<h4>Managementkonsult<\/h4>\n<p>Henrik drivs av att identifiera f\u00f6rb\u00e4ttringsm\u00f6jligheter och att med innovativa l\u00f6sningar skapa v\u00e4rde. Han trivs i utmanande roller d\u00e4r han f\u00e5r kombinera sin aff\u00e4rsm\u00e4ssiga f\u00f6rm\u00e5ga med ett l\u00f6sningsorienterat f\u00f6rh\u00e5llningss\u00e4tt.\u00a0<\/p>\n<p>[\/et_pb_text][et_pb_divider color=&#8221;#32c5f4&#8243; _builder_version=&#8221;4.24.3&#8243; _module_preset=&#8221;default&#8221; custom_margin=&#8221;0px||0px||true|false&#8221; global_colors_info=&#8221;{}&#8221;][\/et_pb_divider][et_pb_text _builder_version=&#8221;4.24.3&#8243; _module_preset=&#8221;default&#8221; text_font=&#8221;Poppins|300|||||||&#8221; link_font=&#8221;Poppins|500|||||||&#8221; link_text_color=&#8221;#ffffff&#8221; text_orientation=&#8221;center&#8221; global_colors_info=&#8221;{}&#8221; link_text_color__hover_enabled=&#8221;on|desktop&#8221; link_text_color__hover=&#8221;#32c5f4&#8243;]<\/p>\n<p><a href=\"tel:+46761182623\">+46 76 118 26 23<\/a><\/p>\n<p><a href=\"mailto:Henrik.Domellof@proandpro.se\">Henrik.Domellof@proandpro.se<\/a><\/p>\n<p>[\/et_pb_text][\/et_pb_column][et_pb_column type=&#8221;1_3&#8243; _builder_version=&#8221;4.17.4&#8243; _module_preset=&#8221;default&#8221; background_color=&#8221;#3e3e3e&#8221; transform_translate_linked=&#8221;off&#8221; custom_padding=&#8221;0px|0px|40px|0px|false|true&#8221; border_color_all=&#8221;#32c5f4&#8243; global_colors_info=&#8221;{}&#8221; box_shadow_blur__hover_enabled=&#8221;on|hover&#8221; box_shadow_blur__hover=&#8221;50px&#8221; transform_styles__hover_enabled=&#8221;on|hover&#8221; transform_scale__hover_enabled=&#8221;on|desktop&#8221; transform_translate__hover=&#8221;0px|-10px&#8221; transform_translate__hover_enabled=&#8221;on|hover&#8221; transform_rotate__hover_enabled=&#8221;on|desktop&#8221; transform_skew__hover_enabled=&#8221;on|desktop&#8221; transform_origin__hover_enabled=&#8221;on|desktop&#8221;][et_pb_image src=&#8221;https:\/\/media.proandpro.se\/2025\/09\/Petter_profil_800.jpg&#8221; title_text=&#8221;Petter_profil_800&#8243; align=&#8221;center&#8221; _builder_version=&#8221;4.27.4&#8243; _module_preset=&#8221;default&#8221; border_radii=&#8221;on|0%|0%|0%|0%&#8221; border_color_all=&#8221;#32c5f4&#8243; locked=&#8221;off&#8221; global_colors_info=&#8221;{}&#8221; filter_saturate__hover_enabled=&#8221;off|desktop&#8221; filter_saturate__hover=&#8221;100%&#8221;][\/et_pb_image][et_pb_text _builder_version=&#8221;4.27.4&#8243; _module_preset=&#8221;default&#8221; text_font=&#8221;Poppins|300|||||||&#8221; text_text_color=&#8221;#FFFFFF&#8221; text_font_size=&#8221;12px&#8221; link_font=&#8221;Poppins||||||||&#8221; link_text_color=&#8221;#32c5f4&#8243; header_3_font=&#8221;Poppins||||||||&#8221; header_3_text_color=&#8221;#FFFFFF&#8221; header_4_font=&#8221;Poppins||||||||&#8221; header_4_text_color=&#8221;#32c5f4&#8243; header_4_font_size=&#8221;14px&#8221; text_orientation=&#8221;center&#8221; custom_margin=&#8221;|30px|27px|30px|false|true&#8221; global_colors_info=&#8221;{}&#8221;]<\/p>\n<h3>Petter Aksnes<\/h3>\n<h4>Managementkonsult<\/h4>\n<p><span>Petter \u00e4r m\u00e5linriktad., analytisk och drivs av att utveckla verksamheter och m\u00e4nniskor. Han kombinerar strategiskt t\u00e4nkande med praktiskt genomf\u00f6rande f\u00f6r att skapa l\u00e5ngsiktiga resultat. Han bygger f\u00f6rtroende och skapar engagemang i teamet.\u00a0<\/span><\/p>\n<p><span><\/span><\/p>\n<p>[\/et_pb_text][et_pb_divider color=&#8221;#32c5f4&#8243; _builder_version=&#8221;4.17.4&#8243; _module_preset=&#8221;default&#8221; custom_margin=&#8221;-9px||-9px||true|false&#8221; global_colors_info=&#8221;{}&#8221;][\/et_pb_divider][et_pb_text _builder_version=&#8221;4.24.3&#8243; _module_preset=&#8221;default&#8221; text_font=&#8221;Poppins|300|||||||&#8221; link_font=&#8221;Poppins|500|||||||&#8221; link_text_color=&#8221;#ffffff&#8221; text_orientation=&#8221;center&#8221; custom_margin=&#8221;||-2px|||&#8221; custom_padding=&#8221;11px|||||&#8221; global_colors_info=&#8221;{}&#8221; link_text_color__hover_enabled=&#8221;on|desktop&#8221; link_text_color__hover=&#8221;#32c5f4&#8243;]<\/p>\n<p><a href=\"tel:46730423178\"><span>+46 70 629 78 05<\/span><\/a><\/p>\n<p><a href=\"mailto:Selina.Hedstrom@proandpro.se\"><span>Petter.Aksnes@proandpro.se<\/span><\/a><\/p>\n<p>[\/et_pb_text][\/et_pb_column][et_pb_column type=&#8221;1_3&#8243; _builder_version=&#8221;4.17.4&#8243; _module_preset=&#8221;default&#8221; background_color=&#8221;#3e3e3e&#8221; transform_translate_linked=&#8221;off&#8221; custom_padding=&#8221;0px|0px|40px|0px|false|true&#8221; border_color_all=&#8221;#32c5f4&#8243; global_colors_info=&#8221;{}&#8221; box_shadow_blur__hover_enabled=&#8221;on|hover&#8221; box_shadow_blur__hover=&#8221;50px&#8221; transform_styles__hover_enabled=&#8221;on|hover&#8221; transform_scale__hover_enabled=&#8221;on|desktop&#8221; transform_translate__hover=&#8221;0px|-10px&#8221; transform_translate__hover_enabled=&#8221;on|hover&#8221; transform_rotate__hover_enabled=&#8221;on|desktop&#8221; transform_skew__hover_enabled=&#8221;on|desktop&#8221; transform_origin__hover_enabled=&#8221;on|desktop&#8221;][et_pb_image src=&#8221;https:\/\/media.proandpro.se\/2025\/09\/Axel_profil-1200&#215;1200-1.jpg&#8221; title_text=&#8221;Axel_profil 1200&#215;1200&#8243; align=&#8221;center&#8221; _builder_version=&#8221;4.27.4&#8243; _module_preset=&#8221;default&#8221; border_radii=&#8221;on|0%|0%|0%|0%&#8221; border_color_all=&#8221;#32c5f4&#8243; locked=&#8221;off&#8221; global_colors_info=&#8221;{}&#8221; filter_saturate__hover_enabled=&#8221;off|desktop&#8221; filter_saturate__hover=&#8221;100%&#8221;][\/et_pb_image][et_pb_text _builder_version=&#8221;4.27.4&#8243; _module_preset=&#8221;default&#8221; text_font=&#8221;Poppins|300|||||||&#8221; text_text_color=&#8221;#FFFFFF&#8221; text_font_size=&#8221;12px&#8221; link_font=&#8221;Poppins||||||||&#8221; link_text_color=&#8221;#32c5f4&#8243; header_3_font=&#8221;Poppins||||||||&#8221; header_3_text_color=&#8221;#FFFFFF&#8221; header_4_font=&#8221;Poppins||||||||&#8221; header_4_text_color=&#8221;#32c5f4&#8243; header_4_font_size=&#8221;14px&#8221; text_orientation=&#8221;center&#8221; custom_margin=&#8221;|30px|27px|30px|false|true&#8221; global_colors_info=&#8221;{}&#8221;]<\/p>\n<h3>Axel Wikner<\/h3>\n<h4>Managementkonsult<\/h4>\n<p>Axel har en prestigel\u00f6s &#8221;go-getter&#8221;-attityd och god k\u00e4nsla f\u00f6r n\u00e4r ett problem kr\u00e4ver noggrann analys och n\u00e4r det kr\u00e4vs full fart fram\u00e5t. Han \u00e4r en lyh\u00f6rd kommunikat\u00f6r som anpassar sig efter kundens arbetss\u00e4tt, f\u00f6r att vara en effektiv samarbetspartner<\/p>\n<p>[\/et_pb_text][et_pb_divider color=&#8221;#32c5f4&#8243; _builder_version=&#8221;4.17.4&#8243; _module_preset=&#8221;default&#8221; custom_margin=&#8221;6px||6px||true|false&#8221; global_colors_info=&#8221;{}&#8221;][\/et_pb_divider][et_pb_text _builder_version=&#8221;4.27.4&#8243; _module_preset=&#8221;default&#8221; text_font=&#8221;Poppins|300|||||||&#8221; link_font=&#8221;Poppins|500|||||||&#8221; link_text_color=&#8221;#ffffff&#8221; text_orientation=&#8221;center&#8221; custom_margin=&#8221;||-3px|||&#8221; custom_padding=&#8221;0px||0px|||&#8221; global_colors_info=&#8221;{}&#8221; link_text_color__hover_enabled=&#8221;on|desktop&#8221; link_text_color__hover=&#8221;#32c5f4&#8243;]<\/p>\n<p><a href=\"tel:46702722903\">+46 70 272 29 03<\/a><\/p>\n<p><a href=\"mailto:axel.wikner@proandpro.se\">Axel.Wikner@proandpro.se<\/a><\/p>\n<p>[\/et_pb_text][\/et_pb_column][\/et_pb_row][et_pb_row column_structure=&#8221;1_3,1_3,1_3&#8243; _builder_version=&#8221;4.27.4&#8243; _module_preset=&#8221;default&#8221; custom_padding=&#8221;||27px|||&#8221; locked=&#8221;off&#8221; global_colors_info=&#8221;{}&#8221;][et_pb_column type=&#8221;1_3&#8243; _builder_version=&#8221;4.27.4&#8243; _module_preset=&#8221;default&#8221; background_color=&#8221;#3e3e3e&#8221; transform_translate_linked=&#8221;off&#8221; custom_padding=&#8221;0px|0px|40px|0px|false|true&#8221; border_color_all=&#8221;#32c5f4&#8243; global_colors_info=&#8221;{}&#8221; box_shadow_blur__hover_enabled=&#8221;on|hover&#8221; box_shadow_blur__hover=&#8221;50px&#8221; transform_styles__hover_enabled=&#8221;on|hover&#8221; transform_scale__hover_enabled=&#8221;on|desktop&#8221; transform_translate__hover=&#8221;0px|-10px&#8221; transform_translate__hover_enabled=&#8221;on|hover&#8221; transform_rotate__hover_enabled=&#8221;on|desktop&#8221; transform_skew__hover_enabled=&#8221;on|desktop&#8221; transform_origin__hover_enabled=&#8221;on|desktop&#8221;][et_pb_image src=&#8221;http:\/\/media.protopro.se\/2022\/06\/Mats_profil.jpg&#8221; title_text=&#8221;Mats_profil&#8221; align=&#8221;center&#8221; _builder_version=&#8221;4.17.4&#8243; _module_preset=&#8221;default&#8221; border_radii=&#8221;on|0%|0%|0%|0%&#8221; border_color_all=&#8221;#32c5f4&#8243; locked=&#8221;off&#8221; global_colors_info=&#8221;{}&#8221; filter_saturate__hover_enabled=&#8221;off|desktop&#8221; filter_saturate__hover=&#8221;100%&#8221;][\/et_pb_image][et_pb_text _builder_version=&#8221;4.24.3&#8243; _module_preset=&#8221;default&#8221; text_font=&#8221;Poppins|300|||||||&#8221; text_text_color=&#8221;#FFFFFF&#8221; text_font_size=&#8221;12px&#8221; link_font=&#8221;Poppins||||||||&#8221; link_text_color=&#8221;#32c5f4&#8243; header_3_font=&#8221;Poppins||||||||&#8221; header_3_text_color=&#8221;#FFFFFF&#8221; header_4_font=&#8221;Poppins||||||||&#8221; header_4_text_color=&#8221;#32c5f4&#8243; header_4_font_size=&#8221;14px&#8221; text_orientation=&#8221;center&#8221; custom_margin=&#8221;|30px||30px|false|true&#8221; global_colors_info=&#8221;{}&#8221;]<\/p>\n<h3>Mats Fahlander<\/h3>\n<h4>Managementkonsult<\/h4>\n<p>Mats har ett stort intresse av att skapa merv\u00e4rde i samarbete med andra och \u00e4r en erfaren ledare som trivs att arbeta med organisationsutveckling och projekt p\u00e5 ett strukturerat s\u00e4tt. Han har en positiv syn p\u00e5 m\u00e4nniskor och deras f\u00f6rm\u00e5ga att bidra till utveckling.<\/p>\n<p>[\/et_pb_text][et_pb_divider color=&#8221;#32c5f4&#8243; _builder_version=&#8221;4.17.4&#8243; _module_preset=&#8221;default&#8221; custom_margin=&#8221;-4px||-4px||true|false&#8221; global_colors_info=&#8221;{}&#8221;][\/et_pb_divider][et_pb_text _builder_version=&#8221;4.24.3&#8243; _module_preset=&#8221;default&#8221; text_font=&#8221;Poppins|300|||||||&#8221; link_font=&#8221;Poppins|500|||||||&#8221; link_text_color=&#8221;#ffffff&#8221; text_orientation=&#8221;center&#8221; custom_padding=&#8221;9px|||||&#8221; global_colors_info=&#8221;{}&#8221; link_text_color__hover_enabled=&#8221;on|desktop&#8221; link_text_color__hover=&#8221;#32c5f4&#8243;]<\/p>\n<p><a href=\"tel:46706060741\">+46 70 606 07 41<\/a><\/p>\n<p><a href=\"mailto:Mats.Fahlander@proandpro.se\">Mats.Fahlander@proandpro.se<\/a><\/p>\n<p>[\/et_pb_text][\/et_pb_column][et_pb_column type=&#8221;1_3&#8243; _builder_version=&#8221;4.17.4&#8243; _module_preset=&#8221;default&#8221; background_color=&#8221;#3e3e3e&#8221; transform_translate_linked=&#8221;off&#8221; custom_padding=&#8221;0px|0px|40px|0px|false|true&#8221; border_color_all=&#8221;#32c5f4&#8243; global_colors_info=&#8221;{}&#8221; box_shadow_blur__hover_enabled=&#8221;on|hover&#8221; box_shadow_blur__hover=&#8221;50px&#8221; transform_styles__hover_enabled=&#8221;on|hover&#8221; transform_scale__hover_enabled=&#8221;on|desktop&#8221; transform_translate__hover=&#8221;0px|-10px&#8221; transform_translate__hover_enabled=&#8221;on|hover&#8221; transform_rotate__hover_enabled=&#8221;on|desktop&#8221; transform_skew__hover_enabled=&#8221;on|desktop&#8221; transform_origin__hover_enabled=&#8221;on|desktop&#8221;][et_pb_image src=&#8221;http:\/\/media.protopro.se\/2022\/06\/Profil_Selina.jpg&#8221; title_text=&#8221;Profil_Selina&#8221; align=&#8221;center&#8221; _builder_version=&#8221;4.17.4&#8243; _module_preset=&#8221;default&#8221; border_radii=&#8221;on|0%|0%|0%|0%&#8221; border_color_all=&#8221;#32c5f4&#8243; locked=&#8221;off&#8221; global_colors_info=&#8221;{}&#8221; filter_saturate__hover_enabled=&#8221;off|desktop&#8221; filter_saturate__hover=&#8221;100%&#8221;][\/et_pb_image][et_pb_text _builder_version=&#8221;4.24.3&#8243; _module_preset=&#8221;default&#8221; text_font=&#8221;Poppins|300|||||||&#8221; text_text_color=&#8221;#FFFFFF&#8221; text_font_size=&#8221;12px&#8221; link_font=&#8221;Poppins||||||||&#8221; link_text_color=&#8221;#32c5f4&#8243; header_3_font=&#8221;Poppins||||||||&#8221; header_3_text_color=&#8221;#FFFFFF&#8221; header_4_font=&#8221;Poppins||||||||&#8221; header_4_text_color=&#8221;#32c5f4&#8243; header_4_font_size=&#8221;14px&#8221; text_orientation=&#8221;center&#8221; custom_margin=&#8221;|30px|27px|30px|false|true&#8221; global_colors_info=&#8221;{}&#8221;]<\/p>\n<h3>Selina Hedstr\u00f6m<\/h3>\n<h4>Ekonomi och kontorssupport<\/h4>\n<p><span>Selina \u00e4r en omt\u00e4nksam, lugn och noggrann person som gillar att lyssna och bidra till att andra trivs. Hon har ett positivt f\u00f6rh\u00e5llningss\u00e4tt, \u00e4r nyfiken p\u00e5 samh\u00e4lle och individ och skapar god st\u00e4mning i arbetsgruppen.<\/span><\/p>\n<p><span><\/span><\/p>\n<p>[\/et_pb_text][et_pb_divider color=&#8221;#32c5f4&#8243; _builder_version=&#8221;4.17.4&#8243; _module_preset=&#8221;default&#8221; custom_margin=&#8221;-9px||-9px||true|false&#8221; global_colors_info=&#8221;{}&#8221;][\/et_pb_divider][et_pb_text _builder_version=&#8221;4.24.3&#8243; _module_preset=&#8221;default&#8221; text_font=&#8221;Poppins|300|||||||&#8221; link_font=&#8221;Poppins|500|||||||&#8221; link_text_color=&#8221;#ffffff&#8221; text_orientation=&#8221;center&#8221; custom_margin=&#8221;||10px|||&#8221; global_colors_info=&#8221;{}&#8221; link_text_color__hover_enabled=&#8221;on|desktop&#8221; link_text_color__hover=&#8221;#32c5f4&#8243;]<\/p>\n<p><a href=\"tel:46730423178\"><span>+46 73 042 31 78<\/span><\/a><\/p>\n<p><a href=\"mailto:Selina.Hedstrom@proandpro.se\"><span>Selina.Hedstrom@proandpro.se<\/span><\/a><\/p>\n<p>[\/et_pb_text][\/et_pb_column][et_pb_column type=&#8221;1_3&#8243; _builder_version=&#8221;4.17.4&#8243; _module_preset=&#8221;default&#8221; background_color=&#8221;#3e3e3e&#8221; transform_translate_linked=&#8221;off&#8221; custom_padding=&#8221;0px|0px|40px|0px|false|true&#8221; border_color_all=&#8221;#32c5f4&#8243; global_colors_info=&#8221;{}&#8221; box_shadow_blur__hover_enabled=&#8221;on|hover&#8221; box_shadow_blur__hover=&#8221;50px&#8221; transform_styles__hover_enabled=&#8221;on|hover&#8221; transform_scale__hover_enabled=&#8221;on|desktop&#8221; transform_translate__hover=&#8221;0px|-10px&#8221; transform_translate__hover_enabled=&#8221;on|hover&#8221; transform_rotate__hover_enabled=&#8221;on|desktop&#8221; transform_skew__hover_enabled=&#8221;on|desktop&#8221; transform_origin__hover_enabled=&#8221;on|desktop&#8221;][et_pb_blurb title=&#8221;Vill du ocks\u00e5 synas h\u00e4r?&#8221; content_max_width=&#8221;100%&#8221; _builder_version=&#8221;4.27.6&#8243; _module_preset=&#8221;default&#8221; header_font=&#8221;Poppins||||||||&#8221; header_text_color=&#8221;#FFFFFF&#8221; header_font_size=&#8221;23px&#8221; body_font=&#8221;Poppins|300|||||||&#8221; body_font_size=&#8221;16px&#8221; body_link_font=&#8221;Poppins||||on|||#000000|&#8221; body_link_text_color=&#8221;#000000&#8243; custom_margin=&#8221;11px|||13px|false|false&#8221; custom_padding=&#8221;||0px|||&#8221; locked=&#8221;off&#8221; global_colors_info=&#8221;{}&#8221; body_link_text_color__hover=&#8221;#32c5f4&#8243; body_link_text_color__hover_enabled=&#8221;on|hover&#8221;][\/et_pb_blurb][et_pb_blurb content_max_width=&#8221;100%&#8221; _builder_version=&#8221;4.27.6&#8243; _module_preset=&#8221;default&#8221; body_font=&#8221;Poppins|300|||||||&#8221; body_text_color=&#8221;#FFFFFF&#8221; body_link_font=&#8221;Poppins||||on|||#32c5f4|&#8221; body_link_text_color=&#8221;#32c5f4&#8243; custom_margin=&#8221;10px|||10px|false|false&#8221; custom_padding=&#8221;||||false|false&#8221; locked=&#8221;off&#8221; global_colors_info=&#8221;{}&#8221; body_link_text_color__hover_enabled=&#8221;on|hover&#8221; body_link_text_color__hover=&#8221;#32c5f4&#8243;]<\/p>\n<p><span>Om du delar v\u00e5r ambition och v\u00e5ra v\u00e4rderingar\u00a0 och \u00e4r intresserad av att ta dig an nya utmaningar s\u00e5 kontakta oss g\u00e4rna f\u00f6r att f\u00f6ruts\u00e4ttningsl\u00f6st samtal.<\/span><\/p>\n<p><a href=\"https:\/\/proandpro.se\/karriar\/\">L\u00e4s mer om aktuella tj\u00e4nster och karri\u00e4rserbjudanden<\/a><\/p>\n<p><span><a href=\"https:\/\/proandpro.se\/karriar\/vem-vi-soker\/\">L\u00e4s mer om vem vi s\u00f6ker<\/a><\/span><\/p>\n<p><span><\/span><\/p>\n<h2><span style=\"color: #ffffff;\">Kontakta oss<\/span><\/h2>\n<p>[\/et_pb_blurb][et_pb_contact_form use_spam_service=&#8221;on&#8221; recaptcha_list=&#8221;Google reCAPTCHA|Google reCAPTCHA-0&#8243; email=&#8221;Tommy.Ytterstrom@proandpro.se, Markus.Marklund@proandpro.se&#8221; custom_message=&#8221;Meddelande via om oss-sidan (v\u00e5rt team) p\u00e5 hemsidan:||et_pb_line_break_holder||||et_pb_line_break_holder||Namn: %%Namn%%||et_pb_line_break_holder||E-post: %%E-post%%||et_pb_line_break_holder||Meddelande: %%Meddelande%%&#8221; success_message=&#8221;Tack f\u00f6r ditt meddelande. Vi f\u00f6rs\u00f6ker \u00e5terkomma s\u00e5 snabbt som m\u00f6jligt.&#8221; submit_button_text=&#8221;Skicka&#8221; _builder_version=&#8221;4.27.6&#8243; _module_preset=&#8221;default&#8221; _unique_id=&#8221;2eaac099-1661-43c1-88bd-56479cb8f583&#8243; form_field_background_color=&#8221;#FFFFFF&#8221; form_field_custom_margin=&#8221;-2.6%||||false|false&#8221; form_field_custom_padding=&#8221;||||false|false&#8221; title_level=&#8221;h3&#8243; title_font=&#8221;Poppins||||||||&#8221; title_text_color=&#8221;#FFFFFF&#8221; title_font_size=&#8221;20px&#8221; captcha_font=&#8221;Poppins|300|||||||&#8221; captcha_text_color=&#8221;#FFFFFF&#8221; captcha_font_size=&#8221;18px&#8221; form_field_font=&#8221;Poppins||||||||&#8221; form_field_font_size=&#8221;18px&#8221; background_color=&#8221;RGBA(255,255,255,0)&#8221; custom_button=&#8221;on&#8221; button_text_size=&#8221;20px&#8221; button_text_color=&#8221;#636363&#8243; button_bg_color=&#8221;#FFFFFF&#8221; button_border_width=&#8221;0px&#8221; button_font=&#8221;Poppins|300|||||||&#8221; button_use_icon=&#8221;off&#8221; button_custom_margin=&#8221;5%||||false|false&#8221; button_custom_padding=&#8221;||||false|false&#8221; text_orientation=&#8221;left&#8221; custom_margin=&#8221;10px|10px|10px|10px|true|false&#8221; custom_padding=&#8221;||||false|false&#8221; custom_css_contact_button=&#8221;text-align: center;&#8221; border_width_bottom=&#8221;1px&#8221; border_color_bottom=&#8221;rgba(12,113,195,0.4)&#8221; locked=&#8221;off&#8221; global_colors_info=&#8221;{}&#8221;][et_pb_contact_field field_id=&#8221;Namn&#8221; field_title=&#8221;Namn&#8221; fullwidth_field=&#8221;on&#8221; _builder_version=&#8221;4.17.4&#8243; _module_preset=&#8221;default&#8221; global_colors_info=&#8221;{}&#8221;][\/et_pb_contact_field][et_pb_contact_field field_id=&#8221;E-post&#8221; field_title=&#8221;E-post&#8221; field_type=&#8221;email&#8221; fullwidth_field=&#8221;on&#8221; _builder_version=&#8221;4.17.4&#8243; _module_preset=&#8221;default&#8221; global_colors_info=&#8221;{}&#8221;][\/et_pb_contact_field][et_pb_contact_field field_id=&#8221;Meddelande&#8221; field_title=&#8221;Meddelande&#8221; field_type=&#8221;text&#8221; fullwidth_field=&#8221;on&#8221; _builder_version=&#8221;4.17.4&#8243; _module_preset=&#8221;default&#8221; global_colors_info=&#8221;{}&#8221;][\/et_pb_contact_field][\/et_pb_contact_form][\/et_pb_column][\/et_pb_row][\/et_pb_section]<\/p>\n","protected":false},"excerpt":{"rendered":"<p>V\u00e5rt teamV\u00e5ra konsulter har l\u00e5ng erfarenhet av r\u00e5dgivning inom aff\u00e4rsutveckling, strategi, ledarskap eller verksamhetsutveckling.Tommy Ytterstr\u00f6m VD, Managementkonsult Tommy \u00e4r en engagerad, kreativ och nyt\u00e4nkande person som ser m\u00f6jligheter i alla situationer. Han har en f\u00f6rm\u00e5ga att entusiasmera och engagera m\u00e4nniskor i f\u00f6r\u00e4ndringsprocesser och har ett genuint intresse f\u00f6r medarbetarnas utveckling.+46 70 673 72 00 Tommy.Ytterstrom@proandpro.seMikael [&hellip;]<\/p>\n","protected":false},"author":13,"featured_media":0,"parent":8807,"menu_order":0,"comment_status":"closed","ping_status":"closed","template":"","meta":{"_et_pb_use_builder":"on","_et_pb_old_content":"","_et_gb_content_width":"","footnotes":""},"folder":[81],"class_list":["post-8810","page","type-page","status-publish","hentry"],"_links":{"self":[{"href":"http:\/\/proandpro.se\/en\/wp-json\/wp\/v2\/pages\/8810","targetHints":{"allow":["GET"]}}],"collection":[{"href":"http:\/\/proandpro.se\/en\/wp-json\/wp\/v2\/pages"}],"about":[{"href":"http:\/\/proandpro.se\/en\/wp-json\/wp\/v2\/types\/page"}],"author":[{"embeddable":true,"href":"http:\/\/proandpro.se\/en\/wp-json\/wp\/v2\/users\/13"}],"replies":[{"embeddable":true,"href":"http:\/\/proandpro.se\/en\/wp-json\/wp\/v2\/comments?post=8810"}],"version-history":[{"count":95,"href":"http:\/\/proandpro.se\/en\/wp-json\/wp\/v2\/pages\/8810\/revisions"}],"predecessor-version":[{"id":14423,"href":"http:\/\/proandpro.se\/en\/wp-json\/wp\/v2\/pages\/8810\/revisions\/14423"}],"up":[{"embeddable":true,"href":"http:\/\/proandpro.se\/en\/wp-json\/wp\/v2\/pages\/8807"}],"wp:attachment":[{"href":"http:\/\/proandpro.se\/en\/wp-json\/wp\/v2\/media?parent=8810"}],"wp:term":[{"taxonomy":"folder","embeddable":true,"href":"http:\/\/proandpro.se\/en\/wp-json\/wp\/v2\/folder?post=8810"}],"curies":[{"name":"wp","href":"https:\/\/api.w.org\/{rel}","templated":true}]}}